{"id":251,"date":"2024-11-05T13:40:14","date_gmt":"2024-11-05T13:40:14","guid":{"rendered":"https:\/\/cepas.ufc.br\/?page_id=251"},"modified":"2025-05-12T13:16:25","modified_gmt":"2025-05-12T13:16:25","slug":"avaliacao-de-impacto-das-secas","status":"publish","type":"page","link":"https:\/\/cepas.ufc.br\/en\/avaliacao-de-impacto-das-secas\/","title":{"rendered":"Avalia\u00e7\u00e3o de impacto das secas"},"content":{"rendered":"<div data-elementor-type=\"wp-page\" data-elementor-id=\"251\" class=\"elementor elementor-251\">\n\t\t\t\t\t\t<section class=\"elementor-section elementor-top-section elementor-element elementor-element-83197ad elementor-section-full_width elementor-section-height-default elementor-section-height-default wpr-particle-no wpr-jarallax-no wpr-parallax-no wpr-sticky-section-no wpr-equal-height-no\" data-id=\"83197ad\" data-element_type=\"section\" data-e-type=\"section\">\n\t\t\t\t\t\t<div class=\"elementor-container elementor-column-gap-default\">\n\t\t\t\t\t<div class=\"elementor-column elementor-col-100 elementor-top-column elementor-element elementor-element-27878213\" data-id=\"27878213\" data-element_type=\"column\" data-e-type=\"column\">\n\t\t\t<div class=\"elementor-widget-wrap elementor-element-populated\">\n\t\t\t\t\t\t<section class=\"elementor-section elementor-inner-section elementor-element elementor-element-40f139a9 elementor-section-boxed elementor-section-height-default elementor-section-height-default wpr-particle-no wpr-jarallax-no wpr-parallax-no wpr-sticky-section-no wpr-equal-height-no\" data-id=\"40f139a9\" data-element_type=\"section\" data-e-type=\"section\">\n\t\t\t\t\t\t<div class=\"elementor-container elementor-column-gap-default\">\n\t\t\t\t\t<div class=\"elementor-column elementor-col-100 elementor-inner-column elementor-element elementor-element-3ef348da\" data-id=\"3ef348da\" data-element_type=\"column\" data-e-type=\"column\">\n\t\t\t<div class=\"elementor-widget-wrap elementor-element-populated\">\n\t\t\t\t\t\t<div class=\"elementor-element elementor-element-7f10faf8 elementor-widget elementor-widget-image\" data-id=\"7f10faf8\" data-element_type=\"widget\" data-e-type=\"widget\" data-widget_type=\"image.default\">\n\t\t\t\t<div class=\"elementor-widget-container\">\n\t\t\t\t\t\t\t\t\t\t\t\t\t\t\t\t<a href=\"https:\/\/drive.google.com\/file\/d\/1Yp5D5arpzWySK1OQ9IwGIqEL1MNczokI\/view?usp=sharing\">\n\t\t\t\t\t\t\t<img fetchpriority=\"high\" decoding=\"async\" width=\"1920\" height=\"659\" src=\"https:\/\/i0.wp.com\/cepas.ufc.br\/wp-content\/uploads\/2024\/11\/Sem-Titulo-1.png?fit=1920%2C659&amp;ssl=1\" class=\"attachment-full size-full wp-image-620\" alt=\"\" srcset=\"https:\/\/i0.wp.com\/cepas.ufc.br\/wp-content\/uploads\/2024\/11\/Sem-Titulo-1.png?w=1920&amp;ssl=1 1920w, https:\/\/i0.wp.com\/cepas.ufc.br\/wp-content\/uploads\/2024\/11\/Sem-Titulo-1.png?resize=300%2C103&amp;ssl=1 300w, https:\/\/i0.wp.com\/cepas.ufc.br\/wp-content\/uploads\/2024\/11\/Sem-Titulo-1.png?resize=1024%2C351&amp;ssl=1 1024w, https:\/\/i0.wp.com\/cepas.ufc.br\/wp-content\/uploads\/2024\/11\/Sem-Titulo-1.png?resize=768%2C264&amp;ssl=1 768w, https:\/\/i0.wp.com\/cepas.ufc.br\/wp-content\/uploads\/2024\/11\/Sem-Titulo-1.png?resize=1536%2C527&amp;ssl=1 1536w, https:\/\/i0.wp.com\/cepas.ufc.br\/wp-content\/uploads\/2024\/11\/Sem-Titulo-1.png?w=1600&amp;ssl=1 1600w\" sizes=\"(max-width: 800px) 100vw, 800px\" \/>\t\t\t\t\t\t\t\t<\/a>\n\t\t\t\t\t\t\t\t\t\t\t\t\t\t\t<\/div>\n\t\t\t\t<\/div>\n\t\t\t\t\t<\/div>\n\t\t<\/div>\n\t\t\t\t\t<\/div>\n\t\t<\/section>\n\t\t\t\t\t<\/div>\n\t\t<\/div>\n\t\t\t\t\t<\/div>\n\t\t<\/section>\n\t\t\t\t<section class=\"elementor-section elementor-top-section elementor-element elementor-element-5eb5e808 elementor-section-full_width elementor-section-height-default elementor-section-height-default wpr-particle-no wpr-jarallax-no wpr-parallax-no wpr-sticky-section-no wpr-equal-height-no\" data-id=\"5eb5e808\" data-element_type=\"section\" data-e-type=\"section\">\n\t\t\t\t\t\t<div class=\"elementor-container elementor-column-gap-default\">\n\t\t\t\t\t<div class=\"elementor-column elementor-col-100 elementor-top-column elementor-element elementor-element-7df1a298\" data-id=\"7df1a298\" data-element_type=\"column\" data-e-type=\"column\">\n\t\t\t<div class=\"elementor-widget-wrap elementor-element-populated\">\n\t\t\t\t\t\t<section class=\"elementor-section elementor-inner-section elementor-element elementor-element-3abbc100 elementor-section-boxed elementor-section-height-default elementor-section-height-default wpr-particle-no wpr-jarallax-no wpr-parallax-no wpr-sticky-section-no wpr-equal-height-no\" data-id=\"3abbc100\" data-element_type=\"section\" data-e-type=\"section\">\n\t\t\t\t\t\t<div class=\"elementor-container elementor-column-gap-default\">\n\t\t\t\t\t<div class=\"elementor-column elementor-col-100 elementor-inner-column elementor-element elementor-element-c34451d\" data-id=\"c34451d\" data-element_type=\"column\" data-e-type=\"column\">\n\t\t\t<div class=\"elementor-widget-wrap elementor-element-populated\">\n\t\t\t\t\t\t<div class=\"elementor-element elementor-element-d5a7f66 elementor-widget elementor-widget-heading\" data-id=\"d5a7f66\" data-element_type=\"widget\" data-e-type=\"widget\" data-widget_type=\"heading.default\">\n\t\t\t\t<div class=\"elementor-widget-container\">\n\t\t\t\t\t<h2 class=\"elementor-heading-title elementor-size-default\">Impact of Droughts in Cear\u00e1: Help Tell This Story<\/h2>\t\t\t\t<\/div>\n\t\t\t\t<\/div>\n\t\t\t\t<div class=\"elementor-element elementor-element-0e20fc3 elementor-widget elementor-widget-heading\" data-id=\"0e20fc3\" data-element_type=\"widget\" data-e-type=\"widget\" data-widget_type=\"heading.default\">\n\t\t\t\t<div class=\"elementor-widget-container\">\n\t\t\t\t\t<h2 class=\"elementor-heading-title elementor-size-default translation-block\">The information collected through the forms below aims to identify and gather evidence on the impacts observed and experienced during drought events within water resource systems, addressing the following aspects:\n\n<br><br>\n(i) the impacts suffered during the drought;\n<br>\n(ii) how these impacts were felt across different uses of water;\n<br>\n(iii) the evaluation of the measures and actions implemented;\n<br>\n(iv) the conflicts observed throughout the drought period.\n<br><br>\n\nThe questions in this survey seek to gather information on the personal perception of drought impacts on the individual, family, and professional lives of the participants.\n\n<br><br>\nYour participation is of great importance, as it will help identify and assess the multifaceted impacts of droughts.<\/h2>\t\t\t\t<\/div>\n\t\t\t\t<\/div>\n\t\t<div class=\"elementor-element elementor-element-c5c39f9 e-flex e-con-boxed wpr-particle-no wpr-jarallax-no wpr-parallax-no wpr-sticky-section-no wpr-equal-height-no e-con e-parent\" data-id=\"c5c39f9\" data-element_type=\"container\" data-e-type=\"container\">\n\t\t\t\t\t<div class=\"e-con-inner\">\n\t\t\t\t<div class=\"elementor-element elementor-element-3b2e978 elementor-widget elementor-widget-heading\" data-id=\"3b2e978\" data-element_type=\"widget\" data-e-type=\"widget\" data-widget_type=\"heading.default\">\n\t\t\t\t<div class=\"elementor-widget-container\">\n\t\t\t\t\t<h2 class=\"elementor-heading-title elementor-size-default\"><a href=\"https:\/\/docs.google.com\/forms\/d\/e\/1FAIpQLSe90Hqv-OXg2cGusavH2N0O3KI4ujhWP896UvNzRdDoDSUMHg\/viewform\">Individual Perception<\/a><\/h2>\t\t\t\t<\/div>\n\t\t\t\t<\/div>\n\t\t\t\t<div class=\"elementor-element elementor-element-07c8d7f elementor-widget elementor-widget-heading\" data-id=\"07c8d7f\" data-element_type=\"widget\" data-e-type=\"widget\" data-widget_type=\"heading.default\">\n\t\t\t\t<div class=\"elementor-widget-container\">\n\t\t\t\t\t<h2 class=\"elementor-heading-title elementor-size-default\"><a href=\"https:\/\/docs.google.com\/forms\/d\/e\/1FAIpQLSebDdgi4t_W9J_zci2H_TaE57RmbE2D_AxEPvEdg99FMBEsgQ\/viewform\">Institutional Perception<\/a><\/h2>\t\t\t\t<\/div>\n\t\t\t\t<\/div>\n\t\t\t\t\t<\/div>\n\t\t\t\t<\/div>\n\t\t\t\t\t<\/div>\n\t\t<\/div>\n\t\t\t\t\t<\/div>\n\t\t<\/section>\n\t\t\t\t\t<\/div>\n\t\t<\/div>\n\t\t\t\t\t<\/div>\n\t\t<\/section>\n\t\t\t\t<section class=\"elementor-section elementor-top-section elementor-element elementor-element-34981d8 elementor-section-full_width elementor-section-height-default elementor-section-height-default wpr-particle-no wpr-jarallax-no wpr-parallax-no wpr-sticky-section-no wpr-equal-height-no\" data-id=\"34981d8\" data-element_type=\"section\" data-e-type=\"section\">\n\t\t\t\t\t\t<div class=\"elementor-container elementor-column-gap-default\">\n\t\t\t\t\t<div class=\"elementor-column elementor-col-100 elementor-top-column elementor-element elementor-element-7e18711\" data-id=\"7e18711\" data-element_type=\"column\" data-e-type=\"column\">\n\t\t\t<div class=\"elementor-widget-wrap elementor-element-populated\">\n\t\t\t\t\t\t<section class=\"elementor-section elementor-inner-section elementor-element elementor-element-dc0c732 elementor-section-boxed elementor-section-height-default elementor-section-height-default wpr-particle-no wpr-jarallax-no wpr-parallax-no wpr-sticky-section-no wpr-equal-height-no\" data-id=\"dc0c732\" data-element_type=\"section\" data-e-type=\"section\">\n\t\t\t\t\t\t<div class=\"elementor-container elementor-column-gap-default\">\n\t\t\t\t\t<div class=\"elementor-column elementor-col-100 elementor-inner-column elementor-element elementor-element-f41070a\" data-id=\"f41070a\" data-element_type=\"column\" data-e-type=\"column\">\n\t\t\t<div class=\"elementor-widget-wrap elementor-element-populated\">\n\t\t\t\t\t\t<div class=\"elementor-element elementor-element-1fe32c6 elementor-widget elementor-widget-heading\" data-id=\"1fe32c6\" data-element_type=\"widget\" data-e-type=\"widget\" data-widget_type=\"heading.default\">\n\t\t\t\t<div class=\"elementor-widget-container\">\n\t\t\t\t\t<h2 class=\"elementor-heading-title elementor-size-default translation-block\">THE IMPACT OF CLIMATIC PHENOMENA IN THE STATE OF CEAR\u00c1<\/h2>\t\t\t\t<\/div>\n\t\t\t\t<\/div>\n\t\t\t\t<div class=\"elementor-element elementor-element-3e0f9ba elementor-widget elementor-widget-heading\" data-id=\"3e0f9ba\" data-element_type=\"widget\" data-e-type=\"widget\" data-widget_type=\"heading.default\">\n\t\t\t\t<div class=\"elementor-widget-container\">\n\t\t\t\t\t<h2 class=\"elementor-heading-title elementor-size-default translation-block\">Located in the Northeast region of Brazil (NEB), the state of Cear\u00e1 is characterized by a semi-arid climate, marked by irregular rainfall and a high rate of evapotranspiration. In this region, the rainfall regime is influenced by the displacement of the Intertropical Convergence Zone (ITCZ) to the south, resulting in 70% of the total precipitation expected for the year, concentrated between the months of February and May. In Cear\u00e1, the average annual rainfall is approximately 858 mm. The highest values are recorded in the coastal zone, while the lowest values are found in the central area of the state, where the semi-arid landscape is more pronounced. The quality of the rainy season is also influenced by natural variations in sea surface temperature (SST) in both the Pacific Ocean (OP) and the Atlantic Ocean (OA) areas.\n<br><br>\nIrregular variations in sea surface temperature in the tropical Pacific Ocean during prolonged periods are indicative of El Ni\u00f1o (warming) and La Ni\u00f1a (cooling). This phenomenon is associated with years of either below-average or above-average rainfall in the Brazilian Northeast. The presence of a sea surface temperature gradient in the Tropical Atlantic Ocean, with warmer waters to the north (Positive Gradient - PG) or south (Negative Gradient - NG) of the basin, is related to either above or below average rainfall in the NEB. The figures represent the precipitation behavior over decades, along with the time series of the El Ni\u00f1o 3.4 phenomenon and the SST gradient in the Atlantic.<\/h2>\t\t\t\t<\/div>\n\t\t\t\t<\/div>\n\t\t\t\t\t<\/div>\n\t\t<\/div>\n\t\t\t\t\t<\/div>\n\t\t<\/section>\n\t\t\t\t\t<\/div>\n\t\t<\/div>\n\t\t\t\t\t<\/div>\n\t\t<\/section>\n\t\t\t\t<section class=\"elementor-section elementor-top-section elementor-element elementor-element-5c5b2b96 elementor-section-content-middle elementor-section-full_width elementor-section-height-default elementor-section-height-default wpr-particle-no wpr-jarallax-no wpr-parallax-no wpr-sticky-section-no wpr-equal-height-no elementor-invisible\" data-id=\"5c5b2b96\" data-element_type=\"section\" data-e-type=\"section\" id=\"timeline_section\" data-settings=\"{&quot;animation&quot;:&quot;fadeInUp&quot;}\">\n\t\t\t\t\t\t<div class=\"elementor-container elementor-column-gap-no\">\n\t\t\t\t\t<div class=\"elementor-column elementor-col-100 elementor-top-column elementor-element elementor-element-62e18963\" data-id=\"62e18963\" data-element_type=\"column\" data-e-type=\"column\" data-settings=\"{&quot;background_background&quot;:&quot;gradient&quot;}\">\n\t\t\t<div class=\"elementor-widget-wrap elementor-element-populated\">\n\t\t\t\t\t<div class=\"elementor-background-overlay\"><\/div>\n\t\t\t\t\t\t<section class=\"elementor-section elementor-inner-section elementor-element elementor-element-1ea7fb76 elementor-section-boxed elementor-section-height-default elementor-section-height-default wpr-particle-no wpr-jarallax-no wpr-parallax-no wpr-sticky-section-no wpr-equal-height-no\" data-id=\"1ea7fb76\" data-element_type=\"section\" data-e-type=\"section\">\n\t\t\t\t\t\t<div class=\"elementor-container elementor-column-gap-default\">\n\t\t\t\t\t<div class=\"elementor-column elementor-col-33 elementor-inner-column elementor-element elementor-element-610bca18\" data-id=\"610bca18\" data-element_type=\"column\" data-e-type=\"column\">\n\t\t\t<div class=\"elementor-widget-wrap elementor-element-populated\">\n\t\t\t\t\t\t<div class=\"elementor-element elementor-element-b1482a7 elementor-widget elementor-widget-heading\" data-id=\"b1482a7\" data-element_type=\"widget\" data-e-type=\"widget\" data-widget_type=\"heading.default\">\n\t\t\t\t<div class=\"elementor-widget-container\">\n\t\t\t\t\t<h3 class=\"elementor-heading-title elementor-size-default\">1950<\/h3>\t\t\t\t<\/div>\n\t\t\t\t<\/div>\n\t\t\t\t\t<\/div>\n\t\t<\/div>\n\t\t\t\t<div class=\"elementor-column elementor-col-66 elementor-inner-column elementor-element elementor-element-6215a874\" data-id=\"6215a874\" data-element_type=\"column\" data-e-type=\"column\">\n\t\t\t<div class=\"elementor-widget-wrap elementor-element-populated\">\n\t\t\t\t\t\t<div class=\"elementor-element elementor-element-310154a2 elementor-widget elementor-widget-text-editor\" data-id=\"310154a2\" data-element_type=\"widget\" data-e-type=\"widget\" data-widget_type=\"text-editor.default\">\n\t\t\t\t<div class=\"elementor-widget-container\">\n\t\t\t\t\t\t\t\t\t<p class=\"translation-block\">\u2013 Shift in emphasis on actions to deal with<br> droughts in the Northeast Region<br> \u2013 The focus on reservoirs is reduced and<br> the idea of economic and social planning for the Drought Polygon, which had been established in the 1930s, is incorporated<br> \u2013 Conference in 1950 at the S\u00e3o Paulo Engineering Institute<br> \u2013 The Cooperation Reservoir Program<br> emerges as a local interest work<br> \u201cvaluable to the drought combat plan,\u201d<br> but the type of reservoir built through this<br> \u201cprogram tends to create, in the dry land, the<br> class of water lords\u201d<\/p>\t\t\t\t\t\t\t\t<\/div>\n\t\t\t\t<\/div>\n\t\t\t\t\t<\/div>\n\t\t<\/div>\n\t\t\t\t\t<\/div>\n\t\t<\/section>\n\t\t\t\t<section class=\"elementor-section elementor-inner-section elementor-element elementor-element-61b7806 elementor-section-boxed elementor-section-height-default elementor-section-height-default wpr-particle-no wpr-jarallax-no wpr-parallax-no wpr-sticky-section-no wpr-equal-height-no\" data-id=\"61b7806\" data-element_type=\"section\" data-e-type=\"section\">\n\t\t\t\t\t\t<div class=\"elementor-container elementor-column-gap-default\">\n\t\t\t\t\t<div class=\"elementor-column elementor-col-33 elementor-inner-column elementor-element elementor-element-742d8c1\" data-id=\"742d8c1\" data-element_type=\"column\" data-e-type=\"column\">\n\t\t\t<div class=\"elementor-widget-wrap elementor-element-populated\">\n\t\t\t\t\t\t<div class=\"elementor-element elementor-element-2cf27e7 elementor-widget elementor-widget-heading\" data-id=\"2cf27e7\" data-element_type=\"widget\" data-e-type=\"widget\" data-widget_type=\"heading.default\">\n\t\t\t\t<div class=\"elementor-widget-container\">\n\t\t\t\t\t<h3 class=\"elementor-heading-title elementor-size-default\">1951-1953<\/h3>\t\t\t\t<\/div>\n\t\t\t\t<\/div>\n\t\t\t\t\t<\/div>\n\t\t<\/div>\n\t\t\t\t<div class=\"elementor-column elementor-col-66 elementor-inner-column elementor-element elementor-element-5750341\" data-id=\"5750341\" data-element_type=\"column\" data-e-type=\"column\">\n\t\t\t<div class=\"elementor-widget-wrap elementor-element-populated\">\n\t\t\t\t\t\t<div class=\"elementor-element elementor-element-ab0149a elementor-widget elementor-widget-text-editor\" data-id=\"ab0149a\" data-element_type=\"widget\" data-e-type=\"widget\" data-widget_type=\"text-editor.default\">\n\t\t\t\t<div class=\"elementor-widget-container\">\n\t\t\t\t\t\t\t\t\t<p class=\"translation-block\">\u2013 Creation of the BNB<br> \u2013 Drought accelerates the process of impoverishment<br> and exploitation of small farmers<br> \u2013 Works against the drought<br> \u2013 Policy of building reservoirs for living with drought<br> \u2013 Keep the Cear\u00e1 sertanejo in their land through the provision of work<br> \u2013 Construction and repairs of highways:<br> \u2013 Keep the Cear\u00e1 sertanejo in their land through the provision of work<br> \u2013 Distribution of foodstuffs (Brazilian Legion of Assistance)<br> \u2013 Intense emigration of the drought victims:<br> \u2013 Capital Route<br> \u2013 Works Route<\/p>\t\t\t\t\t\t\t\t<\/div>\n\t\t\t\t<\/div>\n\t\t\t\t\t<\/div>\n\t\t<\/div>\n\t\t\t\t\t<\/div>\n\t\t<\/section>\n\t\t\t\t<section class=\"elementor-section elementor-inner-section elementor-element elementor-element-c7df6cb elementor-section-boxed elementor-section-height-default elementor-section-height-default wpr-particle-no wpr-jarallax-no wpr-parallax-no wpr-sticky-section-no wpr-equal-height-no\" data-id=\"c7df6cb\" data-element_type=\"section\" data-e-type=\"section\">\n\t\t\t\t\t\t<div class=\"elementor-container elementor-column-gap-default\">\n\t\t\t\t\t<div class=\"elementor-column elementor-col-33 elementor-inner-column elementor-element elementor-element-0a9d65f\" data-id=\"0a9d65f\" data-element_type=\"column\" data-e-type=\"column\">\n\t\t\t<div class=\"elementor-widget-wrap elementor-element-populated\">\n\t\t\t\t\t\t<div class=\"elementor-element elementor-element-71e0a17 elementor-widget elementor-widget-heading\" data-id=\"71e0a17\" data-element_type=\"widget\" data-e-type=\"widget\" data-widget_type=\"heading.default\">\n\t\t\t\t<div class=\"elementor-widget-container\">\n\t\t\t\t\t<h3 class=\"elementor-heading-title elementor-size-default\">1958-1959<\/h3>\t\t\t\t<\/div>\n\t\t\t\t<\/div>\n\t\t\t\t\t<\/div>\n\t\t<\/div>\n\t\t\t\t<div class=\"elementor-column elementor-col-66 elementor-inner-column elementor-element elementor-element-1af688c\" data-id=\"1af688c\" data-element_type=\"column\" data-e-type=\"column\">\n\t\t\t<div class=\"elementor-widget-wrap elementor-element-populated\">\n\t\t\t\t\t\t<div class=\"elementor-element elementor-element-bfc3ffa elementor-widget__width-initial elementor-widget elementor-widget-text-editor\" data-id=\"bfc3ffa\" data-element_type=\"widget\" data-e-type=\"widget\" data-widget_type=\"text-editor.default\">\n\t\t\t\t<div class=\"elementor-widget-container\">\n\t\t\t\t\t\t\t\t\t<p class=\"translation-block\">\u2013 Humanitarian crisis and intense population displacement<br> \u2013 Estimated 10 million northeastern refugees<br> \u2013 Severity of the drought surpassing the capacity of the state's infrastructures, revealing the need for improvements and expansion<br> \u2013 Emergence of the term \"drought industry,\" coined by journalist Ant\u00f4nio Callado of Correio da Manh\u00e3<br> \u2013 Establishment of the Working Group for the Development of the Northeast (GTDN)<br> \u2013 Creation of the Northeast Development Council (CODENO) to promote regional development and seek \"solutions\" to the socio-economic inequalities of the Northeast, being a precursor to SUDENE<br> \u2013 Creation of SUDENE to formulate and implement public policies to solve regional disparities issues<br> \u2013 Assistance to society weakened by the drought<br> \u2013 Works against the drought<br> \u2013 Policy of building reservoirs for living with the drought<br> \u2013 Keep the Cear\u00e1 sertanejo in the rural areas through the provision of work<br> \u2013 Growth of large landowners<br> \u2013 Growth of economic, regional, and social inequalities<\/p>\t\t\t\t\t\t\t\t<\/div>\n\t\t\t\t<\/div>\n\t\t\t\t\t<\/div>\n\t\t<\/div>\n\t\t\t\t\t<\/div>\n\t\t<\/section>\n\t\t\t\t<section class=\"elementor-section elementor-inner-section elementor-element elementor-element-e2a1714 elementor-section-boxed elementor-section-height-default elementor-section-height-default wpr-particle-no wpr-jarallax-no wpr-parallax-no wpr-sticky-section-no wpr-equal-height-no\" data-id=\"e2a1714\" data-element_type=\"section\" data-e-type=\"section\">\n\t\t\t\t\t\t<div class=\"elementor-container elementor-column-gap-default\">\n\t\t\t\t\t<div class=\"elementor-column elementor-col-33 elementor-inner-column elementor-element elementor-element-4f0129b\" data-id=\"4f0129b\" data-element_type=\"column\" data-e-type=\"column\">\n\t\t\t<div class=\"elementor-widget-wrap elementor-element-populated\">\n\t\t\t\t\t\t<div class=\"elementor-element elementor-element-148d657 elementor-widget elementor-widget-heading\" data-id=\"148d657\" data-element_type=\"widget\" data-e-type=\"widget\" data-widget_type=\"heading.default\">\n\t\t\t\t<div class=\"elementor-widget-container\">\n\t\t\t\t\t<h3 class=\"elementor-heading-title elementor-size-default\">1960<\/h3>\t\t\t\t<\/div>\n\t\t\t\t<\/div>\n\t\t\t\t\t<\/div>\n\t\t<\/div>\n\t\t\t\t<div class=\"elementor-column elementor-col-66 elementor-inner-column elementor-element elementor-element-64063a7\" data-id=\"64063a7\" data-element_type=\"column\" data-e-type=\"column\">\n\t\t\t<div class=\"elementor-widget-wrap elementor-element-populated\">\n\t\t\t\t\t\t<div class=\"elementor-element elementor-element-5fe6445 elementor-widget__width-initial elementor-widget elementor-widget-text-editor\" data-id=\"5fe6445\" data-element_type=\"widget\" data-e-type=\"widget\" data-widget_type=\"text-editor.default\">\n\t\t\t\t<div class=\"elementor-widget-container\">\n\t\t\t\t\t\t\t\t\t<p class=\"translation-block\">\u2013 The era of \"economic solution\" emerges<br> \u2013 In the 1960s, the \"Alliance for Progress\" Commission arrives in Brazil<br> \u2013 The \"search\" for solutions to the region's issues would come from abroad, through missions, foreign financial contributions, and international technical assistance<\/p>\t\t\t\t\t\t\t\t<\/div>\n\t\t\t\t<\/div>\n\t\t\t\t\t<\/div>\n\t\t<\/div>\n\t\t\t\t\t<\/div>\n\t\t<\/section>\n\t\t\t\t<section class=\"elementor-section elementor-inner-section elementor-element elementor-element-88469f6 elementor-section-boxed elementor-section-height-default elementor-section-height-default wpr-particle-no wpr-jarallax-no wpr-parallax-no wpr-sticky-section-no wpr-equal-height-no\" data-id=\"88469f6\" data-element_type=\"section\" data-e-type=\"section\">\n\t\t\t\t\t\t<div class=\"elementor-container elementor-column-gap-default\">\n\t\t\t\t\t<div class=\"elementor-column elementor-col-33 elementor-inner-column elementor-element elementor-element-269a839\" data-id=\"269a839\" data-element_type=\"column\" data-e-type=\"column\">\n\t\t\t<div class=\"elementor-widget-wrap elementor-element-populated\">\n\t\t\t\t\t\t<div class=\"elementor-element elementor-element-e62f529 elementor-widget elementor-widget-heading\" data-id=\"e62f529\" data-element_type=\"widget\" data-e-type=\"widget\" data-widget_type=\"heading.default\">\n\t\t\t\t<div class=\"elementor-widget-container\">\n\t\t\t\t\t<h3 class=\"elementor-heading-title elementor-size-default\">1970<\/h3>\t\t\t\t<\/div>\n\t\t\t\t<\/div>\n\t\t\t\t\t<\/div>\n\t\t<\/div>\n\t\t\t\t<div class=\"elementor-column elementor-col-66 elementor-inner-column elementor-element elementor-element-1ffdd3b\" data-id=\"1ffdd3b\" data-element_type=\"column\" data-e-type=\"column\">\n\t\t\t<div class=\"elementor-widget-wrap elementor-element-populated\">\n\t\t\t\t\t\t<div class=\"elementor-element elementor-element-f6eacc1 elementor-widget__width-initial elementor-widget elementor-widget-text-editor\" data-id=\"f6eacc1\" data-element_type=\"widget\" data-e-type=\"widget\" data-widget_type=\"text-editor.default\">\n\t\t\t\t<div class=\"elementor-widget-container\">\n\t\t\t\t\t\t\t\t\t<p class=\"translation-block\">\u2013 Implementation of the \"a\u00e7udagem\" policy as a strategy<br> for society's adaptation<br> \u2013 Water storage capacity in the state tripled compared to the 1958 drought<br> \u2013 Emigration of drought victims persists<br> \u2013 Rebellions in search of food and work<br> \u2013 11% of the population of Cear\u00e1 emigrated from the state<br> \u2013 Population in the northeastern capitals almost tripled<br> \u2013 Population explosion: unemployment in rural areas, pauperism, and social exclusion of these migrants in the cities<br> \u2013 Despite a decade of actions and public policies, the people of Cear\u00e1 were still exposed to the drought<br> \u2013 Distribution of seeds, funds, use of water trucks, execution of works, and operational planning (SUDENE)<br> \u2013 The project did not yield definitive results that would neutralize the effects of the drought<\/p>\t\t\t\t\t\t\t\t<\/div>\n\t\t\t\t<\/div>\n\t\t\t\t\t<\/div>\n\t\t<\/div>\n\t\t\t\t\t<\/div>\n\t\t<\/section>\n\t\t\t\t<section class=\"elementor-section elementor-inner-section elementor-element elementor-element-9f188f2 elementor-section-boxed elementor-section-height-default elementor-section-height-default wpr-particle-no wpr-jarallax-no wpr-parallax-no wpr-sticky-section-no wpr-equal-height-no\" data-id=\"9f188f2\" data-element_type=\"section\" data-e-type=\"section\">\n\t\t\t\t\t\t<div class=\"elementor-container elementor-column-gap-default\">\n\t\t\t\t\t<div class=\"elementor-column elementor-col-33 elementor-inner-column elementor-element elementor-element-c80c6b5\" data-id=\"c80c6b5\" data-element_type=\"column\" data-e-type=\"column\">\n\t\t\t<div class=\"elementor-widget-wrap elementor-element-populated\">\n\t\t\t\t\t\t<div class=\"elementor-element elementor-element-6474606 elementor-widget elementor-widget-heading\" data-id=\"6474606\" data-element_type=\"widget\" data-e-type=\"widget\" data-widget_type=\"heading.default\">\n\t\t\t\t<div class=\"elementor-widget-container\">\n\t\t\t\t\t<h3 class=\"elementor-heading-title elementor-size-default\">1979-1983<\/h3>\t\t\t\t<\/div>\n\t\t\t\t<\/div>\n\t\t\t\t\t<\/div>\n\t\t<\/div>\n\t\t\t\t<div class=\"elementor-column elementor-col-66 elementor-inner-column elementor-element elementor-element-b41c8a3\" data-id=\"b41c8a3\" data-element_type=\"column\" data-e-type=\"column\">\n\t\t\t<div class=\"elementor-widget-wrap elementor-element-populated\">\n\t\t\t\t\t\t<div class=\"elementor-element elementor-element-fb1ff85 elementor-widget__width-initial elementor-widget elementor-widget-text-editor\" data-id=\"fb1ff85\" data-element_type=\"widget\" data-e-type=\"widget\" data-widget_type=\"text-editor.default\">\n\t\t\t\t<div class=\"elementor-widget-container\">\n\t\t\t\t\t\t\t\t\t<p class=\"translation-block\">\u2013 Delay in the Federal Government's response<br> \u2013 Lack of support policies for rural women<br> \u2013 Emigration of drought victims persists: increase in \"urban sprawl\"<br> \u2013 Migrants leave the countryside to escape suffering (hunger and thirst), but they continue to suffer in cities with unemployment, lack of housing, poor educational institutions, etc.<br> \u2013 Disproportionate growth of slums in large urban centers<br> \u2013 Water rationing in Fortaleza (relieved with the creation of the Pacoti-Riach\u00e3o system in 1980)<br> \u2013 Rebellions of drought victims: looting of silos and warehouses (example: looting of the Cobal warehouse in Quixeramobim)<br> \u2013 Decline in the number of migrants assisted by the state's emergency plans<br> \u2013 Conflicts between drought victims and local authorities<br> \u2013 Mobilization of water trucks (SUDENE), using water from the reservoirs of the capital of Cear\u00e1<br> \u2013 Water rationing in Fortaleza<\/p>\t\t\t\t\t\t\t\t<\/div>\n\t\t\t\t<\/div>\n\t\t\t\t\t<\/div>\n\t\t<\/div>\n\t\t\t\t\t<\/div>\n\t\t<\/section>\n\t\t\t\t<section class=\"elementor-section elementor-inner-section elementor-element elementor-element-638d5a6 elementor-section-boxed elementor-section-height-default elementor-section-height-default wpr-particle-no wpr-jarallax-no wpr-parallax-no wpr-sticky-section-no wpr-equal-height-no\" data-id=\"638d5a6\" data-element_type=\"section\" data-e-type=\"section\">\n\t\t\t\t\t\t<div class=\"elementor-container elementor-column-gap-default\">\n\t\t\t\t\t<div class=\"elementor-column elementor-col-33 elementor-inner-column elementor-element elementor-element-25fea82\" data-id=\"25fea82\" data-element_type=\"column\" data-e-type=\"column\">\n\t\t\t<div class=\"elementor-widget-wrap elementor-element-populated\">\n\t\t\t\t\t\t<div class=\"elementor-element elementor-element-c278c10 elementor-widget elementor-widget-heading\" data-id=\"c278c10\" data-element_type=\"widget\" data-e-type=\"widget\" data-widget_type=\"heading.default\">\n\t\t\t\t<div class=\"elementor-widget-container\">\n\t\t\t\t\t<h3 class=\"elementor-heading-title elementor-size-default\">1993-1994 e 1997-1998<\/h3>\t\t\t\t<\/div>\n\t\t\t\t<\/div>\n\t\t\t\t\t<\/div>\n\t\t<\/div>\n\t\t\t\t<div class=\"elementor-column elementor-col-66 elementor-inner-column elementor-element elementor-element-ce946a5\" data-id=\"ce946a5\" data-element_type=\"column\" data-e-type=\"column\">\n\t\t\t<div class=\"elementor-widget-wrap elementor-element-populated\">\n\t\t\t\t\t\t<div class=\"elementor-element elementor-element-a6a0c75 elementor-widget__width-initial elementor-widget elementor-widget-text-editor\" data-id=\"a6a0c75\" data-element_type=\"widget\" data-e-type=\"widget\" data-widget_type=\"text-editor.default\">\n\t\t\t\t<div class=\"elementor-widget-container\">\n\t\t\t\t\t\t\t\t\t<p class=\"translation-block\">\u2013 Decade heavily impacted by the effects of El Ni\u00f1o<br> \u2013 DNOCS (National Department of Works Against Droughts) was abolished in 1995, being re-established in the early 2000s as a special autarchy<br> \u2013 Creation of COGERH (Water Resources Management Company of Cear\u00e1) and the beginning of the water allocation process<br> \u2013 Construction of the Canal do Trabalhador (Worker\u2019s Canal)<br> \u2013 Loss of livestock and crops<br> \u2013 57% of agricultural production in the Northeast was lost<br> \u2013 Estimated damage of 5% of the Northeast's GDP<br> \u2013 Increase in \"hunger looting\"<br> \u2013 Inclusion of education and training activities, as well as communication tools (\"dry hotline\")<br> \u2013 Decentralized actions, greater participation and transparency<br> \u2013 Shift from \"resistance to drought\" to \"living with drought\": moving away from assistance and aiming for sustainable outcomes<br> \u2013 Major drought (Maci\u00e7o de Baturit\u00e9 and Quixad\u00e1) and the establishment of values for irrigation<\/p>\t\t\t\t\t\t\t\t<\/div>\n\t\t\t\t<\/div>\n\t\t\t\t\t<\/div>\n\t\t<\/div>\n\t\t\t\t\t<\/div>\n\t\t<\/section>\n\t\t\t\t<section class=\"elementor-section elementor-inner-section elementor-element elementor-element-bc14aaa elementor-section-boxed elementor-section-height-default elementor-section-height-default wpr-particle-no wpr-jarallax-no wpr-parallax-no wpr-sticky-section-no wpr-equal-height-no\" data-id=\"bc14aaa\" data-element_type=\"section\" data-e-type=\"section\">\n\t\t\t\t\t\t<div class=\"elementor-container elementor-column-gap-default\">\n\t\t\t\t\t<div class=\"elementor-column elementor-col-33 elementor-inner-column elementor-element elementor-element-bdfc069\" data-id=\"bdfc069\" data-element_type=\"column\" data-e-type=\"column\">\n\t\t\t<div class=\"elementor-widget-wrap elementor-element-populated\">\n\t\t\t\t\t\t<div class=\"elementor-element elementor-element-ff0adbf elementor-widget elementor-widget-heading\" data-id=\"ff0adbf\" data-element_type=\"widget\" data-e-type=\"widget\" data-widget_type=\"heading.default\">\n\t\t\t\t<div class=\"elementor-widget-container\">\n\t\t\t\t\t<h3 class=\"elementor-heading-title elementor-size-default\">2012-2019<\/h3>\t\t\t\t<\/div>\n\t\t\t\t<\/div>\n\t\t\t\t\t<\/div>\n\t\t<\/div>\n\t\t\t\t<div class=\"elementor-column elementor-col-66 elementor-inner-column elementor-element elementor-element-1cb6dab\" data-id=\"1cb6dab\" data-element_type=\"column\" data-e-type=\"column\">\n\t\t\t<div class=\"elementor-widget-wrap elementor-element-populated\">\n\t\t\t\t\t\t<div class=\"elementor-element elementor-element-ce7ddc5 elementor-widget__width-initial elementor-widget elementor-widget-text-editor\" data-id=\"ce7ddc5\" data-element_type=\"widget\" data-e-type=\"widget\" data-widget_type=\"text-editor.default\">\n\t\t\t\t<div class=\"elementor-widget-container\">\n\t\t\t\t\t\t\t\t\t<p class=\"translation-block\">\u2013 Considerable increase in well drilling (SOHIDRA)<br> \u2013 Construction and installation of cisterns<br> \u2013 Continuation of the water tanker operation<br> \u2013 Anticipation of the macro-negotiated water allocation process of 2013 (drought flow);<br> \u2013 Construction of large inter-basin transfer works (Cintur\u00e3o das \u00c1guas, S\u00e3o Francisco River Integration Project)<br> \u2013 Expansion of works already constructed from the last drought (such as the Canal do Trabalhador) and expanded during the more recent period (such as the Eix\u00e3o das \u00c1guas)<br> \u2013 Loss of livestock and crops<br> \u2013 176 municipalities declared a state of emergency due to drought in 2013<br> \u2013 Dryland crops (grains and cassava) \u2013 Of the 182 municipalities assessed, 166 suffered losses of more than 50%, with 87 of them facing losses greater than 80%<br> \u2013 Intensification of water use conflicts<br> \u2013 More effective income transfer programs<br> \u2013 Farmers who lost their production managed to stay on their land through social programs<br> \u2013 Considerable reduction in the emigration of drought victims<br> \u2013 Improvements in climate forecasting systems and drought monitoring<br> \u2013 Strengthening of research institutions such as Funceme<br> \u2013 Behavioral change of the Cear\u00e1 countryside residents<br> \u2013 More conscious and rational use of water<br> \u2013 Implementation of the Emergency Water Charge<br> \u2013 Development of the Drought Monitor<br> \u2013 Integrated Drought Combat Committee in Cear\u00e1 \u2013 Contingency Group<br> \u2013 Definition of principles for water allocation<br> \u2013 Increased production of information on the water system and requests for strengthening interinstitutional relations<br> \u2013 Imminent risk of water collapse<br> \u2013 Reduction in the perennialization of river sections<br> \u2013 The real value of milk and dairy production rose from R$ 565.3 million in 2010 to R$ 694 million in 2015<\/p>\t\t\t\t\t\t\t\t<\/div>\n\t\t\t\t<\/div>\n\t\t\t\t\t<\/div>\n\t\t<\/div>\n\t\t\t\t\t<\/div>\n\t\t<\/section>\n\t\t\t\t\t<\/div>\n\t\t<\/div>\n\t\t\t\t\t<\/div>\n\t\t<\/section>\n\t\t<div class=\"elementor-element elementor-element-c358f22 e-flex e-con-boxed wpr-particle-no wpr-jarallax-no wpr-parallax-no wpr-sticky-section-no wpr-equal-height-no e-con e-parent\" data-id=\"c358f22\" data-element_type=\"container\" data-e-type=\"container\">\n\t\t\t\t\t<div class=\"e-con-inner\">\n\t\t<div class=\"elementor-element elementor-element-b64d717 e-con-full e-flex wpr-particle-no wpr-jarallax-no wpr-parallax-no wpr-sticky-section-no wpr-equal-height-no e-con e-child\" data-id=\"b64d717\" data-element_type=\"container\" data-e-type=\"container\">\n\t\t\t\t<div class=\"elementor-element elementor-element-d33c2f4 elementor-widget elementor-widget-heading\" data-id=\"d33c2f4\" data-element_type=\"widget\" data-e-type=\"widget\" data-widget_type=\"heading.default\">\n\t\t\t\t<div class=\"elementor-widget-container\">\n\t\t\t\t\t<h2 class=\"elementor-heading-title elementor-size-default\">Period 1950 to 1959<\/h2>\t\t\t\t<\/div>\n\t\t\t\t<\/div>\n\t\t\t\t<div class=\"elementor-element elementor-element-ccb768d elementor-widget elementor-widget-image\" data-id=\"ccb768d\" data-element_type=\"widget\" data-e-type=\"widget\" data-widget_type=\"image.default\">\n\t\t\t\t<div class=\"elementor-widget-container\">\n\t\t\t\t\t\t\t\t\t\t\t\t\t\t\t\t<a href=\"https:\/\/i0.wp.com\/cepas.ufc.br\/wp-content\/uploads\/2024\/11\/SPI_v2_50_59.png?ssl=1\" data-elementor-open-lightbox=\"yes\" data-elementor-lightbox-title=\"SPI_v2_50_59\" data-e-action-hash=\"#elementor-action%3Aaction%3Dlightbox%26settings%3DeyJpZCI6NjI2LCJ1cmwiOiJodHRwczpcL1wvY2VwYXMudWZjLmJyXC93cC1jb250ZW50XC91cGxvYWRzXC8yMDI0XC8xMVwvU1BJX3YyXzUwXzU5LnBuZyJ9\">\n\t\t\t\t\t\t\t<img decoding=\"async\" width=\"1920\" height=\"577\" src=\"https:\/\/i0.wp.com\/cepas.ufc.br\/wp-content\/uploads\/2024\/11\/SPI_v2_50_59.png?fit=1920%2C577&amp;ssl=1\" class=\"attachment-full size-full wp-image-626\" alt=\"\" srcset=\"https:\/\/i0.wp.com\/cepas.ufc.br\/wp-content\/uploads\/2024\/11\/SPI_v2_50_59.png?w=1920&amp;ssl=1 1920w, https:\/\/i0.wp.com\/cepas.ufc.br\/wp-content\/uploads\/2024\/11\/SPI_v2_50_59.png?resize=300%2C90&amp;ssl=1 300w, https:\/\/i0.wp.com\/cepas.ufc.br\/wp-content\/uploads\/2024\/11\/SPI_v2_50_59.png?resize=1024%2C308&amp;ssl=1 1024w, https:\/\/i0.wp.com\/cepas.ufc.br\/wp-content\/uploads\/2024\/11\/SPI_v2_50_59.png?resize=768%2C231&amp;ssl=1 768w, https:\/\/i0.wp.com\/cepas.ufc.br\/wp-content\/uploads\/2024\/11\/SPI_v2_50_59.png?resize=1536%2C462&amp;ssl=1 1536w, https:\/\/i0.wp.com\/cepas.ufc.br\/wp-content\/uploads\/2024\/11\/SPI_v2_50_59.png?w=1600&amp;ssl=1 1600w\" sizes=\"(max-width: 800px) 100vw, 800px\" \/>\t\t\t\t\t\t\t\t<\/a>\n\t\t\t\t\t\t\t\t\t\t\t\t\t\t\t<\/div>\n\t\t\t\t<\/div>\n\t\t\t\t<\/div>\n\t\t\t\t\t<\/div>\n\t\t\t\t<\/div>\n\t\t<div class=\"elementor-element elementor-element-e5c70ad e-flex e-con-boxed wpr-particle-no wpr-jarallax-no wpr-parallax-no wpr-sticky-section-no wpr-equal-height-no e-con e-parent\" data-id=\"e5c70ad\" data-element_type=\"container\" data-e-type=\"container\">\n\t\t\t\t\t<div class=\"e-con-inner\">\n\t\t<div class=\"elementor-element elementor-element-da7eaf7 e-con-full e-flex wpr-particle-no wpr-jarallax-no wpr-parallax-no wpr-sticky-section-no wpr-equal-height-no e-con e-child\" data-id=\"da7eaf7\" data-element_type=\"container\" data-e-type=\"container\">\n\t\t\t\t<div class=\"elementor-element elementor-element-7a75888 elementor-widget elementor-widget-heading\" data-id=\"7a75888\" data-element_type=\"widget\" data-e-type=\"widget\" data-widget_type=\"heading.default\">\n\t\t\t\t<div class=\"elementor-widget-container\">\n\t\t\t\t\t<h2 class=\"elementor-heading-title elementor-size-default\">Period 1960 to 1969<\/h2>\t\t\t\t<\/div>\n\t\t\t\t<\/div>\n\t\t\t\t<div class=\"elementor-element elementor-element-e7a3268 elementor-widget elementor-widget-image\" data-id=\"e7a3268\" data-element_type=\"widget\" data-e-type=\"widget\" data-widget_type=\"image.default\">\n\t\t\t\t<div class=\"elementor-widget-container\">\n\t\t\t\t\t\t\t\t\t\t\t\t\t\t\t\t<a href=\"https:\/\/i0.wp.com\/cepas.ufc.br\/wp-content\/uploads\/2024\/11\/SPI_v2_60_69.png?ssl=1\" data-elementor-open-lightbox=\"yes\" data-elementor-lightbox-title=\"SPI_v2_60_69\" data-e-action-hash=\"#elementor-action%3Aaction%3Dlightbox%26settings%3DeyJpZCI6NjI3LCJ1cmwiOiJodHRwczpcL1wvY2VwYXMudWZjLmJyXC93cC1jb250ZW50XC91cGxvYWRzXC8yMDI0XC8xMVwvU1BJX3YyXzYwXzY5LnBuZyJ9\">\n\t\t\t\t\t\t\t<img decoding=\"async\" width=\"1920\" height=\"577\" src=\"https:\/\/i0.wp.com\/cepas.ufc.br\/wp-content\/uploads\/2024\/11\/SPI_v2_60_69.png?fit=1920%2C577&amp;ssl=1\" class=\"attachment-full size-full wp-image-627\" alt=\"\" srcset=\"https:\/\/i0.wp.com\/cepas.ufc.br\/wp-content\/uploads\/2024\/11\/SPI_v2_60_69.png?w=1920&amp;ssl=1 1920w, https:\/\/i0.wp.com\/cepas.ufc.br\/wp-content\/uploads\/2024\/11\/SPI_v2_60_69.png?resize=300%2C90&amp;ssl=1 300w, https:\/\/i0.wp.com\/cepas.ufc.br\/wp-content\/uploads\/2024\/11\/SPI_v2_60_69.png?resize=1024%2C308&amp;ssl=1 1024w, https:\/\/i0.wp.com\/cepas.ufc.br\/wp-content\/uploads\/2024\/11\/SPI_v2_60_69.png?resize=768%2C231&amp;ssl=1 768w, https:\/\/i0.wp.com\/cepas.ufc.br\/wp-content\/uploads\/2024\/11\/SPI_v2_60_69.png?resize=1536%2C462&amp;ssl=1 1536w, https:\/\/i0.wp.com\/cepas.ufc.br\/wp-content\/uploads\/2024\/11\/SPI_v2_60_69.png?w=1600&amp;ssl=1 1600w\" sizes=\"(max-width: 800px) 100vw, 800px\" \/>\t\t\t\t\t\t\t\t<\/a>\n\t\t\t\t\t\t\t\t\t\t\t\t\t\t\t<\/div>\n\t\t\t\t<\/div>\n\t\t\t\t<\/div>\n\t\t\t\t\t<\/div>\n\t\t\t\t<\/div>\n\t\t<div class=\"elementor-element elementor-element-49764dd e-flex e-con-boxed wpr-particle-no wpr-jarallax-no wpr-parallax-no wpr-sticky-section-no wpr-equal-height-no e-con e-parent\" data-id=\"49764dd\" data-element_type=\"container\" data-e-type=\"container\">\n\t\t\t\t\t<div class=\"e-con-inner\">\n\t\t<div class=\"elementor-element elementor-element-47669fd e-con-full e-flex wpr-particle-no wpr-jarallax-no wpr-parallax-no wpr-sticky-section-no wpr-equal-height-no e-con e-child\" data-id=\"47669fd\" data-element_type=\"container\" data-e-type=\"container\">\n\t\t\t\t<div class=\"elementor-element elementor-element-e7d4e9d elementor-widget elementor-widget-heading\" data-id=\"e7d4e9d\" data-element_type=\"widget\" data-e-type=\"widget\" data-widget_type=\"heading.default\">\n\t\t\t\t<div class=\"elementor-widget-container\">\n\t\t\t\t\t<h2 class=\"elementor-heading-title elementor-size-default\">Period 1970 to 1979<\/h2>\t\t\t\t<\/div>\n\t\t\t\t<\/div>\n\t\t\t\t<div class=\"elementor-element elementor-element-5c1961f elementor-widget elementor-widget-image\" data-id=\"5c1961f\" data-element_type=\"widget\" data-e-type=\"widget\" data-widget_type=\"image.default\">\n\t\t\t\t<div class=\"elementor-widget-container\">\n\t\t\t\t\t\t\t\t\t\t\t\t\t\t\t\t<a href=\"https:\/\/i0.wp.com\/cepas.ufc.br\/wp-content\/uploads\/2024\/11\/SPI_v2_70_79.png?ssl=1\" data-elementor-open-lightbox=\"yes\" data-elementor-lightbox-title=\"SPI_v2_70_79\" data-e-action-hash=\"#elementor-action%3Aaction%3Dlightbox%26settings%3DeyJpZCI6NjI4LCJ1cmwiOiJodHRwczpcL1wvY2VwYXMudWZjLmJyXC93cC1jb250ZW50XC91cGxvYWRzXC8yMDI0XC8xMVwvU1BJX3YyXzcwXzc5LnBuZyJ9\">\n\t\t\t\t\t\t\t<img loading=\"lazy\" decoding=\"async\" width=\"1920\" height=\"577\" src=\"https:\/\/i0.wp.com\/cepas.ufc.br\/wp-content\/uploads\/2024\/11\/SPI_v2_70_79.png?fit=1920%2C577&amp;ssl=1\" class=\"attachment-full size-full wp-image-628\" alt=\"\" srcset=\"https:\/\/i0.wp.com\/cepas.ufc.br\/wp-content\/uploads\/2024\/11\/SPI_v2_70_79.png?w=1920&amp;ssl=1 1920w, https:\/\/i0.wp.com\/cepas.ufc.br\/wp-content\/uploads\/2024\/11\/SPI_v2_70_79.png?resize=300%2C90&amp;ssl=1 300w, https:\/\/i0.wp.com\/cepas.ufc.br\/wp-content\/uploads\/2024\/11\/SPI_v2_70_79.png?resize=1024%2C308&amp;ssl=1 1024w, https:\/\/i0.wp.com\/cepas.ufc.br\/wp-content\/uploads\/2024\/11\/SPI_v2_70_79.png?resize=768%2C231&amp;ssl=1 768w, https:\/\/i0.wp.com\/cepas.ufc.br\/wp-content\/uploads\/2024\/11\/SPI_v2_70_79.png?resize=1536%2C462&amp;ssl=1 1536w, https:\/\/i0.wp.com\/cepas.ufc.br\/wp-content\/uploads\/2024\/11\/SPI_v2_70_79.png?w=1600&amp;ssl=1 1600w\" sizes=\"(max-width: 800px) 100vw, 800px\" \/>\t\t\t\t\t\t\t\t<\/a>\n\t\t\t\t\t\t\t\t\t\t\t\t\t\t\t<\/div>\n\t\t\t\t<\/div>\n\t\t\t\t<\/div>\n\t\t\t\t\t<\/div>\n\t\t\t\t<\/div>\n\t\t<div class=\"elementor-element elementor-element-3c0d5e3 e-flex e-con-boxed wpr-particle-no wpr-jarallax-no wpr-parallax-no wpr-sticky-section-no wpr-equal-height-no e-con e-parent\" data-id=\"3c0d5e3\" data-element_type=\"container\" data-e-type=\"container\">\n\t\t\t\t\t<div class=\"e-con-inner\">\n\t\t<div class=\"elementor-element elementor-element-e142af1 e-con-full e-flex wpr-particle-no wpr-jarallax-no wpr-parallax-no wpr-sticky-section-no wpr-equal-height-no e-con e-child\" data-id=\"e142af1\" data-element_type=\"container\" data-e-type=\"container\">\n\t\t\t\t<div class=\"elementor-element elementor-element-4d157b2 elementor-widget elementor-widget-heading\" data-id=\"4d157b2\" data-element_type=\"widget\" data-e-type=\"widget\" data-widget_type=\"heading.default\">\n\t\t\t\t<div class=\"elementor-widget-container\">\n\t\t\t\t\t<h2 class=\"elementor-heading-title elementor-size-default\">Period 1980 to 1989<\/h2>\t\t\t\t<\/div>\n\t\t\t\t<\/div>\n\t\t\t\t<div class=\"elementor-element elementor-element-0b15454 elementor-widget elementor-widget-image\" data-id=\"0b15454\" data-element_type=\"widget\" data-e-type=\"widget\" data-widget_type=\"image.default\">\n\t\t\t\t<div class=\"elementor-widget-container\">\n\t\t\t\t\t\t\t\t\t\t\t\t\t\t\t\t<a href=\"https:\/\/i0.wp.com\/cepas.ufc.br\/wp-content\/uploads\/2024\/11\/SPI_v2_80_89.png?ssl=1\" data-elementor-open-lightbox=\"yes\" data-elementor-lightbox-title=\"SPI_v2_80_89\" data-e-action-hash=\"#elementor-action%3Aaction%3Dlightbox%26settings%3DeyJpZCI6NjI5LCJ1cmwiOiJodHRwczpcL1wvY2VwYXMudWZjLmJyXC93cC1jb250ZW50XC91cGxvYWRzXC8yMDI0XC8xMVwvU1BJX3YyXzgwXzg5LnBuZyJ9\">\n\t\t\t\t\t\t\t<img loading=\"lazy\" decoding=\"async\" width=\"1920\" height=\"577\" src=\"https:\/\/i0.wp.com\/cepas.ufc.br\/wp-content\/uploads\/2024\/11\/SPI_v2_80_89.png?fit=1920%2C577&amp;ssl=1\" class=\"attachment-full size-full wp-image-629\" alt=\"\" srcset=\"https:\/\/i0.wp.com\/cepas.ufc.br\/wp-content\/uploads\/2024\/11\/SPI_v2_80_89.png?w=1920&amp;ssl=1 1920w, https:\/\/i0.wp.com\/cepas.ufc.br\/wp-content\/uploads\/2024\/11\/SPI_v2_80_89.png?resize=300%2C90&amp;ssl=1 300w, https:\/\/i0.wp.com\/cepas.ufc.br\/wp-content\/uploads\/2024\/11\/SPI_v2_80_89.png?resize=1024%2C308&amp;ssl=1 1024w, https:\/\/i0.wp.com\/cepas.ufc.br\/wp-content\/uploads\/2024\/11\/SPI_v2_80_89.png?resize=768%2C231&amp;ssl=1 768w, https:\/\/i0.wp.com\/cepas.ufc.br\/wp-content\/uploads\/2024\/11\/SPI_v2_80_89.png?resize=1536%2C462&amp;ssl=1 1536w, https:\/\/i0.wp.com\/cepas.ufc.br\/wp-content\/uploads\/2024\/11\/SPI_v2_80_89.png?w=1600&amp;ssl=1 1600w\" sizes=\"(max-width: 800px) 100vw, 800px\" \/>\t\t\t\t\t\t\t\t<\/a>\n\t\t\t\t\t\t\t\t\t\t\t\t\t\t\t<\/div>\n\t\t\t\t<\/div>\n\t\t\t\t<\/div>\n\t\t\t\t\t<\/div>\n\t\t\t\t<\/div>\n\t\t<div class=\"elementor-element elementor-element-cea925f e-flex e-con-boxed wpr-particle-no wpr-jarallax-no wpr-parallax-no wpr-sticky-section-no wpr-equal-height-no e-con e-parent\" data-id=\"cea925f\" data-element_type=\"container\" data-e-type=\"container\">\n\t\t\t\t\t<div class=\"e-con-inner\">\n\t\t<div class=\"elementor-element elementor-element-6c859ed e-con-full e-flex wpr-particle-no wpr-jarallax-no wpr-parallax-no wpr-sticky-section-no wpr-equal-height-no e-con e-child\" data-id=\"6c859ed\" data-element_type=\"container\" data-e-type=\"container\">\n\t\t\t\t<div class=\"elementor-element elementor-element-9a56f47 elementor-widget elementor-widget-heading\" data-id=\"9a56f47\" data-element_type=\"widget\" data-e-type=\"widget\" data-widget_type=\"heading.default\">\n\t\t\t\t<div class=\"elementor-widget-container\">\n\t\t\t\t\t<h2 class=\"elementor-heading-title elementor-size-default\">Period 1990 to 1999<\/h2>\t\t\t\t<\/div>\n\t\t\t\t<\/div>\n\t\t\t\t<div class=\"elementor-element elementor-element-bfef0c9 elementor-widget elementor-widget-image\" data-id=\"bfef0c9\" data-element_type=\"widget\" data-e-type=\"widget\" data-widget_type=\"image.default\">\n\t\t\t\t<div class=\"elementor-widget-container\">\n\t\t\t\t\t\t\t\t\t\t\t\t\t\t\t\t<a href=\"https:\/\/i0.wp.com\/cepas.ufc.br\/wp-content\/uploads\/2024\/11\/SPI_v2_90_99.png?ssl=1\" data-elementor-open-lightbox=\"yes\" data-elementor-lightbox-title=\"SPI_v2_90_99\" data-e-action-hash=\"#elementor-action%3Aaction%3Dlightbox%26settings%3DeyJpZCI6NjMwLCJ1cmwiOiJodHRwczpcL1wvY2VwYXMudWZjLmJyXC93cC1jb250ZW50XC91cGxvYWRzXC8yMDI0XC8xMVwvU1BJX3YyXzkwXzk5LnBuZyJ9\">\n\t\t\t\t\t\t\t<img loading=\"lazy\" decoding=\"async\" width=\"1920\" height=\"577\" src=\"https:\/\/i0.wp.com\/cepas.ufc.br\/wp-content\/uploads\/2024\/11\/SPI_v2_90_99.png?fit=1920%2C577&amp;ssl=1\" class=\"attachment-full size-full wp-image-630\" alt=\"\" srcset=\"https:\/\/i0.wp.com\/cepas.ufc.br\/wp-content\/uploads\/2024\/11\/SPI_v2_90_99.png?w=1920&amp;ssl=1 1920w, https:\/\/i0.wp.com\/cepas.ufc.br\/wp-content\/uploads\/2024\/11\/SPI_v2_90_99.png?resize=300%2C90&amp;ssl=1 300w, https:\/\/i0.wp.com\/cepas.ufc.br\/wp-content\/uploads\/2024\/11\/SPI_v2_90_99.png?resize=1024%2C308&amp;ssl=1 1024w, https:\/\/i0.wp.com\/cepas.ufc.br\/wp-content\/uploads\/2024\/11\/SPI_v2_90_99.png?resize=768%2C231&amp;ssl=1 768w, https:\/\/i0.wp.com\/cepas.ufc.br\/wp-content\/uploads\/2024\/11\/SPI_v2_90_99.png?resize=1536%2C462&amp;ssl=1 1536w, https:\/\/i0.wp.com\/cepas.ufc.br\/wp-content\/uploads\/2024\/11\/SPI_v2_90_99.png?w=1600&amp;ssl=1 1600w\" sizes=\"(max-width: 800px) 100vw, 800px\" \/>\t\t\t\t\t\t\t\t<\/a>\n\t\t\t\t\t\t\t\t\t\t\t\t\t\t\t<\/div>\n\t\t\t\t<\/div>\n\t\t\t\t<\/div>\n\t\t\t\t\t<\/div>\n\t\t\t\t<\/div>\n\t\t<div class=\"elementor-element elementor-element-56a1579 e-flex e-con-boxed wpr-particle-no wpr-jarallax-no wpr-parallax-no wpr-sticky-section-no wpr-equal-height-no e-con e-parent\" data-id=\"56a1579\" data-element_type=\"container\" data-e-type=\"container\">\n\t\t\t\t\t<div class=\"e-con-inner\">\n\t\t<div class=\"elementor-element elementor-element-23eadb2 e-con-full e-flex wpr-particle-no wpr-jarallax-no wpr-parallax-no wpr-sticky-section-no wpr-equal-height-no e-con e-child\" data-id=\"23eadb2\" data-element_type=\"container\" data-e-type=\"container\">\n\t\t\t\t<div class=\"elementor-element elementor-element-9667d9c elementor-widget elementor-widget-heading\" data-id=\"9667d9c\" data-element_type=\"widget\" data-e-type=\"widget\" data-widget_type=\"heading.default\">\n\t\t\t\t<div class=\"elementor-widget-container\">\n\t\t\t\t\t<h2 class=\"elementor-heading-title elementor-size-default\">Period 2000 to 2009<\/h2>\t\t\t\t<\/div>\n\t\t\t\t<\/div>\n\t\t\t\t<div class=\"elementor-element elementor-element-ed0cf6b elementor-widget elementor-widget-image\" data-id=\"ed0cf6b\" data-element_type=\"widget\" data-e-type=\"widget\" data-widget_type=\"image.default\">\n\t\t\t\t<div class=\"elementor-widget-container\">\n\t\t\t\t\t\t\t\t\t\t\t\t\t\t\t\t<a href=\"https:\/\/i0.wp.com\/cepas.ufc.br\/wp-content\/uploads\/2024\/11\/SPI_v2_00_09.png?ssl=1\" data-elementor-open-lightbox=\"yes\" data-elementor-lightbox-title=\"SPI_v2_00_09\" data-e-action-hash=\"#elementor-action%3Aaction%3Dlightbox%26settings%3DeyJpZCI6NjMyLCJ1cmwiOiJodHRwczpcL1wvY2VwYXMudWZjLmJyXC93cC1jb250ZW50XC91cGxvYWRzXC8yMDI0XC8xMVwvU1BJX3YyXzAwXzA5LnBuZyJ9\">\n\t\t\t\t\t\t\t<img loading=\"lazy\" decoding=\"async\" width=\"1920\" height=\"577\" src=\"https:\/\/i0.wp.com\/cepas.ufc.br\/wp-content\/uploads\/2024\/11\/SPI_v2_00_09.png?fit=1920%2C577&amp;ssl=1\" class=\"attachment-full size-full wp-image-632\" alt=\"\" srcset=\"https:\/\/i0.wp.com\/cepas.ufc.br\/wp-content\/uploads\/2024\/11\/SPI_v2_00_09.png?w=1920&amp;ssl=1 1920w, https:\/\/i0.wp.com\/cepas.ufc.br\/wp-content\/uploads\/2024\/11\/SPI_v2_00_09.png?resize=300%2C90&amp;ssl=1 300w, https:\/\/i0.wp.com\/cepas.ufc.br\/wp-content\/uploads\/2024\/11\/SPI_v2_00_09.png?resize=1024%2C308&amp;ssl=1 1024w, https:\/\/i0.wp.com\/cepas.ufc.br\/wp-content\/uploads\/2024\/11\/SPI_v2_00_09.png?resize=768%2C231&amp;ssl=1 768w, https:\/\/i0.wp.com\/cepas.ufc.br\/wp-content\/uploads\/2024\/11\/SPI_v2_00_09.png?resize=1536%2C462&amp;ssl=1 1536w, https:\/\/i0.wp.com\/cepas.ufc.br\/wp-content\/uploads\/2024\/11\/SPI_v2_00_09.png?w=1600&amp;ssl=1 1600w\" sizes=\"(max-width: 800px) 100vw, 800px\" \/>\t\t\t\t\t\t\t\t<\/a>\n\t\t\t\t\t\t\t\t\t\t\t\t\t\t\t<\/div>\n\t\t\t\t<\/div>\n\t\t\t\t<\/div>\n\t\t\t\t\t<\/div>\n\t\t\t\t<\/div>\n\t\t<div class=\"elementor-element elementor-element-59cba55 e-flex e-con-boxed wpr-particle-no wpr-jarallax-no wpr-parallax-no wpr-sticky-section-no wpr-equal-height-no e-con e-parent\" data-id=\"59cba55\" data-element_type=\"container\" data-e-type=\"container\">\n\t\t\t\t\t<div class=\"e-con-inner\">\n\t\t<div class=\"elementor-element elementor-element-052186a e-con-full e-flex wpr-particle-no wpr-jarallax-no wpr-parallax-no wpr-sticky-section-no wpr-equal-height-no e-con e-child\" data-id=\"052186a\" data-element_type=\"container\" data-e-type=\"container\">\n\t\t\t\t<div class=\"elementor-element elementor-element-fb4abf4 elementor-widget elementor-widget-heading\" data-id=\"fb4abf4\" data-element_type=\"widget\" data-e-type=\"widget\" data-widget_type=\"heading.default\">\n\t\t\t\t<div class=\"elementor-widget-container\">\n\t\t\t\t\t<h2 class=\"elementor-heading-title elementor-size-default\">Period 2010 to 2019<\/h2>\t\t\t\t<\/div>\n\t\t\t\t<\/div>\n\t\t\t\t<div class=\"elementor-element elementor-element-7da97b0 elementor-widget elementor-widget-image\" data-id=\"7da97b0\" data-element_type=\"widget\" data-e-type=\"widget\" data-widget_type=\"image.default\">\n\t\t\t\t<div class=\"elementor-widget-container\">\n\t\t\t\t\t\t\t\t\t\t\t\t\t\t\t\t<a href=\"https:\/\/i0.wp.com\/cepas.ufc.br\/wp-content\/uploads\/2024\/11\/SPI_v2_09_19.png?ssl=1\" data-elementor-open-lightbox=\"yes\" data-elementor-lightbox-title=\"SPI_v2_09_19\" data-e-action-hash=\"#elementor-action%3Aaction%3Dlightbox%26settings%3DeyJpZCI6NjMzLCJ1cmwiOiJodHRwczpcL1wvY2VwYXMudWZjLmJyXC93cC1jb250ZW50XC91cGxvYWRzXC8yMDI0XC8xMVwvU1BJX3YyXzA5XzE5LnBuZyJ9\">\n\t\t\t\t\t\t\t<img loading=\"lazy\" decoding=\"async\" width=\"1920\" height=\"577\" src=\"https:\/\/i0.wp.com\/cepas.ufc.br\/wp-content\/uploads\/2024\/11\/SPI_v2_09_19.png?fit=1920%2C577&amp;ssl=1\" class=\"attachment-full size-full wp-image-633\" alt=\"\" srcset=\"https:\/\/i0.wp.com\/cepas.ufc.br\/wp-content\/uploads\/2024\/11\/SPI_v2_09_19.png?w=1920&amp;ssl=1 1920w, https:\/\/i0.wp.com\/cepas.ufc.br\/wp-content\/uploads\/2024\/11\/SPI_v2_09_19.png?resize=300%2C90&amp;ssl=1 300w, https:\/\/i0.wp.com\/cepas.ufc.br\/wp-content\/uploads\/2024\/11\/SPI_v2_09_19.png?resize=1024%2C308&amp;ssl=1 1024w, https:\/\/i0.wp.com\/cepas.ufc.br\/wp-content\/uploads\/2024\/11\/SPI_v2_09_19.png?resize=768%2C231&amp;ssl=1 768w, https:\/\/i0.wp.com\/cepas.ufc.br\/wp-content\/uploads\/2024\/11\/SPI_v2_09_19.png?resize=1536%2C462&amp;ssl=1 1536w, https:\/\/i0.wp.com\/cepas.ufc.br\/wp-content\/uploads\/2024\/11\/SPI_v2_09_19.png?w=1600&amp;ssl=1 1600w\" sizes=\"(max-width: 800px) 100vw, 800px\" \/>\t\t\t\t\t\t\t\t<\/a>\n\t\t\t\t\t\t\t\t\t\t\t\t\t\t\t<\/div>\n\t\t\t\t<\/div>\n\t\t\t\t<\/div>\n\t\t\t\t\t<\/div>\n\t\t\t\t<\/div>\n\t\t<div class=\"elementor-element elementor-element-4d85d81 e-flex e-con-boxed wpr-particle-no wpr-jarallax-no wpr-parallax-no wpr-sticky-section-no wpr-equal-height-no e-con e-parent\" data-id=\"4d85d81\" data-element_type=\"container\" data-e-type=\"container\">\n\t\t\t\t\t<div class=\"e-con-inner\">\n\t\t<div class=\"elementor-element elementor-element-eda8c78 e-con-full e-flex wpr-particle-no wpr-jarallax-no wpr-parallax-no wpr-sticky-section-no wpr-equal-height-no e-con e-child\" data-id=\"eda8c78\" data-element_type=\"container\" data-e-type=\"container\">\n\t\t\t\t<div class=\"elementor-element elementor-element-04df494 elementor-widget elementor-widget-heading\" data-id=\"04df494\" data-element_type=\"widget\" data-e-type=\"widget\" data-widget_type=\"heading.default\">\n\t\t\t\t<div class=\"elementor-widget-container\">\n\t\t\t\t\t<h2 class=\"elementor-heading-title elementor-size-default\">Period 2020 to 2023<\/h2>\t\t\t\t<\/div>\n\t\t\t\t<\/div>\n\t\t\t\t<div class=\"elementor-element elementor-element-adcd3c8 elementor-widget elementor-widget-image\" data-id=\"adcd3c8\" data-element_type=\"widget\" data-e-type=\"widget\" data-widget_type=\"image.default\">\n\t\t\t\t<div class=\"elementor-widget-container\">\n\t\t\t\t\t\t\t\t\t\t\t\t\t\t\t\t<a href=\"https:\/\/i0.wp.com\/cepas.ufc.br\/wp-content\/uploads\/2024\/11\/SPI_v2_20_23.png?ssl=1\" data-elementor-open-lightbox=\"yes\" data-elementor-lightbox-title=\"SPI_v2_20_23\" data-e-action-hash=\"#elementor-action%3Aaction%3Dlightbox%26settings%3DeyJpZCI6NjM0LCJ1cmwiOiJodHRwczpcL1wvY2VwYXMudWZjLmJyXC93cC1jb250ZW50XC91cGxvYWRzXC8yMDI0XC8xMVwvU1BJX3YyXzIwXzIzLnBuZyJ9\">\n\t\t\t\t\t\t\t<img loading=\"lazy\" decoding=\"async\" width=\"1801\" height=\"1080\" src=\"https:\/\/i0.wp.com\/cepas.ufc.br\/wp-content\/uploads\/2024\/11\/SPI_v2_20_23.png?fit=1801%2C1080&amp;ssl=1\" class=\"attachment-full size-full wp-image-634\" alt=\"\" srcset=\"https:\/\/i0.wp.com\/cepas.ufc.br\/wp-content\/uploads\/2024\/11\/SPI_v2_20_23.png?w=1801&amp;ssl=1 1801w, https:\/\/i0.wp.com\/cepas.ufc.br\/wp-content\/uploads\/2024\/11\/SPI_v2_20_23.png?resize=300%2C180&amp;ssl=1 300w, https:\/\/i0.wp.com\/cepas.ufc.br\/wp-content\/uploads\/2024\/11\/SPI_v2_20_23.png?resize=1024%2C614&amp;ssl=1 1024w, https:\/\/i0.wp.com\/cepas.ufc.br\/wp-content\/uploads\/2024\/11\/SPI_v2_20_23.png?resize=768%2C461&amp;ssl=1 768w, https:\/\/i0.wp.com\/cepas.ufc.br\/wp-content\/uploads\/2024\/11\/SPI_v2_20_23.png?resize=1536%2C921&amp;ssl=1 1536w, https:\/\/i0.wp.com\/cepas.ufc.br\/wp-content\/uploads\/2024\/11\/SPI_v2_20_23.png?w=1600&amp;ssl=1 1600w\" sizes=\"(max-width: 800px) 100vw, 800px\" \/>\t\t\t\t\t\t\t\t<\/a>\n\t\t\t\t\t\t\t\t\t\t\t\t\t\t\t<\/div>\n\t\t\t\t<\/div>\n\t\t\t\t<\/div>\n\t\t\t\t\t<\/div>\n\t\t\t\t<\/div>\n\t\t\t\t<\/div>","protected":false},"excerpt":{"rendered":"<p>Impacto das Secas no Cear\u00e1: Ajude a contar essa hist\u00f3ria As informa\u00e7\u00f5es coletadas nos formul\u00e1rios abaixo t\u00eam como objetivo identificar e reunir evid\u00eancias sobre os impactos observados e vivenciados durante a ocorr\u00eancia de secas nos sistemas de recursos h\u00eddricos, abordando os seguintes aspectos: (i) os impactos sofridos durante a seca; (ii) como esses impactos foram sentidos nos diversos usos da \u00e1gua; (iii) a avalia\u00e7\u00e3o das medidas e a\u00e7\u00f5es implementadas; (iv) os conflitos observados ao longo da seca. As perguntas formuladas neste question\u00e1rio procuram obter informa\u00e7\u00f5es sobre a percep\u00e7\u00e3o pessoal do impacto das secas no cotidiano individual, familiar e no trabalho dos participantes. A sua participa\u00e7\u00e3o \u00e9 de grande import\u00e2ncia para podermos identificar e avaliar os impactos das secas em suas mais diversas\u00a0\u00a0dimens\u00f5es. Percep\u00e7\u00e3o individual Percep\u00e7\u00e3o institucional O IMPACTO DOS FEN\u00d4MENOS CLIM\u00c1TICOS NO ESTADO DO CEAR\u00c1 Localizado na regi\u00e3o Nordeste do Brasil (NEB), o estado do Cear\u00e1 \u00e9 caracterizado por um clima semi\u00e1rido, marcado pela irregularidade de chuvas e pela alta taxa de evapotranspira\u00e7\u00e3o. Na regi\u00e3o, o regime de chuvas \u00e9 influenciado pelo deslocamento da Zona de Converg\u00eancia Intertropical (ITCZ) para o sul, resultando em 70% do total de precipita\u00e7\u00f5es previstas para o ano, concentradas entre os meses de fevereiro a maio. No Cear\u00e1, a m\u00e9dia anual de chuvas \u00e9 de aproximadamente 858mm. Os valores mais altos s\u00e3o registrados na zona costeira e os valores mais baixos s\u00e3o registrados na zona central do estado, onde a paisagem semi\u00e1rida \u00e9 mais acentuada. A qualidade da esta\u00e7\u00e3o chuvosa tamb\u00e9m sofre influ\u00eancia pelas varia\u00e7\u00f5es naturais na temperatura da superf\u00edcie do mar (TSM), nas \u00e1reas oce\u00e2nicas do Pac\u00edfico (OP) e nas \u00e1reas oce\u00e2nicas do Atl\u00e2ntico (OA). As varia\u00e7\u00f5es irregulares na temperatura das \u00e1guas superficiais no Oceano Pac\u00edfico tropical durante per\u00edodos prolongados s\u00e3o indicativos de El Ni\u00f1o (aquecimento) e La Ni\u00f1a (resfriamento). Esse fen\u00f4meno est\u00e1 associado a anos com frequ\u00eancia de chuvas abaixo ou acima da m\u00e9dia climatol\u00f3gica do Nordeste Brasileiro. A presen\u00e7a de um gradiente de temperatura da superf\u00edcie do mar no Oceano Atl\u00e2ntico Tropical, com \u00e1guas mais aquecidas ao norte (Gradiente Positivo &#8211; GP) ou ao sul (Gradiente Negativo &#8211; GN) da bacia, est\u00e1 relacionada a chuvas abaixo ou acima da m\u00e9dia do NEB. As figuras representam o comportamento da precipita\u00e7\u00e3o, ao longo de d\u00e9cadas, juntamente com as s\u00e9ries temporais do fen\u00f4meno El Ni\u00f1o 3.4 e do gradiente TSM no Atl\u00e2ntico 1950 &#8211; Mudan\u00e7a de \u00eanfase nas a\u00e7\u00f5es para lidar comas secas na Regi\u00e3o Nordeste&#8211; Os a\u00e7udes deixam de ser foco principal eh\u00e1 a incorpora\u00e7\u00e3o da ideia de planejamentoecon\u00f4mico e social para o Pol\u00edgono dasSecas que havia sido institu\u00eddo na d\u00e9cada de1930&#8211; Confer\u00eancia em 1950 no Instituto deEngenharia de S\u00e3o Paulo&#8211; o Programa A\u00e7udagem em Coopera\u00e7\u00e3oaparece como obra de interesse local\u201cvaliosa do plano de combate ao flagelo\u201d,mas o tipo de a\u00e7ude feito a partir desse\u201cprograma tende a criar, na terra seca, aclasse dos senhores da \u00e1gua 1951-1953 &#8211; Cria\u00e7\u00e3o do BNB&#8211; A seca acelera o processo de empobrecimentoe de espolia\u00e7\u00e3o dos pequenos camponeses&#8211; Obras contra a seca&#8211; Pol\u00edtica da constru\u00e7\u00e3o de a\u00e7udes para oconv\u00edvio com a seca&#8211; Manter o sertanejo cearense em sua terra apartir da oferta de trabalho&#8211; Constru\u00e7\u00e3o e reparos de rodovias:&#8211; Manter o sertanejo cearense em sua terra apartir da oferta de trabalho&#8211; Distribui\u00e7\u00e3o de g\u00eaneros aliment\u00edcios (Legi\u00e3oBrasileira de Assist\u00eancia)&#8211; Intensa emigra\u00e7\u00e3o dos flagelados:&#8211; Rota da Capital&#8211; Rota das Obras 1958-1959 &#8211; Crise humanit\u00e1ria e deslocamento intenso de popula\u00e7\u00f5es&#8211; Estimativa de 10 milh\u00f5es de refugiados nordestinos&#8211; Severidade da seca superando a capacidade dasinfraestruturas do estado,revelando necessidade de melhorias e expans\u00e3o&#8211; Surgimento do termo \u201cind\u00fastria da seca\u201d, cunhado pelojornalista do Correio da Manh\u00e3, Ant\u00f4nio Callado.&#8211; Estabelecimento do Grupo de Trabalho para oDesenvolvimento do Nordeste (GTDN)&#8211; Institui\u00e7\u00e3o do Conselho de Desenvolvimento do Nordeste(CODENO) para promover o desenvolvimentoregional e buscar \u201csolu\u00e7\u00f5es\u201d para as desigualdadessocioecon\u00f4micas do Nordeste, tendo sido precursor daSUDENE.&#8211; Cria\u00e7\u00e3o da SUDENE para elaborar e implementar pol\u00edticasp\u00fablicas para solucionar problemas de disparidades regionais;&#8211; Assist\u00eancia \u00e0 sociedade fragilizada pela seca&#8211; Obras contra a seca&#8211; Pol\u00edtica da constru\u00e7\u00e3o de a\u00e7udes para o conv\u00edvio com a seca&#8211; Manter o sertanejo cearense na zona rural a partir da ofertade trabalho&#8211; Crescimento dos latifundi\u00e1rios&#8211; Crescimento das desigualdades econ\u00f4micas, regionais esociais 1960 &#8211; Desponta a era da \u201csolu\u00e7\u00e3o econ\u00f4mica\u201d&#8211; Chega ao Brasil na d\u00e9cada de 1960 aComiss\u00e3o \u201cAlian\u00e7a para o Progresso\u201d&#8211; A \u201cbusca\u201d de solu\u00e7\u00f5es para a problem\u00e1ticada regi\u00e3o viria de fora, via miss\u00f5es, aportesfinanceiros estrangeiros e assessoriat\u00e9cnica internacional 1970 &#8211; Efetiva\u00e7\u00e3o da pol\u00edtica de a\u00e7udagem como estrat\u00e9giade adapta\u00e7\u00e3o da sociedade&#8211; Capacidade acumulada de reserva\u00e7\u00e3o de \u00e1gua noEstado triplicou em rela\u00e7\u00e3o \u00e0 seca de 58&#8211; Emigra\u00e7\u00e3o dos flagelados permanece&#8211; Rebeli\u00f5es em busca de comida e trabalho&#8211; 11% da popula\u00e7\u00e3o cearense emigrou do estado&#8211; Popula\u00e7\u00e3o nas capitais nordestinas quase triplicou&#8211; Incha\u00e7o populacional: desemprego no meio rural,pauperismo e exclus\u00e3o social destes retirantes nascidades&#8211; Apesar de uma d\u00e9cada de a\u00e7\u00f5es e pol\u00edticas p\u00fablicas,os sertanejos cearenses ainda estavam expostos \u00e0 seca&#8211; Distribui\u00e7\u00e3o de sementes, verbas, uso decarros-pipas, execu\u00e7\u00e3o de obras e planejamento deopera\u00e7\u00f5es (SUDENE)&#8211; Projeto n\u00e3o obteve seguros resultados queneutralizassem os efeitos da estiagem 1979-1983 &#8211; Atraso na resposta do Governo Federal&#8211; Aus\u00eancia de pol\u00edticas de amparo \u00e0s mulheres do campo&#8211; Emigra\u00e7\u00e3o dos flagelados permanece: aumento do \u201cincha\u00e7ourbano\u201d&#8211; Retirantes emigram do campo para acabar com osofrimento (fome e sede), mas passam a sofrer nas cidadescom o desemprego, a falta de habita\u00e7\u00e3o, p\u00e9ssimas institui\u00e7\u00f5es educacionais, etc&#8211; Crescimento desproporcional de favelas nos grandescentros urbanos&#8211; Racionamento d\u2019\u00e1gua em Fortaleza (amenizado com acria\u00e7\u00e3o do sistema Pacoti-Riach\u00e3o em 1980)&#8211; Rebeli\u00f5es dos flagelados: saques a silos e armaz\u00e9ns (exemplo:saque ao armaz\u00e9m da Cobal, em Quixeramobim)&#8211; Decl\u00ednio de retirantes atendidos pelos planos emergenciaisdo Estado&#8211; Conflitos entre os flagelados e autoridades locais&#8211; Mobiliza\u00e7\u00e3o de carros-pipa (SUDENE), utilizando \u00e1gua dosreservat\u00f3rios da capital cearense&#8211; Racionamento d\u2019\u00e1gua em Fortaleza 1993-1994 e 1997-1998 &#8211; D\u00e9cada bastante afetada pelos efeitos do El Ni\u00f1o&#8211; DNOCS \u00e9 extinto em 1995, sendo reestabelecido noin\u00edcio dos anos 2000 como autarquia especial&#8211; Cria\u00e7\u00e3o da COGERH e in\u00edcio do processo de aloca\u00e7\u00e3ode \u00e1gua&#8211; Constru\u00e7\u00e3o do Canal do Trabalhador&#8211; Perda de animais e lavouras&#8211; 57% da produ\u00e7\u00e3o agr\u00edcola da regi\u00e3o Nordeste foiperdida&#8211; Preju\u00edzo estimado em 5% do PIB nordestino&#8211; Aumento dos \u201csaques<\/p>","protected":false},"author":1,"featured_media":0,"parent":0,"menu_order":0,"comment_status":"closed","ping_status":"closed","template":"elementor_header_footer","meta":{"nf_dc_page":"","footnotes":""},"class_list":["post-251","page","type-page","status-publish","hentry"],"jetpack_sharing_enabled":true,"_links":{"self":[{"href":"https:\/\/cepas.ufc.br\/en\/wp-json\/wp\/v2\/pages\/251","targetHints":{"allow":["GET"]}}],"collection":[{"href":"https:\/\/cepas.ufc.br\/en\/wp-json\/wp\/v2\/pages"}],"about":[{"href":"https:\/\/cepas.ufc.br\/en\/wp-json\/wp\/v2\/types\/page"}],"author":[{"embeddable":true,"href":"https:\/\/cepas.ufc.br\/en\/wp-json\/wp\/v2\/users\/1"}],"replies":[{"embeddable":true,"href":"https:\/\/cepas.ufc.br\/en\/wp-json\/wp\/v2\/comments?post=251"}],"version-history":[{"count":5,"href":"https:\/\/cepas.ufc.br\/en\/wp-json\/wp\/v2\/pages\/251\/revisions"}],"predecessor-version":[{"id":1762,"href":"https:\/\/cepas.ufc.br\/en\/wp-json\/wp\/v2\/pages\/251\/revisions\/1762"}],"wp:attachment":[{"href":"https:\/\/cepas.ufc.br\/en\/wp-json\/wp\/v2\/media?parent=251"}],"curies":[{"name":"wp","href":"https:\/\/api.w.org\/{rel}","templated":true}]}}