{"id":1084,"date":"2024-12-02T13:52:24","date_gmt":"2024-12-02T13:52:24","guid":{"rendered":"https:\/\/cepas.ufc.br\/?page_id=1084"},"modified":"2024-12-20T13:23:06","modified_gmt":"2024-12-20T13:23:06","slug":"planos-de-regioes-hidrograficas-e-planos-proativos-de-secas-desenvolvimento-de-ferramentas-tecnologicas-de-gestao-para-o-planejamento-dos-recursos-hidricos-do-estado-do-ceara-seguranca-hidrica-e-pla","status":"publish","type":"page","link":"https:\/\/cepas.ufc.br\/pt_br\/planos-de-regioes-hidrograficas-e-planos-proativos-de-secas-desenvolvimento-de-ferramentas-tecnologicas-de-gestao-para-o-planejamento-dos-recursos-hidricos-do-estado-do-ceara-seguranca-hidrica-e-pla\/","title":{"rendered":"Planos de Regi\u00f5es Hidrogr\u00e1ficas e Planos Proativos de Secas: Desenvolvimento de Ferramentas Tecnol\u00f3gicas de Gest\u00e3o para o Planejamento dos Recursos H\u00eddricos do Estado do Cear\u00e1: Seguran\u00e7a H\u00eddrica e Planejamento de Secas"},"content":{"rendered":"\t\t<div data-elementor-type=\"wp-page\" data-elementor-id=\"1084\" class=\"elementor elementor-1084\">\n\t\t\t\t\t\t<section class=\"elementor-section elementor-top-section elementor-element elementor-element-86eb6e1 elementor-section-boxed elementor-section-height-default elementor-section-height-default wpr-particle-no wpr-jarallax-no wpr-parallax-no wpr-sticky-section-no wpr-equal-height-no\" data-id=\"86eb6e1\" data-element_type=\"section\" data-e-type=\"section\" data-settings=\"{&quot;background_background&quot;:&quot;classic&quot;}\">\n\t\t\t\t\t\t<div class=\"elementor-container elementor-column-gap-no\">\n\t\t\t\t\t<div class=\"elementor-column elementor-col-100 elementor-top-column elementor-element elementor-element-93755a1\" data-id=\"93755a1\" data-element_type=\"column\" data-e-type=\"column\">\n\t\t\t<div class=\"elementor-widget-wrap elementor-element-populated\">\n\t\t\t\t\t\t<div class=\"elementor-element elementor-element-9c847f1 elementor-invisible elementor-widget elementor-widget-heading\" data-id=\"9c847f1\" data-element_type=\"widget\" data-e-type=\"widget\" data-settings=\"{&quot;_animation&quot;:&quot;fadeInUp&quot;}\" data-widget_type=\"heading.default\">\n\t\t\t\t<div class=\"elementor-widget-container\">\n\t\t\t\t\t<h3 class=\"elementor-heading-title elementor-size-default\">Planos de Regi\u00f5es Hidrogr\u00e1ficas e Planos Proativos de Secas: Desenvolvimento de Ferramentas Tecnol\u00f3gicas de Gest\u00e3o para o Planejamento dos Recursos H\u00eddricos do Estado do Cear\u00e1: Seguran\u00e7a H\u00eddrica e Planejamento de Secas\n<\/h3>\t\t\t\t<\/div>\n\t\t\t\t<\/div>\n\t\t\t\t<div class=\"elementor-element elementor-element-9605d01 elementor-invisible elementor-widget elementor-widget-text-editor\" data-id=\"9605d01\" data-element_type=\"widget\" data-e-type=\"widget\" data-settings=\"{&quot;_animation&quot;:&quot;fadeInUp&quot;,&quot;_animation_delay&quot;:200}\" data-widget_type=\"text-editor.default\">\n\t\t\t\t<div class=\"elementor-widget-container\">\n\t\t\t\t\t\t\t\t\t<form action=\"https:\/\/aguacientistachefe.ufc.br\/projetos\/pspb\/plano-de-seca\/\" method=\"get\">\n<div class=\"subpages\">\n<h5><strong>Objetivo:<\/strong><\/h5>\n<h5>Desenvolver um plano de a\u00e7\u00f5es para gest\u00e3o de recursos h\u00eddricos em situa\u00e7\u00e3o de escassez atrav\u00e9s da elabora\u00e7\u00e3o de metodologias, diretrizes estrat\u00e9gicas e operacionais com o prop\u00f3sito de aperfei\u00e7oar o planejamento de bacias hidrogr\u00e1ficas, articulando tr\u00eas componentes integrados: Aloca\u00e7\u00e3o de \u00c1gua, o Plano de Seguran\u00e7a H\u00eddrica e o Plano de Gest\u00e3o de Secas.<\/h5>\n<\/div>\n<\/form>\t\t\t\t\t\t\t\t<\/div>\n\t\t\t\t<\/div>\n\t\t\t\t<section class=\"elementor-section elementor-inner-section elementor-element elementor-element-b087ba9 elementor-section-full_width elementor-section-height-default elementor-section-height-default wpr-particle-no wpr-jarallax-no wpr-parallax-no wpr-sticky-section-no wpr-equal-height-no\" data-id=\"b087ba9\" data-element_type=\"section\" data-e-type=\"section\">\n\t\t\t\t\t\t<div class=\"elementor-container elementor-column-gap-no\">\n\t\t\t\t\t<div class=\"elementor-column elementor-col-50 elementor-inner-column elementor-element elementor-element-e097bdb\" data-id=\"e097bdb\" data-element_type=\"column\" data-e-type=\"column\">\n\t\t\t<div class=\"elementor-widget-wrap elementor-element-populated\">\n\t\t\t\t\t\t<div class=\"elementor-element elementor-element-876e77a eael-infobox-content-align--left eael-infobox-shape-square eael-infobox-hover-img-shape-square elementor-invisible elementor-widget elementor-widget-eael-info-box\" data-id=\"876e77a\" data-element_type=\"widget\" data-e-type=\"widget\" data-settings=\"{&quot;_animation&quot;:&quot;fadeInLeft&quot;}\" data-widget_type=\"eael-info-box.default\">\n\t\t\t\t<div class=\"elementor-widget-container\">\n\t\t\t\t\t            <a href=\"https:\/\/cepas.ufc.br\/planos-de-gestao-proativa-de-secas\/\">\n\t            <div class=\"eael-infobox icon-on-top\">\n\t            <div class=\"infobox-icon\">\n\n                            <img decoding=\"async\" src=\"https:\/\/i0.wp.com\/cepas.ufc.br\/wp-content\/uploads\/2024\/12\/LOGO-GERAL.png?fit=1080%2C1080&#038;ssl=1\" alt=\"\">\n            \n            \n            \n        <\/div>\n            <div class=\"infobox-content\">\n                    <div class=\"infobox-title-section\">\n                <h2 class=\"title\">Planos de Gest\u00e3o Proativa de Secas<\/h2>            <\/div>\n                    <\/div>\n            <\/div>\n\n\t\t            <\/a>\n\t\t\t\t\t\t<\/div>\n\t\t\t\t<\/div>\n\t\t\t\t\t<\/div>\n\t\t<\/div>\n\t\t\t\t<div class=\"elementor-column elementor-col-50 elementor-inner-column elementor-element elementor-element-a6a4998\" data-id=\"a6a4998\" data-element_type=\"column\" data-e-type=\"column\">\n\t\t\t<div class=\"elementor-widget-wrap elementor-element-populated\">\n\t\t\t\t\t\t<div class=\"elementor-element elementor-element-a7476d0 eael-infobox-content-align--left eael-infobox-shape-square eael-infobox-hover-img-shape-square elementor-invisible elementor-widget elementor-widget-eael-info-box\" data-id=\"a7476d0\" data-element_type=\"widget\" data-e-type=\"widget\" data-settings=\"{&quot;_animation&quot;:&quot;fadeInLeft&quot;}\" data-widget_type=\"eael-info-box.default\">\n\t\t\t\t<div class=\"elementor-widget-container\">\n\t\t\t\t\t            <a href=\"https:\/\/cepas.ufc.br\/regioes-hidrograficas\/\">\n\t            <div class=\"eael-infobox icon-on-top\">\n\t            <div class=\"infobox-icon\">\n\n                            <img decoding=\"async\" src=\"https:\/\/i0.wp.com\/cepas.ufc.br\/wp-content\/uploads\/2024\/11\/LOGO-OFICIAL-2.png?fit=1080%2C1080&#038;ssl=1\" alt=\"\">\n            \n            \n            \n        <\/div>\n            <div class=\"infobox-content\">\n                    <div class=\"infobox-title-section\">\n                <h2 class=\"title\">Planos de Recursos H\u00eddricos das Regi\u00f5es Hidrogr\u00e1ficas do Cear\u00e1: Planos de Regi\u00f5es Hidrogr\u00e1ficas<\/h2>            <\/div>\n                    <\/div>\n            <\/div>\n\n\t\t            <\/a>\n\t\t\t\t\t\t<\/div>\n\t\t\t\t<\/div>\n\t\t\t\t\t<\/div>\n\t\t<\/div>\n\t\t\t\t\t<\/div>\n\t\t<\/section>\n\t\t\t\t\t<\/div>\n\t\t<\/div>\n\t\t\t\t\t<\/div>\n\t\t<\/section>\n\t\t\t\t<\/div>\n\t\t","protected":false},"excerpt":{"rendered":"<p>Planos de Regi\u00f5es Hidrogr\u00e1ficas e Planos Proativos de Secas: Desenvolvimento de Ferramentas Tecnol\u00f3gicas de Gest\u00e3o para o Planejamento dos Recursos H\u00eddricos do Estado do Cear\u00e1: Seguran\u00e7a H\u00eddrica e Planejamento de Secas Objetivo: Desenvolver um plano de a\u00e7\u00f5es para gest\u00e3o de recursos h\u00eddricos em situa\u00e7\u00e3o de escassez atrav\u00e9s da elabora\u00e7\u00e3o de metodologias, diretrizes estrat\u00e9gicas e operacionais com o prop\u00f3sito de aperfei\u00e7oar o planejamento de bacias hidrogr\u00e1ficas, articulando tr\u00eas componentes integrados: Aloca\u00e7\u00e3o de \u00c1gua, o Plano de Seguran\u00e7a H\u00eddrica e o Plano de Gest\u00e3o de Secas. Planos de Gest\u00e3o Proativa de Secas Planos de Recursos H\u00eddricos das Regi\u00f5es Hidrogr\u00e1ficas do Cear\u00e1: Planos de Regi\u00f5es Hidrogr\u00e1ficas<\/p>\n","protected":false},"author":1,"featured_media":0,"parent":0,"menu_order":0,"comment_status":"closed","ping_status":"closed","template":"","meta":{"nf_dc_page":"","footnotes":""},"class_list":["post-1084","page","type-page","status-publish","hentry"],"jetpack_sharing_enabled":true,"_links":{"self":[{"href":"https:\/\/cepas.ufc.br\/pt_br\/wp-json\/wp\/v2\/pages\/1084","targetHints":{"allow":["GET"]}}],"collection":[{"href":"https:\/\/cepas.ufc.br\/pt_br\/wp-json\/wp\/v2\/pages"}],"about":[{"href":"https:\/\/cepas.ufc.br\/pt_br\/wp-json\/wp\/v2\/types\/page"}],"author":[{"embeddable":true,"href":"https:\/\/cepas.ufc.br\/pt_br\/wp-json\/wp\/v2\/users\/1"}],"replies":[{"embeddable":true,"href":"https:\/\/cepas.ufc.br\/pt_br\/wp-json\/wp\/v2\/comments?post=1084"}],"version-history":[{"count":5,"href":"https:\/\/cepas.ufc.br\/pt_br\/wp-json\/wp\/v2\/pages\/1084\/revisions"}],"predecessor-version":[{"id":1263,"href":"https:\/\/cepas.ufc.br\/pt_br\/wp-json\/wp\/v2\/pages\/1084\/revisions\/1263"}],"wp:attachment":[{"href":"https:\/\/cepas.ufc.br\/pt_br\/wp-json\/wp\/v2\/media?parent=1084"}],"curies":[{"name":"wp","href":"https:\/\/api.w.org\/{rel}","templated":true}]}}