{"id":1218,"date":"2024-12-20T12:50:30","date_gmt":"2024-12-20T12:50:30","guid":{"rendered":"https:\/\/cepas.ufc.br\/?page_id=1218"},"modified":"2025-08-21T13:42:29","modified_gmt":"2025-08-21T13:42:29","slug":"solar-spark-copy","status":"publish","type":"page","link":"https:\/\/cepas.ufc.br\/pt_br\/","title":{"rendered":"Hero pageyu,"},"content":{"rendered":"\t\t<div data-elementor-type=\"wp-page\" data-elementor-id=\"1218\" class=\"elementor elementor-1218\">\n\t\t\t\t\t\t<section class=\"elementor-section elementor-top-section elementor-element elementor-element-0870826 elementor-section-full_width elementor-section-height-default elementor-section-height-default wpr-particle-no wpr-jarallax-no wpr-parallax-no wpr-sticky-section-no wpr-equal-height-no\" data-id=\"0870826\" data-element_type=\"section\" data-e-type=\"section\" id=\"hero-section\" data-settings=\"{&quot;background_background&quot;:&quot;classic&quot;}\">\n\t\t\t\t\t\t\t<div class=\"elementor-background-overlay\"><\/div>\n\t\t\t\t\t\t\t<div class=\"elementor-container elementor-column-gap-no\">\n\t\t\t\t\t<div class=\"elementor-column elementor-col-100 elementor-top-column elementor-element elementor-element-aca0889\" data-id=\"aca0889\" data-element_type=\"column\" data-e-type=\"column\">\n\t\t\t<div class=\"elementor-widget-wrap elementor-element-populated\">\n\t\t\t\t\t\t<section class=\"elementor-section elementor-inner-section elementor-element elementor-element-dd5823c elementor-section-full_width elementor-section-height-default elementor-section-height-default wpr-particle-no wpr-jarallax-no wpr-parallax-no wpr-sticky-section-no wpr-equal-height-no\" data-id=\"dd5823c\" data-element_type=\"section\" data-e-type=\"section\">\n\t\t\t\t\t\t<div class=\"elementor-container elementor-column-gap-no\">\n\t\t\t\t\t<div class=\"elementor-column elementor-col-100 elementor-inner-column elementor-element elementor-element-c8cb4bd\" data-id=\"c8cb4bd\" data-element_type=\"column\" data-e-type=\"column\" data-settings=\"{&quot;animation&quot;:&quot;none&quot;}\">\n\t\t\t<div class=\"elementor-widget-wrap elementor-element-populated\">\n\t\t\t\t\t\t<div class=\"elementor-element elementor-element-1f59dcb elementor-widget__width-initial elementor-widget elementor-widget-heading\" data-id=\"1f59dcb\" data-element_type=\"widget\" data-e-type=\"widget\" data-widget_type=\"heading.default\">\n\t\t\t\t<div class=\"elementor-widget-container\">\n\t\t\t\t\t<h2 class=\"elementor-heading-title elementor-size-default\">Pesquisa, Desenvolvimento\ne Inova\u00e7\u00e3o em Gest\u00e3o de\n\u00c1guas e Secas<\/h2>\t\t\t\t<\/div>\n\t\t\t\t<\/div>\n\t\t\t\t\t<\/div>\n\t\t<\/div>\n\t\t\t\t\t<\/div>\n\t\t<\/section>\n\t\t\t\t\t<\/div>\n\t\t<\/div>\n\t\t\t\t\t<\/div>\n\t\t<\/section>\n\t\t\t\t<section class=\"elementor-section elementor-top-section elementor-element elementor-element-b5ac8fa elementor-section-boxed elementor-section-height-default elementor-section-height-default wpr-particle-no wpr-jarallax-no wpr-parallax-no wpr-sticky-section-no wpr-equal-height-no\" data-id=\"b5ac8fa\" data-element_type=\"section\" data-e-type=\"section\" id=\"info-section\" data-settings=\"{&quot;background_background&quot;:&quot;classic&quot;}\">\n\t\t\t\t\t\t<div class=\"elementor-container elementor-column-gap-no\">\n\t\t\t\t\t<div class=\"elementor-column elementor-col-50 elementor-top-column elementor-element elementor-element-758de8d elementor-invisible\" data-id=\"758de8d\" data-element_type=\"column\" data-e-type=\"column\" data-settings=\"{&quot;animation&quot;:&quot;fadeInRight&quot;}\">\n\t\t\t<div class=\"elementor-widget-wrap elementor-element-populated\">\n\t\t\t\t\t\t<div class=\"elementor-element elementor-element-3f0d6a3 elementor-widget elementor-widget-heading\" data-id=\"3f0d6a3\" data-element_type=\"widget\" data-e-type=\"widget\" data-widget_type=\"heading.default\">\n\t\t\t\t<div class=\"elementor-widget-container\">\n\t\t\t\t\t<h2 class=\"elementor-heading-title elementor-size-default\">cENTRO ESTRAT\u00c9GICO DE EXCEL\u00caNCIA EM POL\u00cdTICAS DE \u00c1GUAS E SECAS - CEPAS<\/h2>\t\t\t\t<\/div>\n\t\t\t\t<\/div>\n\t\t\t\t<div class=\"elementor-element elementor-element-7ec10a6 elementor-widget elementor-widget-text-editor\" data-id=\"7ec10a6\" data-element_type=\"widget\" data-e-type=\"widget\" data-widget_type=\"text-editor.default\">\n\t\t\t\t<div class=\"elementor-widget-container\">\n\t\t\t\t\t\t\t\t\t<p>Vinculado \u00e0 Universidade Federal do Cear\u00e1 &#8211; UFC e com uma abordagem multidisciplinar, o CEPAS visa promover a seguran\u00e7a h\u00eddrica e a sustentabilidade dos usos sociais e ecossist\u00eamicos da \u00e1gua.<\/p>\t\t\t\t\t\t\t\t<\/div>\n\t\t\t\t<\/div>\n\t\t\t\t<div class=\"elementor-element elementor-element-146ca77 elementor-mobile-align-center elementor-tablet-align-center elementor-widget elementor-widget-button\" data-id=\"146ca77\" data-element_type=\"widget\" data-e-type=\"widget\" data-widget_type=\"button.default\">\n\t\t\t\t<div class=\"elementor-widget-container\">\n\t\t\t\t\t\t\t\t\t<div class=\"elementor-button-wrapper\">\n\t\t\t\t\t<a class=\"elementor-button elementor-button-link elementor-size-sm elementor-animation-grow\" href=\"https:\/\/cepas.ufc.br\/quem-somos\/\">\n\t\t\t\t\t\t<span class=\"elementor-button-content-wrapper\">\n\t\t\t\t\t\t\t\t\t<span class=\"elementor-button-text\">Saiba Mais<\/span>\n\t\t\t\t\t<\/span>\n\t\t\t\t\t<\/a>\n\t\t\t\t<\/div>\n\t\t\t\t\t\t\t\t<\/div>\n\t\t\t\t<\/div>\n\t\t\t\t\t<\/div>\n\t\t<\/div>\n\t\t\t\t<div class=\"elementor-column elementor-col-50 elementor-top-column elementor-element elementor-element-722e83b\" data-id=\"722e83b\" data-element_type=\"column\" data-e-type=\"column\">\n\t\t\t<div class=\"elementor-widget-wrap elementor-element-populated\">\n\t\t\t\t\t\t<div class=\"elementor-element elementor-element-d77b349 elementor-widget elementor-widget-image\" data-id=\"d77b349\" data-element_type=\"widget\" data-e-type=\"widget\" data-widget_type=\"image.default\">\n\t\t\t\t<div class=\"elementor-widget-container\">\n\t\t\t\t\t\t\t\t\t\t\t\t\t\t\t<img fetchpriority=\"high\" decoding=\"async\" width=\"800\" height=\"450\" src=\"https:\/\/i0.wp.com\/cepas.ufc.br\/wp-content\/uploads\/2025\/04\/Design-sem-nome-1.png?fit=800%2C450&amp;ssl=1\" class=\"attachment-large size-large wp-image-1706\" alt=\"\" srcset=\"https:\/\/i0.wp.com\/cepas.ufc.br\/wp-content\/uploads\/2025\/04\/Design-sem-nome-1.png?w=1280&amp;ssl=1 1280w, https:\/\/i0.wp.com\/cepas.ufc.br\/wp-content\/uploads\/2025\/04\/Design-sem-nome-1.png?resize=300%2C169&amp;ssl=1 300w, https:\/\/i0.wp.com\/cepas.ufc.br\/wp-content\/uploads\/2025\/04\/Design-sem-nome-1.png?resize=1024%2C576&amp;ssl=1 1024w, https:\/\/i0.wp.com\/cepas.ufc.br\/wp-content\/uploads\/2025\/04\/Design-sem-nome-1.png?resize=768%2C432&amp;ssl=1 768w\" sizes=\"(max-width: 800px) 100vw, 800px\" \/>\t\t\t\t\t\t\t\t\t\t\t\t\t\t\t<\/div>\n\t\t\t\t<\/div>\n\t\t\t\t\t<\/div>\n\t\t<\/div>\n\t\t\t\t\t<\/div>\n\t\t<\/section>\n\t\t<div class=\"elementor-element elementor-element-97d41df e-flex e-con-boxed wpr-particle-no wpr-jarallax-no wpr-parallax-no wpr-sticky-section-no wpr-equal-height-no e-con e-parent\" data-id=\"97d41df\" data-element_type=\"container\" data-e-type=\"container\">\n\t\t\t\t\t<div class=\"e-con-inner\">\n\t\t\t\t\t<\/div>\n\t\t\t\t<\/div>\n\t\t\t\t<section class=\"elementor-section elementor-top-section elementor-element elementor-element-d963431 elementor-section-boxed elementor-section-height-default elementor-section-height-default wpr-particle-no wpr-jarallax-no wpr-parallax-no wpr-sticky-section-no wpr-equal-height-no\" data-id=\"d963431\" data-element_type=\"section\" data-e-type=\"section\">\n\t\t\t\t\t\t<div class=\"elementor-container elementor-column-gap-no\">\n\t\t\t\t\t<div class=\"elementor-column elementor-col-100 elementor-top-column elementor-element elementor-element-93dc4cf\" data-id=\"93dc4cf\" data-element_type=\"column\" data-e-type=\"column\">\n\t\t\t<div class=\"elementor-widget-wrap elementor-element-populated\">\n\t\t\t\t\t\t<section class=\"elementor-section elementor-inner-section elementor-element elementor-element-453ec81 elementor-section-boxed elementor-section-height-default elementor-section-height-default wpr-particle-no wpr-jarallax-no wpr-parallax-no wpr-sticky-section-no wpr-equal-height-no elementor-invisible\" data-id=\"453ec81\" data-element_type=\"section\" data-e-type=\"section\" data-settings=\"{&quot;animation&quot;:&quot;zoomIn&quot;}\">\n\t\t\t\t\t\t<div class=\"elementor-container elementor-column-gap-no\">\n\t\t\t\t\t<div class=\"elementor-column elementor-col-100 elementor-inner-column elementor-element elementor-element-4bfe166\" data-id=\"4bfe166\" data-element_type=\"column\" data-e-type=\"column\">\n\t\t\t<div class=\"elementor-widget-wrap elementor-element-populated\">\n\t\t\t\t\t\t<div class=\"elementor-element elementor-element-f042b4f elementor-widget elementor-widget-heading\" data-id=\"f042b4f\" data-element_type=\"widget\" data-e-type=\"widget\" data-widget_type=\"heading.default\">\n\t\t\t\t<div class=\"elementor-widget-container\">\n\t\t\t\t\t<h2 class=\"elementor-heading-title elementor-size-default\">Projetos<\/h2>\t\t\t\t<\/div>\n\t\t\t\t<\/div>\n\t\t\t\t\t<\/div>\n\t\t<\/div>\n\t\t\t\t\t<\/div>\n\t\t<\/section>\n\t\t\t\t<div class=\"elementor-element elementor-element-141b3e5 bdt-pagination-hide-yes bdt-carousel-style-carousel elementor-widget elementor-widget-prime-slider-tango\" data-id=\"141b3e5\" data-element_type=\"widget\" data-e-type=\"widget\" data-widget_type=\"prime-slider-tango.default\">\n\t\t\t\t<div class=\"elementor-widget-container\">\n\t\t\t\t\t\t\t<div class=\"bdt-prime-slider\">\n\t\t<div id=\"bdt-prime-slider-141b3e5\" class=\"bdt-prime-slider-tango elementor-swiper\" data-settings=\"{&quot;autoplay&quot;:{&quot;delay&quot;:5000},&quot;loop&quot;:true,&quot;speed&quot;:900,&quot;slidesPerView&quot;:1,&quot;slidesPerGroup&quot;:1,&quot;centeredSlides&quot;:true,&quot;effect&quot;:&quot;carousel&quot;,&quot;breakpoints&quot;:{&quot;768&quot;:{&quot;slidesPerView&quot;:3,&quot;spaceBetween&quot;:30,&quot;slidesPerGroup&quot;:1},&quot;1024&quot;:{&quot;slidesPerView&quot;:3,&quot;spaceBetween&quot;:40,&quot;slidesPerGroup&quot;:1}},&quot;navigation&quot;:{&quot;nextEl&quot;:&quot;#bdt-prime-slider-141b3e5 .bdt-navigation-next&quot;,&quot;prevEl&quot;:&quot;#bdt-prime-slider-141b3e5 .bdt-navigation-prev&quot;},&quot;pagination&quot;:{&quot;el&quot;:&quot;#bdt-prime-slider-141b3e5 .swiper-pagination&quot;,&quot;clickable&quot;:&quot;true&quot;},&quot;coverflowEffect&quot;:{&quot;rotate&quot;:0,&quot;stretch&quot;:180,&quot;depth&quot;:100,&quot;modifier&quot;:1,&quot;slideShadows&quot;:true}}\">\n\t\t\t<div class=\"swiper-tango swiper\" role=\"region\" aria-roledescription=\"carousel\" aria-label=\"Tango Slider\" dir=\"ltr\">\n\t\t\t\t<div class=\"swiper-wrapper\">\n\t\t\n            <div class=\"swiper-slide bdt-item\">\n\t\t\t\t<div class=\"bdt-image-wrap\">\n\t\t\t\t\t<img decoding=\"async\" width=\"1080\" height=\"1080\" src=\"https:\/\/i0.wp.com\/cepas.ufc.br\/wp-content\/uploads\/2024\/12\/Frame-162.png?fit=1080%2C1080&amp;ssl=1\" class=\"bdt-img\" alt=\" Planos de Regi\u00f5es Hidrogr\u00e1ficas e Planos Proativos de Secas\" srcset=\"https:\/\/i0.wp.com\/cepas.ufc.br\/wp-content\/uploads\/2024\/12\/Frame-162.png?w=1080&amp;ssl=1 1080w, https:\/\/i0.wp.com\/cepas.ufc.br\/wp-content\/uploads\/2024\/12\/Frame-162.png?resize=300%2C300&amp;ssl=1 300w, https:\/\/i0.wp.com\/cepas.ufc.br\/wp-content\/uploads\/2024\/12\/Frame-162.png?resize=1024%2C1024&amp;ssl=1 1024w, https:\/\/i0.wp.com\/cepas.ufc.br\/wp-content\/uploads\/2024\/12\/Frame-162.png?resize=150%2C150&amp;ssl=1 150w, https:\/\/i0.wp.com\/cepas.ufc.br\/wp-content\/uploads\/2024\/12\/Frame-162.png?resize=768%2C768&amp;ssl=1 768w, https:\/\/i0.wp.com\/cepas.ufc.br\/wp-content\/uploads\/2024\/12\/Frame-162.png?resize=100%2C100&amp;ssl=1 100w\" sizes=\"(max-width: 800px) 100vw, 800px\" \/>\t\t\t\t<\/div>\n\t\t\t\t<div class=\"bdt-content-wrap\">\n\n\t\t\t\t\n\t\t\t\t\t\t\t\t\t\t\t<h1 class=\"bdt-title\" data-reveal=\"reveal-active\">\n\t\t\t\t\t\t\t\t\t\t\t\t\t\t\t<a href=\"https:\/\/cepas.ufc.br\/planos-de-regioes-hidrograficas-e-planos-proativos-de-secas-desenvolvimento-de-ferramentas-tecnologicas-de-gestao-para-o-planejamento-dos-recursos-hidricos-do-estado-do-ceara-seguranca-hidrica-e-pla\/\">\n\t\t\t\t\t\t\t\t\t\t\t\t\t\t\t\t<span class=\"frist-word\"><\/span> Planos de Regi\u00f5es Hidrogr\u00e1ficas e Planos Proativos de Secas\t\t\t\t\t\t\t\t\t\t\t\t\t\t\t\t<\/a>\n\t\t\t\t\t\t\t\t\t\t\t\t\t<\/h1>\n\t\t\t\t\t\t\t\t\t<\/div>\n\t\t\t\t\t\t\t<\/div>\n\n        \n            <div class=\"swiper-slide bdt-item\">\n\t\t\t\t<div class=\"bdt-image-wrap\">\n\t\t\t\t\t<img decoding=\"async\" width=\"1080\" height=\"1080\" src=\"https:\/\/i0.wp.com\/cepas.ufc.br\/wp-content\/uploads\/2024\/12\/Frame-11%402x-e1745847881133.png?fit=1080%2C1080&amp;ssl=1\" class=\"bdt-img\" alt=\"Alocar\" \/>\t\t\t\t<\/div>\n\t\t\t\t<div class=\"bdt-content-wrap\">\n\n\t\t\t\t\n\t\t\t\t\t\t\t\t\t\t\t<h1 class=\"bdt-title\" data-reveal=\"reveal-active\">\n\t\t\t\t\t\t\t\t\t\t\t\t\t\t\t<a href=\"https:\/\/cepas.ufc.br\/alocar\/\">\n\t\t\t\t\t\t\t\t\t\t\t\t\t\t\t\t<span class=\"frist-word\">Alocar<\/span> \t\t\t\t\t\t\t\t\t\t\t\t\t\t\t\t<\/a>\n\t\t\t\t\t\t\t\t\t\t\t\t\t<\/h1>\n\t\t\t\t\t\t\t\t\t<\/div>\n\t\t\t\t\t\t\t<\/div>\n\n        \n            <div class=\"swiper-slide bdt-item\">\n\t\t\t\t<div class=\"bdt-image-wrap\">\n\t\t\t\t\t<img loading=\"lazy\" decoding=\"async\" width=\"1080\" height=\"1080\" src=\"https:\/\/i0.wp.com\/cepas.ufc.br\/wp-content\/uploads\/2024\/12\/Frame-182.png?fit=1080%2C1080&amp;ssl=1\" class=\"bdt-img\" alt=\" Revis\u00e3o, desenvolvimento e aprimoramento da regula\u00e7\u00e3o dos servi\u00e7os h\u00eddricos no Brasil\" srcset=\"https:\/\/i0.wp.com\/cepas.ufc.br\/wp-content\/uploads\/2024\/12\/Frame-182.png?w=1080&amp;ssl=1 1080w, https:\/\/i0.wp.com\/cepas.ufc.br\/wp-content\/uploads\/2024\/12\/Frame-182.png?resize=300%2C300&amp;ssl=1 300w, https:\/\/i0.wp.com\/cepas.ufc.br\/wp-content\/uploads\/2024\/12\/Frame-182.png?resize=1024%2C1024&amp;ssl=1 1024w, https:\/\/i0.wp.com\/cepas.ufc.br\/wp-content\/uploads\/2024\/12\/Frame-182.png?resize=150%2C150&amp;ssl=1 150w, https:\/\/i0.wp.com\/cepas.ufc.br\/wp-content\/uploads\/2024\/12\/Frame-182.png?resize=768%2C768&amp;ssl=1 768w, https:\/\/i0.wp.com\/cepas.ufc.br\/wp-content\/uploads\/2024\/12\/Frame-182.png?resize=100%2C100&amp;ssl=1 100w\" sizes=\"(max-width: 800px) 100vw, 800px\" \/>\t\t\t\t<\/div>\n\t\t\t\t<div class=\"bdt-content-wrap\">\n\n\t\t\t\t\n\t\t\t\t\t\t\t\t\t\t\t<h1 class=\"bdt-title\" data-reveal=\"reveal-active\">\n\t\t\t\t\t\t\t\t\t\t\t\t\t\t\t<a href=\"https:\/\/cepas.ufc.br\/regulacao-dos-servicos-hidricos\/\">\n\t\t\t\t\t\t\t\t\t\t\t\t\t\t\t\t<span class=\"frist-word\"><\/span> Revis\u00e3o, desenvolvimento e aprimoramento da regula\u00e7\u00e3o dos servi\u00e7os h\u00eddricos no Brasil\t\t\t\t\t\t\t\t\t\t\t\t\t\t\t\t<\/a>\n\t\t\t\t\t\t\t\t\t\t\t\t\t<\/h1>\n\t\t\t\t\t\t\t\t\t<\/div>\n\t\t\t\t\t\t\t<\/div>\n\n        \n            <div class=\"swiper-slide bdt-item\">\n\t\t\t\t<div class=\"bdt-image-wrap\">\n\t\t\t\t\t<img loading=\"lazy\" decoding=\"async\" width=\"1080\" height=\"1080\" src=\"https:\/\/i0.wp.com\/cepas.ufc.br\/wp-content\/uploads\/2024\/12\/Frame-20.png?fit=1080%2C1080&amp;ssl=1\" class=\"bdt-img\" alt=\" Planos de Gest\u00e3o Proativa de Secas em Hidrossistemas\" srcset=\"https:\/\/i0.wp.com\/cepas.ufc.br\/wp-content\/uploads\/2024\/12\/Frame-20.png?w=1080&amp;ssl=1 1080w, https:\/\/i0.wp.com\/cepas.ufc.br\/wp-content\/uploads\/2024\/12\/Frame-20.png?resize=300%2C300&amp;ssl=1 300w, https:\/\/i0.wp.com\/cepas.ufc.br\/wp-content\/uploads\/2024\/12\/Frame-20.png?resize=1024%2C1024&amp;ssl=1 1024w, https:\/\/i0.wp.com\/cepas.ufc.br\/wp-content\/uploads\/2024\/12\/Frame-20.png?resize=150%2C150&amp;ssl=1 150w, https:\/\/i0.wp.com\/cepas.ufc.br\/wp-content\/uploads\/2024\/12\/Frame-20.png?resize=768%2C768&amp;ssl=1 768w, https:\/\/i0.wp.com\/cepas.ufc.br\/wp-content\/uploads\/2024\/12\/Frame-20.png?resize=100%2C100&amp;ssl=1 100w\" sizes=\"(max-width: 800px) 100vw, 800px\" \/>\t\t\t\t<\/div>\n\t\t\t\t<div class=\"bdt-content-wrap\">\n\n\t\t\t\t\n\t\t\t\t\t\t\t\t\t\t\t<h1 class=\"bdt-title\" data-reveal=\"reveal-active\">\n\t\t\t\t\t\t\t\t\t\t\t\t\t\t\t<a href=\"https:\/\/cepas.ufc.br\/planejamento-de-secas-hidrossistemas\/\">\n\t\t\t\t\t\t\t\t\t\t\t\t\t\t\t\t<span class=\"frist-word\"><\/span> Planos de Gest\u00e3o Proativa de Secas em Hidrossistemas\t\t\t\t\t\t\t\t\t\t\t\t\t\t\t\t<\/a>\n\t\t\t\t\t\t\t\t\t\t\t\t\t<\/h1>\n\t\t\t\t\t\t\t\t\t<\/div>\n\t\t\t\t\t\t\t<\/div>\n\n        \t\t\t\t<\/div>\n\t\t\t<\/div>\n\t\t\t\n\t\t\t\t\t\t\t\t\t\n\t\t\t<div class=\"swiper-pagination reveal-muted\"><\/div>\n\t\t\t<!-- <div class=\"swiper-scrollbar\"><\/div> -->\n\t\t\t\n\t\t\t\t\t\t\t\t\n\t\t\t\t\t\t<div class=\"bdt-arrows-center bdt-navigation-arrows bdt-position-z-index reveal-muted\">\n\t\t\t\t<div class=\"bdt-navigation-prev bdt-slidenav\"><i class=\"ps-wi-arrow-left-5\"><\/i><\/div>\n\t\t\t\t<div class=\"bdt-navigation-next bdt-slidenav\"><i class=\"ps-wi-arrow-right-5\"><\/i><\/div>\n\t\t\t<\/div>\n\t\t\t\n\t\t\t\t<\/div>\n\t\t<\/div>\n\n\t\t\t\t\t\t<\/div>\n\t\t\t\t<\/div>\n\t\t\t\t\t<\/div>\n\t\t<\/div>\n\t\t\t\t\t<\/div>\n\t\t<\/section>\n\t\t<div class=\"elementor-element elementor-element-f5b29fd e-flex e-con-boxed wpr-particle-no wpr-jarallax-no wpr-parallax-no wpr-sticky-section-no wpr-equal-height-no e-con e-parent\" data-id=\"f5b29fd\" data-element_type=\"container\" data-e-type=\"container\">\n\t\t\t\t\t<div class=\"e-con-inner\">\n\t\t\t\t<div class=\"elementor-element elementor-element-922adb8 elementor-widget elementor-widget-heading\" data-id=\"922adb8\" data-element_type=\"widget\" data-e-type=\"widget\" data-widget_type=\"heading.default\">\n\t\t\t\t<div class=\"elementor-widget-container\">\n\t\t\t\t\t<h2 class=\"elementor-heading-title elementor-size-default\">\u00daltimas Noticias<\/h2>\t\t\t\t<\/div>\n\t\t\t\t<\/div>\n\t\t\t\t<div class=\"elementor-element elementor-element-50aa625 elementor-grid-eael-col-3 elementor-grid-tablet-eael-col-3 elementor-grid-mobile-eael-col-1 elementor-invisible elementor-widget elementor-widget-eael-post-grid\" data-id=\"50aa625\" data-element_type=\"widget\" data-e-type=\"widget\" data-settings=\"{&quot;eael_post_grid_columns&quot;:&quot;eael-col-3&quot;,&quot;eael_post_grid_columns_tablet&quot;:&quot;eael-col-3&quot;,&quot;_animation&quot;:&quot;fadeInUp&quot;,&quot;eael_post_grid_columns_mobile&quot;:&quot;eael-col-1&quot;}\" data-widget_type=\"eael-post-grid.default\">\n\t\t\t\t<div class=\"elementor-widget-container\">\n\t\t\t\t\t<div id=\"eael-post-grid-50aa625\" class=\"eael-post-grid-container\">\n            <div class=\"eael-post-grid eael-post-appender eael-post-appender-50aa625 eael-post-grid-style-one\" data-layout-mode=\"grid\"><article class=\"eael-grid-post  eael-post-grid-column eael-pg-post-2148 category-cientista-chefe-recursos-hidricos-noticias\" data-id=\"2148\">\n        <div class=\"eael-grid-post-holder\">\n            <div class=\"eael-grid-post-holder-inner\"><div class=\"eael-entry-media\"><ul class=\"post-carousel-categories\"><li><a href=\"https:\/\/cepas.ufc.br\/pt_br\/category\/cientista-chefe-recursos-hidricos\/\">Cientista Chefe: recursos h\u00eddricos<\/a><\/li><\/ul><div class=\"eael-entry-overlay fade-in\"><i class=\"\" aria-hidden=\"true\"><\/i><a href=\"https:\/\/cepas.ufc.br\/pt_br\/cagece-desenvolve-plano-de-gestao-de-secas-e-coloca-o-ce-na-vanguarda-nacional\/\"><\/a><\/div><div class=\"eael-entry-thumbnail \">\n                <img loading=\"lazy\" decoding=\"async\" width=\"2560\" height=\"1699\" src=\"https:\/\/i0.wp.com\/cepas.ufc.br\/wp-content\/uploads\/2026\/01\/image.png?fit=2560%2C1699&amp;ssl=1\" class=\"attachment-full size-full wp-image-2149\" alt=\"\" srcset=\"https:\/\/i0.wp.com\/cepas.ufc.br\/wp-content\/uploads\/2026\/01\/image.png?w=2560&amp;ssl=1 2560w, https:\/\/i0.wp.com\/cepas.ufc.br\/wp-content\/uploads\/2026\/01\/image.png?resize=300%2C199&amp;ssl=1 300w, https:\/\/i0.wp.com\/cepas.ufc.br\/wp-content\/uploads\/2026\/01\/image.png?resize=1024%2C680&amp;ssl=1 1024w, https:\/\/i0.wp.com\/cepas.ufc.br\/wp-content\/uploads\/2026\/01\/image.png?resize=768%2C510&amp;ssl=1 768w, https:\/\/i0.wp.com\/cepas.ufc.br\/wp-content\/uploads\/2026\/01\/image.png?resize=1536%2C1019&amp;ssl=1 1536w, https:\/\/i0.wp.com\/cepas.ufc.br\/wp-content\/uploads\/2026\/01\/image.png?resize=2048%2C1359&amp;ssl=1 2048w, https:\/\/i0.wp.com\/cepas.ufc.br\/wp-content\/uploads\/2026\/01\/image.png?resize=18%2C12&amp;ssl=1 18w, https:\/\/i0.wp.com\/cepas.ufc.br\/wp-content\/uploads\/2026\/01\/image.png?w=1600&amp;ssl=1 1600w, https:\/\/i0.wp.com\/cepas.ufc.br\/wp-content\/uploads\/2026\/01\/image.png?w=2400&amp;ssl=1 2400w\" sizes=\"(max-width: 800px) 100vw, 800px\" \/>\n            <\/div>\n        <\/div><div class=\"eael-entry-wrapper\"><header class=\"eael-entry-header\"><h2 class=\"eael-entry-title\"><a class=\"eael-grid-post-link\" href=\"https:\/\/cepas.ufc.br\/pt_br\/cagece-desenvolve-plano-de-gestao-de-secas-e-coloca-o-ce-na-vanguarda-nacional\/\" title=\"Cagece desenvolve plano de gest\u00e3o de secas e coloca o CE na vanguarda nacional\">Cagece desenvolve plano de gest\u00e3o de secas e coloca o CE na vanguarda nacional<\/a><\/h2><\/header><div class=\"eael-entry-content\">\n                        <div class=\"eael-grid-post-excerpt\"><p>Foto: Reprodu\u00e7\u00e3o- Cagece A Companhia de \u00c1gua e Esgoto do<\/p><\/div>\n                    <\/div><div class=\"eael-entry-footer\"><div class=\"eael-entry-meta\"><\/div><\/div><\/div><\/div>\n        <\/div>\n    <\/article><article class=\"eael-grid-post  eael-post-grid-column eael-pg-post-2118 category-cientista-chefe-recursos-hidricos-noticias\" data-id=\"2118\">\n        <div class=\"eael-grid-post-holder\">\n            <div class=\"eael-grid-post-holder-inner\"><div class=\"eael-entry-media\"><ul class=\"post-carousel-categories\"><li><a href=\"https:\/\/cepas.ufc.br\/pt_br\/category\/cientista-chefe-recursos-hidricos\/\">Cientista Chefe: recursos h\u00eddricos<\/a><\/li><\/ul><div class=\"eael-entry-overlay fade-in\"><i class=\"\" aria-hidden=\"true\"><\/i><a href=\"https:\/\/cepas.ufc.br\/pt_br\/projeto-da-ufc-pretende-garantir-abastecimento-de-agua-potavel-para-escolas-do-ceara\/\"><\/a><\/div><div class=\"eael-entry-thumbnail \">\n                <img loading=\"lazy\" decoding=\"async\" width=\"520\" height=\"346\" src=\"https:\/\/i0.wp.com\/cepas.ufc.br\/wp-content\/uploads\/2025\/12\/image-13.png?fit=520%2C346&amp;ssl=1\" class=\"attachment-full size-full wp-image-2119\" alt=\"\" srcset=\"https:\/\/i0.wp.com\/cepas.ufc.br\/wp-content\/uploads\/2025\/12\/image-13.png?w=520&amp;ssl=1 520w, https:\/\/i0.wp.com\/cepas.ufc.br\/wp-content\/uploads\/2025\/12\/image-13.png?resize=300%2C200&amp;ssl=1 300w, https:\/\/i0.wp.com\/cepas.ufc.br\/wp-content\/uploads\/2025\/12\/image-13.png?resize=18%2C12&amp;ssl=1 18w\" sizes=\"(max-width: 520px) 100vw, 520px\" \/>\n            <\/div>\n        <\/div><div class=\"eael-entry-wrapper\"><header class=\"eael-entry-header\"><h2 class=\"eael-entry-title\"><a class=\"eael-grid-post-link\" href=\"https:\/\/cepas.ufc.br\/pt_br\/projeto-da-ufc-pretende-garantir-abastecimento-de-agua-potavel-para-escolas-do-ceara\/\" title=\"Projeto da UFC pretende garantir abastecimento de \u00e1gua pot\u00e1vel para escolas do Cear\u00e1\">Projeto da UFC pretende garantir abastecimento de \u00e1gua pot\u00e1vel para escolas do Cear\u00e1<\/a><\/h2><\/header><div class=\"eael-entry-content\">\n                        <div class=\"eael-grid-post-excerpt\"><p>A\u00a0Universidade Federal do Cear\u00e1 (UFC), por meio do Centro Estrat\u00e9gico<\/p><\/div>\n                    <\/div><div class=\"eael-entry-footer\"><div class=\"eael-entry-meta\"><\/div><\/div><\/div><\/div>\n        <\/div>\n    <\/article><article class=\"eael-grid-post  eael-post-grid-column eael-pg-post-2115 category-cientista-chefe-recursos-hidricos-noticias\" data-id=\"2115\">\n        <div class=\"eael-grid-post-holder\">\n            <div class=\"eael-grid-post-holder-inner\"><div class=\"eael-entry-media\"><ul class=\"post-carousel-categories\"><li><a href=\"https:\/\/cepas.ufc.br\/pt_br\/category\/cientista-chefe-recursos-hidricos\/\">Cientista Chefe: recursos h\u00eddricos<\/a><\/li><\/ul><div class=\"eael-entry-overlay fade-in\"><i class=\"\" aria-hidden=\"true\"><\/i><a href=\"https:\/\/cepas.ufc.br\/pt_br\/cogerh-e-comite-dos-sertoes-de-crateus-participam-de-workshop-do-plano-de-secas-em-cidades-em-crateus\/\"><\/a><\/div><div class=\"eael-entry-thumbnail \">\n                <img loading=\"lazy\" decoding=\"async\" width=\"600\" height=\"450\" src=\"https:\/\/i0.wp.com\/cepas.ufc.br\/wp-content\/uploads\/2025\/12\/image-12.png?fit=600%2C450&amp;ssl=1\" class=\"attachment-full size-full wp-image-2116\" alt=\"\" srcset=\"https:\/\/i0.wp.com\/cepas.ufc.br\/wp-content\/uploads\/2025\/12\/image-12.png?w=600&amp;ssl=1 600w, https:\/\/i0.wp.com\/cepas.ufc.br\/wp-content\/uploads\/2025\/12\/image-12.png?resize=300%2C225&amp;ssl=1 300w, https:\/\/i0.wp.com\/cepas.ufc.br\/wp-content\/uploads\/2025\/12\/image-12.png?resize=16%2C12&amp;ssl=1 16w\" sizes=\"(max-width: 600px) 100vw, 600px\" \/>\n            <\/div>\n        <\/div><div class=\"eael-entry-wrapper\"><header class=\"eael-entry-header\"><h2 class=\"eael-entry-title\"><a class=\"eael-grid-post-link\" href=\"https:\/\/cepas.ufc.br\/pt_br\/cogerh-e-comite-dos-sertoes-de-crateus-participam-de-workshop-do-plano-de-secas-em-cidades-em-crateus\/\" title=\"Cogerh e Comit\u00ea dos Sert\u00f5es de Crate\u00fas participam de Workshop do Plano de Secas em Cidades, em Crate\u00fas\">Cogerh e Comit\u00ea dos Sert\u00f5es de Crate\u00fas participam de Workshop do Plano de Secas em Cidades, em Crate\u00fas<\/a><\/h2><\/header><div class=\"eael-entry-content\">\n                        <div class=\"eael-grid-post-excerpt\"><p>Na segunda-feira (11), o&nbsp;Comit\u00ea da Bacia dos Sert\u00f5es de Crate\u00fas&nbsp;e<\/p><\/div>\n                    <\/div><div class=\"eael-entry-footer\"><div class=\"eael-entry-meta\"><\/div><\/div><\/div><\/div>\n        <\/div>\n    <\/article><\/div>\n            <div class=\"clearfix\"><\/div>\n        <\/div>            <div class=\"eael-load-more-button-wrap eael-force-hide\">\n                <button class=\"eael-load-more-button\" id=\"eael-load-more-btn-50aa625\" data-widget-id=\"50aa625\" data-widget=\"50aa625\" data-page-id=\"1218\" data-template=\"{&quot;dir&quot;:&quot;lite&quot;,&quot;file_name&quot;:&quot;one.php&quot;,&quot;name&quot;:&quot;Post-Grid&quot;}\" data-class=\"Essential_Addons_Elementor\\Elements\\Post_Grid\" data-layout=\"grid\" data-page=\"1\" data-args=\"orderby=date&amp;order=desc&amp;ignore_sticky_posts=1&amp;post_status=publish&amp;posts_per_page=3&amp;offset=0&amp;post_type=post\" data-max-page=\"23\">\n                    <span class=\"eael-btn-loader button__loader\"><\/span>\n                    <span class=\"eael_load_more_text\">Load More<\/span>\n                <\/button>\n            <\/div>\n            \t\t\t\t<\/div>\n\t\t\t\t<\/div>\n\t\t\t\t\t<\/div>\n\t\t\t\t<\/div>\n\t\t<div class=\"elementor-element elementor-element-7aa67b4 e-flex e-con-boxed wpr-particle-no wpr-jarallax-no wpr-parallax-no wpr-sticky-section-no wpr-equal-height-no e-con e-parent\" data-id=\"7aa67b4\" data-element_type=\"container\" data-e-type=\"container\">\n\t\t\t\t\t<div class=\"e-con-inner\">\n\t\t\t\t<div class=\"elementor-element elementor-element-c42383f elementor-widget elementor-widget-heading\" data-id=\"c42383f\" data-element_type=\"widget\" data-e-type=\"widget\" data-widget_type=\"heading.default\">\n\t\t\t\t<div class=\"elementor-widget-container\">\n\t\t\t\t\t<h2 class=\"elementor-heading-title elementor-size-default\">Eventos<\/h2>\t\t\t\t<\/div>\n\t\t\t\t<\/div>\n\t\t\t\t<div class=\"elementor-element elementor-element-4acaddb elementor-widget__width-initial elementor-widget elementor-widget-eael-event-calendar\" data-id=\"4acaddb\" data-element_type=\"widget\" data-e-type=\"widget\" data-widget_type=\"eael-event-calendar.default\">\n\t\t\t\t<div class=\"elementor-widget-container\">\n\t\t\t\t\t<div class=\"eael-event-calendar-wrapper layout-table\">\t\t<table class=\"eael-event-calendar-table ea-ec-table-paginated ea-ec-table-sortable\" data-items-per-page=\"10\">\n\t\t\t<thead>\n\t\t\t<tr style=\"display: table-row;\">\n\t\t\t\t<th>T\u00edtulo<\/th><th>Data<\/th>\t\t\t<\/tr>\n\t\t\t<\/thead>\n\t\t\t<tbody>\n\t\t\t\t\t\t<\/tbody>\n\t\t<\/table>\n\n\t\t<div class=\"eael-event-calendar-pagination ea-ec-pagination-button\"><\/div><\/div>\t\t\t\t<\/div>\n\t\t\t\t<\/div>\n\t\t\t\t\t<\/div>\n\t\t\t\t<\/div>\n\t\t\t\t<\/div>\n\t\t","protected":false},"excerpt":{"rendered":"<p>Pesquisa, Desenvolvimento e Inova\u00e7\u00e3o em Gest\u00e3o de \u00c1guas e Secas cENTRO ESTRAT\u00c9GICO DE EXCEL\u00caNCIA EM POL\u00cdTICAS DE \u00c1GUAS E SECAS &#8211; CEPAS Vinculado \u00e0 Universidade Federal do Cear\u00e1 &#8211; UFC e com uma abordagem multidisciplinar, o CEPAS visa promover a seguran\u00e7a h\u00eddrica e a sustentabilidade dos usos sociais e ecossist\u00eamicos da \u00e1gua. Saiba Mais Projetos Planos de Regi\u00f5es Hidrogr\u00e1ficas e Planos Proativos de Secas Alocar Revis\u00e3o, desenvolvimento e aprimoramento da regula\u00e7\u00e3o dos servi\u00e7os h\u00eddricos no Brasil Planos de Gest\u00e3o Proativa de Secas em Hidrossistemas \u00daltimas Noticias Cientista Chefe: recursos h\u00eddricos Comit\u00ea da Bacia do Acara\u00fa inicia constru\u00e7\u00e3o do 1\u00ba Plano de Secas da regi\u00e3o Nesta quarta-feira (6), o Comit\u00ea da Bacia Hidrogr\u00e1fica do Acara\u00fa Cientista Chefe: recursos h\u00eddricos Secas em Cidades: Evento re\u00fane t\u00e9cnicos da CAGECE para identificar aprendizados institucionais e propor a\u00e7\u00f5es estrat\u00e9gicas A ocasi\u00e3o apresenta projeto que visa fortalecer a resili\u00eancia urbana Cientista Chefe: recursos h\u00eddricos Prefeito Evandro Leit\u00e3o firma acordo de coopera\u00e7\u00e3o ambiental com a UFC A iniciativa visa a\u00e7\u00f5es conjuntas de mapeamento de \u00e1reas verdes, Load More Eventos T\u00edtulo Data<\/p>\n","protected":false},"author":1,"featured_media":0,"parent":0,"menu_order":0,"comment_status":"closed","ping_status":"closed","template":"elementor_header_footer","meta":{"nf_dc_page":"","footnotes":""},"class_list":["post-1218","page","type-page","status-publish","hentry"],"jetpack_sharing_enabled":true,"_links":{"self":[{"href":"https:\/\/cepas.ufc.br\/pt_br\/wp-json\/wp\/v2\/pages\/1218","targetHints":{"allow":["GET"]}}],"collection":[{"href":"https:\/\/cepas.ufc.br\/pt_br\/wp-json\/wp\/v2\/pages"}],"about":[{"href":"https:\/\/cepas.ufc.br\/pt_br\/wp-json\/wp\/v2\/types\/page"}],"author":[{"embeddable":true,"href":"https:\/\/cepas.ufc.br\/pt_br\/wp-json\/wp\/v2\/users\/1"}],"replies":[{"embeddable":true,"href":"https:\/\/cepas.ufc.br\/pt_br\/wp-json\/wp\/v2\/comments?post=1218"}],"version-history":[{"count":5,"href":"https:\/\/cepas.ufc.br\/pt_br\/wp-json\/wp\/v2\/pages\/1218\/revisions"}],"predecessor-version":[{"id":1956,"href":"https:\/\/cepas.ufc.br\/pt_br\/wp-json\/wp\/v2\/pages\/1218\/revisions\/1956"}],"wp:attachment":[{"href":"https:\/\/cepas.ufc.br\/pt_br\/wp-json\/wp\/v2\/media?parent=1218"}],"curies":[{"name":"wp","href":"https:\/\/api.w.org\/{rel}","templated":true}]}}