{"id":572,"date":"2024-11-15T23:42:49","date_gmt":"2024-11-15T23:42:49","guid":{"rendered":"https:\/\/cepas.ufc.br\/?page_id=572"},"modified":"2025-04-01T13:13:18","modified_gmt":"2025-04-01T13:13:18","slug":"noticia","status":"publish","type":"page","link":"https:\/\/cepas.ufc.br\/pt_br\/noticia\/","title":{"rendered":"Not\u00edcias"},"content":{"rendered":"\t\t<div data-elementor-type=\"wp-page\" data-elementor-id=\"572\" class=\"elementor elementor-572\">\n\t\t\t\t\t\t<section class=\"elementor-section elementor-top-section elementor-element elementor-element-38a8d2a1 elementor-section-height-min-height elementor-section-content-middle elementor-section-full_width elementor-section-height-default elementor-section-items-middle wpr-particle-no wpr-jarallax-no wpr-parallax-no wpr-sticky-section-no wpr-equal-height-no\" data-id=\"38a8d2a1\" data-element_type=\"section\" data-e-type=\"section\" data-settings=\"{&quot;background_background&quot;:&quot;classic&quot;,&quot;animation&quot;:&quot;none&quot;}\">\n\t\t\t\t\t\t<div class=\"elementor-container elementor-column-gap-no\">\n\t\t\t\t\t<div class=\"elementor-column elementor-col-100 elementor-top-column elementor-element elementor-element-17e82f59 elementor-invisible\" data-id=\"17e82f59\" data-element_type=\"column\" data-e-type=\"column\" data-settings=\"{&quot;animation&quot;:&quot;fadeInLeft&quot;}\">\n\t\t\t<div class=\"elementor-widget-wrap elementor-element-populated\">\n\t\t\t\t\t\t<div class=\"elementor-element elementor-element-2ecf7c3f elementor-widget elementor-widget-heading\" data-id=\"2ecf7c3f\" data-element_type=\"widget\" data-e-type=\"widget\" data-widget_type=\"heading.default\">\n\t\t\t\t<div class=\"elementor-widget-container\">\n\t\t\t\t\t<h2 class=\"elementor-heading-title elementor-size-default\">Not\u00edcias<\/h2>\t\t\t\t<\/div>\n\t\t\t\t<\/div>\n\t\t\t\t\t<\/div>\n\t\t<\/div>\n\t\t\t\t\t<\/div>\n\t\t<\/section>\n\t\t\t\t<section class=\"elementor-section elementor-top-section elementor-element elementor-element-1ed7632 elementor-section-boxed elementor-section-height-default elementor-section-height-default wpr-particle-no wpr-jarallax-no wpr-parallax-no wpr-sticky-section-no wpr-equal-height-no\" data-id=\"1ed7632\" data-element_type=\"section\" data-e-type=\"section\" data-settings=\"{&quot;background_background&quot;:&quot;classic&quot;}\">\n\t\t\t\t\t\t<div class=\"elementor-container elementor-column-gap-no\">\n\t\t\t\t\t<div class=\"elementor-column elementor-col-100 elementor-top-column elementor-element elementor-element-2cfa7a0d\" data-id=\"2cfa7a0d\" data-element_type=\"column\" data-e-type=\"column\">\n\t\t\t<div class=\"elementor-widget-wrap elementor-element-populated\">\n\t\t\t\t\t\t<section class=\"elementor-section elementor-inner-section elementor-element elementor-element-3295b5e9 elementor-section-boxed elementor-section-height-default elementor-section-height-default wpr-particle-no wpr-jarallax-no wpr-parallax-no wpr-sticky-section-no wpr-equal-height-no\" data-id=\"3295b5e9\" data-element_type=\"section\" data-e-type=\"section\">\n\t\t\t\t\t\t<div class=\"elementor-container elementor-column-gap-no\">\n\t\t\t\t\t<div class=\"elementor-column elementor-col-100 elementor-inner-column elementor-element elementor-element-31b67181\" data-id=\"31b67181\" data-element_type=\"column\" data-e-type=\"column\">\n\t\t\t<div class=\"elementor-widget-wrap elementor-element-populated\">\n\t\t\t\t\t\t<div class=\"elementor-element elementor-element-0b6df03 elementor-grid-eael-col-2 elementor-grid-tablet-eael-col-2 elementor-grid-mobile-eael-col-1 elementor-widget elementor-widget-eael-post-grid\" data-id=\"0b6df03\" data-element_type=\"widget\" data-e-type=\"widget\" data-settings=\"{&quot;eael_post_grid_columns&quot;:&quot;eael-col-2&quot;,&quot;eael_post_grid_columns_tablet&quot;:&quot;eael-col-2&quot;,&quot;eael_post_grid_columns_mobile&quot;:&quot;eael-col-1&quot;}\" data-widget_type=\"eael-post-grid.default\">\n\t\t\t\t<div class=\"elementor-widget-container\">\n\t\t\t\t\t<div id=\"eael-post-grid-0b6df03\" class=\"eael-post-grid-container\">\n            <div class=\"eael-post-grid eael-post-appender eael-post-appender-0b6df03 eael-post-grid-style-two\" data-layout-mode=\"masonry\"><article class=\"eael-grid-post  eael-post-grid-column eael-pg-post-2148 category-cientista-chefe-recursos-hidricos-noticias\" data-id=\"2148\">\n    <div class=\"eael-grid-post-holder\">\n        <div class=\"eael-grid-post-holder-inner\"><div class=\"eael-entry-media\"><div class=\"eael-entry-overlay fade-in\"><i class=\"fas fa-long-arrow-alt-right\" aria-hidden=\"true\"><\/i><a href=\"https:\/\/cepas.ufc.br\/pt_br\/cagece-desenvolve-plano-de-gestao-de-secas-e-coloca-o-ce-na-vanguarda-nacional\/\"><\/a><\/div><div class=\"eael-entry-thumbnail \">\n                            <img fetchpriority=\"high\" decoding=\"async\" width=\"2560\" height=\"1699\" src=\"https:\/\/i0.wp.com\/cepas.ufc.br\/wp-content\/uploads\/2026\/01\/image.png?fit=2560%2C1699&amp;ssl=1\" class=\"attachment-full size-full wp-image-2149\" alt=\"\" srcset=\"https:\/\/i0.wp.com\/cepas.ufc.br\/wp-content\/uploads\/2026\/01\/image.png?w=2560&amp;ssl=1 2560w, https:\/\/i0.wp.com\/cepas.ufc.br\/wp-content\/uploads\/2026\/01\/image.png?resize=300%2C199&amp;ssl=1 300w, https:\/\/i0.wp.com\/cepas.ufc.br\/wp-content\/uploads\/2026\/01\/image.png?resize=1024%2C680&amp;ssl=1 1024w, https:\/\/i0.wp.com\/cepas.ufc.br\/wp-content\/uploads\/2026\/01\/image.png?resize=768%2C510&amp;ssl=1 768w, https:\/\/i0.wp.com\/cepas.ufc.br\/wp-content\/uploads\/2026\/01\/image.png?resize=1536%2C1019&amp;ssl=1 1536w, https:\/\/i0.wp.com\/cepas.ufc.br\/wp-content\/uploads\/2026\/01\/image.png?resize=2048%2C1359&amp;ssl=1 2048w, https:\/\/i0.wp.com\/cepas.ufc.br\/wp-content\/uploads\/2026\/01\/image.png?resize=18%2C12&amp;ssl=1 18w, https:\/\/i0.wp.com\/cepas.ufc.br\/wp-content\/uploads\/2026\/01\/image.png?w=1600&amp;ssl=1 1600w, https:\/\/i0.wp.com\/cepas.ufc.br\/wp-content\/uploads\/2026\/01\/image.png?w=2400&amp;ssl=1 2400w\" sizes=\"(max-width: 800px) 100vw, 800px\" \/>\n                            <\/div>\n                    <\/div><div class=\"eael-entry-wrapper\"><header class=\"eael-entry-header\"><h2 class=\"eael-entry-title\"><a class=\"eael-grid-post-link\" href=\"https:\/\/cepas.ufc.br\/pt_br\/cagece-desenvolve-plano-de-gestao-de-secas-e-coloca-o-ce-na-vanguarda-nacional\/\" title=\"Cagece desenvolve plano de gest\u00e3o de secas e coloca o CE na vanguarda nacional\">Cagece desenvolve plano de gest\u00e3o de secas e coloca o CE na vanguarda nacional<\/a><\/h2><\/header><div class=\"eael-entry-content\">\n                                <div class=\"eael-grid-post-excerpt\"><p>Foto: Reprodu\u00e7\u00e3o- Cagece A Companhia de \u00c1gua e Esgoto do...<\/p><a href=\"https:\/\/cepas.ufc.br\/pt_br\/cagece-desenvolve-plano-de-gestao-de-secas-e-coloca-o-ce-na-vanguarda-nacional\/\" class=\"eael-post-elements-readmore-btn\">Leia mais<\/a><\/div>\n                            <\/div><div class=\"eael-entry-header-after style-two\"><div class=\"eael-entry-meta\"><span class=\"eael-meta-posted-on\"><i class=\"far fa-clock\"><\/i><time datetime=\"janeiro 19, 2026\">janeiro 19, 2026<\/time><\/span><\/div><\/div><\/div><\/div>\n    <\/div>\n<\/article><article class=\"eael-grid-post  eael-post-grid-column eael-pg-post-2118 category-cientista-chefe-recursos-hidricos-noticias\" data-id=\"2118\">\n    <div class=\"eael-grid-post-holder\">\n        <div class=\"eael-grid-post-holder-inner\"><div class=\"eael-entry-media\"><div class=\"eael-entry-overlay fade-in\"><i class=\"fas fa-long-arrow-alt-right\" aria-hidden=\"true\"><\/i><a href=\"https:\/\/cepas.ufc.br\/pt_br\/projeto-da-ufc-pretende-garantir-abastecimento-de-agua-potavel-para-escolas-do-ceara\/\"><\/a><\/div><div class=\"eael-entry-thumbnail \">\n                            <img decoding=\"async\" width=\"520\" height=\"346\" src=\"https:\/\/i0.wp.com\/cepas.ufc.br\/wp-content\/uploads\/2025\/12\/image-13.png?fit=520%2C346&amp;ssl=1\" class=\"attachment-full size-full wp-image-2119\" alt=\"\" srcset=\"https:\/\/i0.wp.com\/cepas.ufc.br\/wp-content\/uploads\/2025\/12\/image-13.png?w=520&amp;ssl=1 520w, https:\/\/i0.wp.com\/cepas.ufc.br\/wp-content\/uploads\/2025\/12\/image-13.png?resize=300%2C200&amp;ssl=1 300w, https:\/\/i0.wp.com\/cepas.ufc.br\/wp-content\/uploads\/2025\/12\/image-13.png?resize=18%2C12&amp;ssl=1 18w\" sizes=\"(max-width: 520px) 100vw, 520px\" \/>\n                            <\/div>\n                    <\/div><div class=\"eael-entry-wrapper\"><header class=\"eael-entry-header\"><h2 class=\"eael-entry-title\"><a class=\"eael-grid-post-link\" href=\"https:\/\/cepas.ufc.br\/pt_br\/projeto-da-ufc-pretende-garantir-abastecimento-de-agua-potavel-para-escolas-do-ceara\/\" title=\"Projeto da UFC pretende garantir abastecimento de \u00e1gua pot\u00e1vel para escolas do Cear\u00e1\">Projeto da UFC pretende garantir abastecimento de \u00e1gua pot\u00e1vel para escolas do Cear\u00e1<\/a><\/h2><\/header><div class=\"eael-entry-content\">\n                                <div class=\"eael-grid-post-excerpt\"><p>A\u00a0Universidade Federal do Cear\u00e1 (UFC), por meio do Centro Estrat\u00e9gico...<\/p><a href=\"https:\/\/cepas.ufc.br\/pt_br\/projeto-da-ufc-pretende-garantir-abastecimento-de-agua-potavel-para-escolas-do-ceara\/\" class=\"eael-post-elements-readmore-btn\">Leia mais<\/a><\/div>\n                            <\/div><div class=\"eael-entry-header-after style-two\"><div class=\"eael-entry-meta\"><span class=\"eael-meta-posted-on\"><i class=\"far fa-clock\"><\/i><time datetime=\"dezembro 5, 2025\">dezembro 5, 2025<\/time><\/span><\/div><\/div><\/div><\/div>\n    <\/div>\n<\/article><article class=\"eael-grid-post  eael-post-grid-column eael-pg-post-2115 category-cientista-chefe-recursos-hidricos-noticias\" data-id=\"2115\">\n    <div class=\"eael-grid-post-holder\">\n        <div class=\"eael-grid-post-holder-inner\"><div class=\"eael-entry-media\"><div class=\"eael-entry-overlay fade-in\"><i class=\"fas fa-long-arrow-alt-right\" aria-hidden=\"true\"><\/i><a href=\"https:\/\/cepas.ufc.br\/pt_br\/cogerh-e-comite-dos-sertoes-de-crateus-participam-de-workshop-do-plano-de-secas-em-cidades-em-crateus\/\"><\/a><\/div><div class=\"eael-entry-thumbnail \">\n                            <img decoding=\"async\" width=\"600\" height=\"450\" src=\"https:\/\/i0.wp.com\/cepas.ufc.br\/wp-content\/uploads\/2025\/12\/image-12.png?fit=600%2C450&amp;ssl=1\" class=\"attachment-full size-full wp-image-2116\" alt=\"\" srcset=\"https:\/\/i0.wp.com\/cepas.ufc.br\/wp-content\/uploads\/2025\/12\/image-12.png?w=600&amp;ssl=1 600w, https:\/\/i0.wp.com\/cepas.ufc.br\/wp-content\/uploads\/2025\/12\/image-12.png?resize=300%2C225&amp;ssl=1 300w, https:\/\/i0.wp.com\/cepas.ufc.br\/wp-content\/uploads\/2025\/12\/image-12.png?resize=16%2C12&amp;ssl=1 16w\" sizes=\"(max-width: 600px) 100vw, 600px\" \/>\n                            <\/div>\n                    <\/div><div class=\"eael-entry-wrapper\"><header class=\"eael-entry-header\"><h2 class=\"eael-entry-title\"><a class=\"eael-grid-post-link\" href=\"https:\/\/cepas.ufc.br\/pt_br\/cogerh-e-comite-dos-sertoes-de-crateus-participam-de-workshop-do-plano-de-secas-em-cidades-em-crateus\/\" title=\"Cogerh e Comit\u00ea dos Sert\u00f5es de Crate\u00fas participam de Workshop do Plano de Secas em Cidades, em Crate\u00fas\">Cogerh e Comit\u00ea dos Sert\u00f5es de Crate\u00fas participam de Workshop do Plano de Secas em Cidades, em Crate\u00fas<\/a><\/h2><\/header><div class=\"eael-entry-content\">\n                                <div class=\"eael-grid-post-excerpt\"><p>Na segunda-feira (11), o&nbsp;Comit\u00ea da Bacia dos Sert\u00f5es de Crate\u00fas&nbsp;e...<\/p><a href=\"https:\/\/cepas.ufc.br\/pt_br\/cogerh-e-comite-dos-sertoes-de-crateus-participam-de-workshop-do-plano-de-secas-em-cidades-em-crateus\/\" class=\"eael-post-elements-readmore-btn\">Leia mais<\/a><\/div>\n                            <\/div><div class=\"eael-entry-header-after style-two\"><div class=\"eael-entry-meta\"><span class=\"eael-meta-posted-on\"><i class=\"far fa-clock\"><\/i><time datetime=\"dezembro 5, 2025\">dezembro 5, 2025<\/time><\/span><\/div><\/div><\/div><\/div>\n    <\/div>\n<\/article><article class=\"eael-grid-post  eael-post-grid-column eael-pg-post-2112 category-cientista-chefe-recursos-hidricos-noticias\" data-id=\"2112\">\n    <div class=\"eael-grid-post-holder\">\n        <div class=\"eael-grid-post-holder-inner\"><div class=\"eael-entry-media\"><div class=\"eael-entry-overlay fade-in\"><i class=\"fas fa-long-arrow-alt-right\" aria-hidden=\"true\"><\/i><a href=\"https:\/\/cepas.ufc.br\/pt_br\/comite-do-alto-jaguaribe-aprova-plano-de-secas-para-acude-bengue-em-aiuaba\/\"><\/a><\/div><div class=\"eael-entry-thumbnail \">\n                            <img loading=\"lazy\" decoding=\"async\" width=\"600\" height=\"338\" src=\"https:\/\/i0.wp.com\/cepas.ufc.br\/wp-content\/uploads\/2025\/12\/image-11.png?fit=600%2C338&amp;ssl=1\" class=\"attachment-full size-full wp-image-2113\" alt=\"\" srcset=\"https:\/\/i0.wp.com\/cepas.ufc.br\/wp-content\/uploads\/2025\/12\/image-11.png?w=600&amp;ssl=1 600w, https:\/\/i0.wp.com\/cepas.ufc.br\/wp-content\/uploads\/2025\/12\/image-11.png?resize=300%2C169&amp;ssl=1 300w, https:\/\/i0.wp.com\/cepas.ufc.br\/wp-content\/uploads\/2025\/12\/image-11.png?resize=18%2C10&amp;ssl=1 18w\" sizes=\"(max-width: 600px) 100vw, 600px\" \/>\n                            <\/div>\n                    <\/div><div class=\"eael-entry-wrapper\"><header class=\"eael-entry-header\"><h2 class=\"eael-entry-title\"><a class=\"eael-grid-post-link\" href=\"https:\/\/cepas.ufc.br\/pt_br\/comite-do-alto-jaguaribe-aprova-plano-de-secas-para-acude-bengue-em-aiuaba\/\" title=\"Comit\u00ea do Alto Jaguaribe aprova Plano de Secas para A\u00e7ude Bengu\u00ea, em Aiuaba\">Comit\u00ea do Alto Jaguaribe aprova Plano de Secas para A\u00e7ude Bengu\u00ea, em Aiuaba<\/a><\/h2><\/header><div class=\"eael-entry-content\">\n                                <div class=\"eael-grid-post-excerpt\"><p>A Comiss\u00e3o Gestora do&nbsp;A\u00e7ude Bengu\u00ea&nbsp;e os membros do&nbsp;Comit\u00ea da Sub-bacia...<\/p><a href=\"https:\/\/cepas.ufc.br\/pt_br\/comite-do-alto-jaguaribe-aprova-plano-de-secas-para-acude-bengue-em-aiuaba\/\" class=\"eael-post-elements-readmore-btn\">Leia mais<\/a><\/div>\n                            <\/div><div class=\"eael-entry-header-after style-two\"><div class=\"eael-entry-meta\"><span class=\"eael-meta-posted-on\"><i class=\"far fa-clock\"><\/i><time datetime=\"dezembro 5, 2025\">dezembro 5, 2025<\/time><\/span><\/div><\/div><\/div><\/div>\n    <\/div>\n<\/article><\/div>\n            <div class=\"clearfix\"><\/div>\n        <\/div>            <div class=\"eael-load-more-button-wrap\">\n                <button class=\"eael-load-more-button\" id=\"eael-load-more-btn-0b6df03\" data-widget-id=\"0b6df03\" data-widget=\"0b6df03\" data-page-id=\"572\" data-template=\"{&quot;dir&quot;:&quot;lite&quot;,&quot;file_name&quot;:&quot;two.php&quot;,&quot;name&quot;:&quot;Post-Grid&quot;}\" data-class=\"Essential_Addons_Elementor\\Elements\\Post_Grid\" data-layout=\"masonry\" data-page=\"1\" data-args=\"orderby=date&amp;order=desc&amp;ignore_sticky_posts=1&amp;post_status=publish&amp;posts_per_page=4&amp;offset=0&amp;post_type=post\" data-max-page=\"17\">\n                    <span class=\"eael-btn-loader button__loader\"><\/span>\n                    <span class=\"eael_load_more_text\">Carregar mais<\/span>\n                <\/button>\n            <\/div>\n            \t\t\t\t<\/div>\n\t\t\t\t<\/div>\n\t\t\t\t\t<\/div>\n\t\t<\/div>\n\t\t\t\t\t<\/div>\n\t\t<\/section>\n\t\t\t\t\t<\/div>\n\t\t<\/div>\n\t\t\t\t\t<\/div>\n\t\t<\/section>\n\t\t\t\t<\/div>\n\t\t","protected":false},"excerpt":{"rendered":"<p>Not\u00edcias CIENTISTA CHEFE DE RECURSOS H\u00cdDRICOS DO CEAR\u00c1 APRESENTA PLANOS PARA REDU\u00c7\u00c3O DOS IMPACTOS DAS SECAS NO ESTADO O programa Quest\u00e3o de Ordem, da Alece TV (canal 31.1),&#8230; Leia mais mar\u00e7o 26, 2025 Seca em Jogo est\u00e1 entre as iniciativas contempladas para opera\u00e7\u00e3o h\u00eddrica na Bacia do Acara\u00fa, no primeiro semestre de 2025\u00a0 Realizado no munic\u00edpio cearense de Sobral, encontro reuniu parcerias e&#8230; Leia mais fevereiro 27, 2025 Cientista Chefe: Recursos H\u00eddricos apresenta dois projetos no F\u00f3rum Cearense de Comit\u00eas de Bacias do Cear\u00e1 Realizada em Fortaleza, essa \u00e9 a primeira reuni\u00e3o ordin\u00e1ria e&#8230; Leia mais fevereiro 27, 2025 Comit\u00ea do Corea\u00fa aprova 1\u00ba Plano de Secas da regi\u00e3o para A\u00e7ude Angicos Na \u00faltima quinta-feira (20), o Comit\u00ea da Bacia do Corea\u00fa&#8230; Leia mais fevereiro 21, 2025 Carregar mais<\/p>\n","protected":false},"author":1,"featured_media":0,"parent":0,"menu_order":0,"comment_status":"closed","ping_status":"closed","template":"elementor_header_footer","meta":{"nf_dc_page":"","footnotes":""},"class_list":["post-572","page","type-page","status-publish","hentry"],"jetpack_sharing_enabled":true,"_links":{"self":[{"href":"https:\/\/cepas.ufc.br\/pt_br\/wp-json\/wp\/v2\/pages\/572","targetHints":{"allow":["GET"]}}],"collection":[{"href":"https:\/\/cepas.ufc.br\/pt_br\/wp-json\/wp\/v2\/pages"}],"about":[{"href":"https:\/\/cepas.ufc.br\/pt_br\/wp-json\/wp\/v2\/types\/page"}],"author":[{"embeddable":true,"href":"https:\/\/cepas.ufc.br\/pt_br\/wp-json\/wp\/v2\/users\/1"}],"replies":[{"embeddable":true,"href":"https:\/\/cepas.ufc.br\/pt_br\/wp-json\/wp\/v2\/comments?post=572"}],"version-history":[{"count":5,"href":"https:\/\/cepas.ufc.br\/pt_br\/wp-json\/wp\/v2\/pages\/572\/revisions"}],"predecessor-version":[{"id":1573,"href":"https:\/\/cepas.ufc.br\/pt_br\/wp-json\/wp\/v2\/pages\/572\/revisions\/1573"}],"wp:attachment":[{"href":"https:\/\/cepas.ufc.br\/pt_br\/wp-json\/wp\/v2\/media?parent=572"}],"curies":[{"name":"wp","href":"https:\/\/api.w.org\/{rel}","templated":true}]}}