{"id":689,"date":"2024-11-17T20:35:06","date_gmt":"2024-11-17T20:35:06","guid":{"rendered":"https:\/\/cepas.ufc.br\/?page_id=689"},"modified":"2025-03-13T14:25:17","modified_gmt":"2025-03-13T14:25:17","slug":"regioes-hidrograficas","status":"publish","type":"page","link":"https:\/\/cepas.ufc.br\/pt_br\/regioes-hidrograficas\/","title":{"rendered":"Regi\u00f5es Hidrograficas"},"content":{"rendered":"\t\t<div data-elementor-type=\"wp-page\" data-elementor-id=\"689\" class=\"elementor elementor-689\">\n\t\t\t\t\t\t<section class=\"elementor-section elementor-top-section elementor-element elementor-element-4bdada2 elementor-section-boxed elementor-section-height-default elementor-section-height-default wpr-particle-no wpr-jarallax-no wpr-parallax-no wpr-sticky-section-no wpr-equal-height-no\" data-id=\"4bdada2\" data-element_type=\"section\" data-e-type=\"section\" data-settings=\"{&quot;background_background&quot;:&quot;classic&quot;}\">\n\t\t\t\t\t\t<div class=\"elementor-container elementor-column-gap-no\">\n\t\t\t\t\t<div class=\"elementor-column elementor-col-100 elementor-top-column elementor-element elementor-element-d263617\" data-id=\"d263617\" data-element_type=\"column\" data-e-type=\"column\">\n\t\t\t<div class=\"elementor-widget-wrap elementor-element-populated\">\n\t\t\t\t\t\t<div class=\"elementor-element elementor-element-1327a71 elementor-invisible elementor-widget elementor-widget-heading\" data-id=\"1327a71\" data-element_type=\"widget\" data-e-type=\"widget\" data-settings=\"{&quot;_animation&quot;:&quot;fadeInUp&quot;}\" data-widget_type=\"heading.default\">\n\t\t\t\t<div class=\"elementor-widget-container\">\n\t\t\t\t\t<h3 class=\"elementor-heading-title elementor-size-default\">Planos de Recursos H\u00eddricos das Regi\u00f5es Hidrogr\u00e1ficas\u00a0do\u00a0Cear\u00e1<\/h3>\t\t\t\t<\/div>\n\t\t\t\t<\/div>\n\t\t<div class=\"elementor-element elementor-element-fe5b7dc e-flex e-con-boxed wpr-particle-no wpr-jarallax-no wpr-parallax-no wpr-sticky-section-no wpr-equal-height-no e-con e-parent\" data-id=\"fe5b7dc\" data-element_type=\"container\" data-e-type=\"container\">\n\t\t\t\t\t<div class=\"e-con-inner\">\n\t\t\t\t<div class=\"elementor-element elementor-element-e0f027f elementor-widget elementor-widget-image-gallery\" data-id=\"e0f027f\" data-element_type=\"widget\" data-e-type=\"widget\" data-widget_type=\"image-gallery.default\">\n\t\t\t\t<div class=\"elementor-widget-container\">\n\t\t\t\t\t\t\t<div class=\"elementor-image-gallery\">\n\t\t\t<div id='gallery-1' class='gallery galleryid-689 gallery-columns-4 gallery-size-full'><figure class='gallery-item'>\n\t\t\t<div class='gallery-icon landscape'>\n\t\t\t\t<img fetchpriority=\"high\" width=\"304\" height=\"175\" src=\"https:\/\/i0.wp.com\/cepas.ufc.br\/wp-content\/uploads\/2024\/11\/funcap.png?fit=304%2C175&amp;ssl=1\" class=\"attachment-full size-full\" alt=\"\" decoding=\"async\" srcset=\"https:\/\/i0.wp.com\/cepas.ufc.br\/wp-content\/uploads\/2024\/11\/funcap.png?w=304&amp;ssl=1 304w, https:\/\/i0.wp.com\/cepas.ufc.br\/wp-content\/uploads\/2024\/11\/funcap.png?resize=300%2C173&amp;ssl=1 300w\" sizes=\"(max-width: 304px) 100vw, 304px\" \/>\n\t\t\t<\/div><\/figure><figure class='gallery-item'>\n\t\t\t<div class='gallery-icon landscape'>\n\t\t\t\t<img width=\"304\" height=\"175\" src=\"https:\/\/i0.wp.com\/cepas.ufc.br\/wp-content\/uploads\/2024\/11\/Frame-19-1.png?fit=304%2C175&amp;ssl=1\" class=\"attachment-full size-full\" alt=\"\" decoding=\"async\" srcset=\"https:\/\/i0.wp.com\/cepas.ufc.br\/wp-content\/uploads\/2024\/11\/Frame-19-1.png?w=304&amp;ssl=1 304w, https:\/\/i0.wp.com\/cepas.ufc.br\/wp-content\/uploads\/2024\/11\/Frame-19-1.png?resize=300%2C173&amp;ssl=1 300w\" sizes=\"(max-width: 304px) 100vw, 304px\" \/>\n\t\t\t<\/div><\/figure><figure class='gallery-item'>\n\t\t\t<div class='gallery-icon landscape'>\n\t\t\t\t<img width=\"304\" height=\"175\" src=\"https:\/\/i0.wp.com\/cepas.ufc.br\/wp-content\/uploads\/2024\/11\/cogerh.png?fit=304%2C175&amp;ssl=1\" class=\"attachment-full size-full\" alt=\"\" decoding=\"async\" srcset=\"https:\/\/i0.wp.com\/cepas.ufc.br\/wp-content\/uploads\/2024\/11\/cogerh.png?w=304&amp;ssl=1 304w, https:\/\/i0.wp.com\/cepas.ufc.br\/wp-content\/uploads\/2024\/11\/cogerh.png?resize=300%2C173&amp;ssl=1 300w\" sizes=\"(max-width: 304px) 100vw, 304px\" \/>\n\t\t\t<\/div><\/figure><figure class='gallery-item'>\n\t\t\t<div class='gallery-icon landscape'>\n\t\t\t\t<img loading=\"lazy\" width=\"304\" height=\"175\" src=\"https:\/\/i0.wp.com\/cepas.ufc.br\/wp-content\/uploads\/2024\/11\/srh.png?fit=304%2C175&amp;ssl=1\" class=\"attachment-full size-full\" alt=\"\" decoding=\"async\" srcset=\"https:\/\/i0.wp.com\/cepas.ufc.br\/wp-content\/uploads\/2024\/11\/srh.png?w=304&amp;ssl=1 304w, https:\/\/i0.wp.com\/cepas.ufc.br\/wp-content\/uploads\/2024\/11\/srh.png?resize=300%2C173&amp;ssl=1 300w\" sizes=\"(max-width: 304px) 100vw, 304px\" \/>\n\t\t\t<\/div><\/figure>\n\t\t<\/div>\n\t\t<\/div>\n\t\t\t\t\t\t<\/div>\n\t\t\t\t<\/div>\n\t\t\t\t\t<\/div>\n\t\t\t\t<\/div>\n\t\t\t\t<div class=\"elementor-element elementor-element-9cad9eb elementor-invisible elementor-widget elementor-widget-text-editor\" data-id=\"9cad9eb\" data-element_type=\"widget\" data-e-type=\"widget\" data-settings=\"{&quot;_animation&quot;:&quot;fadeInUp&quot;,&quot;_animation_delay&quot;:200}\" data-widget_type=\"text-editor.default\">\n\t\t\t\t<div class=\"elementor-widget-container\">\n\t\t\t\t\t\t\t\t\t<form action=\"https:\/\/aguacientistachefe.ufc.br\/projetos\/pspb\/plano-de-seca\/\" method=\"get\"><div class=\"subpages\"><p>O Programa Cientista Chefe \u2013 Recursos H\u00eddricos, idealizado pela FUNCAP (Funda\u00e7\u00e3o Cearense de Desenvolvimento Cient\u00edfico e Tecnol\u00f3gico), prev\u00ea a elabora\u00e7\u00e3o e atualiza\u00e7\u00e3o dos Planos de Recursos H\u00eddricos das 12 regi\u00f5es hidrogr\u00e1ficas do Estado do Cear\u00e1. Os planos t\u00eam por finalidade orientar a implementa\u00e7\u00e3o da Pol\u00edtica Estadual de Recursos H\u00eddricos nos aspectos quantitativos e qualitativos dos usos das \u00e1guas.<\/p><p>Os planos correspondem a um dos instrumentos de gest\u00e3o previstos nas legisla\u00e7\u00f5es nacional e estadual de recursos h\u00eddricos. Eles cont\u00eam caracter\u00edsticas f\u00edsicas, socioecon\u00f4micas e ambientais das bacias hidrogr\u00e1ficas e definem as a\u00e7\u00f5es acerca dos recursos h\u00eddricos, como gest\u00e3o, projetos, programas e investimentos. S\u00e3o elaborados, ou atualizados, visando uma a\u00e7\u00e3o a m\u00e9dio e longo prazos e s\u00e3o compat\u00edveis com o planejamento da regi\u00e3o, ao auxiliar na implementa\u00e7\u00e3o de programas e projetos. As a\u00e7\u00f5es e estrat\u00e9gias s\u00e3o propostas a fim de proporcionar a melhoria da seguran\u00e7a h\u00eddrica e a diminui\u00e7\u00e3o da ocorr\u00eancia de conflitos pelo uso dos recursos h\u00eddricos.<\/p><\/div><\/form>\t\t\t\t\t\t\t\t<\/div>\n\t\t\t\t<\/div>\n\t\t\t\t<div class=\"elementor-element elementor-element-b3edb67 elementor-invisible elementor-widget elementor-widget-image\" data-id=\"b3edb67\" data-element_type=\"widget\" data-e-type=\"widget\" data-settings=\"{&quot;_animation&quot;:&quot;zoomIn&quot;,&quot;_animation_delay&quot;:400}\" data-widget_type=\"image.default\">\n\t\t\t\t<div class=\"elementor-widget-container\">\n\t\t\t\t\t\t\t\t\t\t\t\t\t\t\t\t<a href=\"https:\/\/i0.wp.com\/cepas.ufc.br\/wp-content\/uploads\/2024\/11\/LOGO-OFICIAL-2.png?ssl=1\" data-elementor-open-lightbox=\"yes\" data-elementor-lightbox-title=\"LOGO-OFICIAL-2\" data-e-action-hash=\"#elementor-action%3Aaction%3Dlightbox%26settings%3DeyJpZCI6NTM0LCJ1cmwiOiJodHRwczpcL1wvY2VwYXMudWZjLmJyXC93cC1jb250ZW50XC91cGxvYWRzXC8yMDI0XC8xMVwvTE9HTy1PRklDSUFMLTIucG5nIn0%3D\">\n\t\t\t\t\t\t\t<img loading=\"lazy\" decoding=\"async\" width=\"1080\" height=\"1080\" src=\"https:\/\/i0.wp.com\/cepas.ufc.br\/wp-content\/uploads\/2024\/11\/LOGO-OFICIAL-2.png?fit=1080%2C1080&amp;ssl=1\" class=\"attachment-full size-full wp-image-534\" alt=\"\" srcset=\"https:\/\/i0.wp.com\/cepas.ufc.br\/wp-content\/uploads\/2024\/11\/LOGO-OFICIAL-2.png?w=1080&amp;ssl=1 1080w, https:\/\/i0.wp.com\/cepas.ufc.br\/wp-content\/uploads\/2024\/11\/LOGO-OFICIAL-2.png?resize=300%2C300&amp;ssl=1 300w, https:\/\/i0.wp.com\/cepas.ufc.br\/wp-content\/uploads\/2024\/11\/LOGO-OFICIAL-2.png?resize=1024%2C1024&amp;ssl=1 1024w, https:\/\/i0.wp.com\/cepas.ufc.br\/wp-content\/uploads\/2024\/11\/LOGO-OFICIAL-2.png?resize=150%2C150&amp;ssl=1 150w, https:\/\/i0.wp.com\/cepas.ufc.br\/wp-content\/uploads\/2024\/11\/LOGO-OFICIAL-2.png?resize=768%2C768&amp;ssl=1 768w, https:\/\/i0.wp.com\/cepas.ufc.br\/wp-content\/uploads\/2024\/11\/LOGO-OFICIAL-2.png?resize=100%2C100&amp;ssl=1 100w\" sizes=\"(max-width: 1080px) 100vw, 1080px\" \/>\t\t\t\t\t\t\t\t<\/a>\n\t\t\t\t\t\t\t\t\t\t\t\t\t\t\t<\/div>\n\t\t\t\t<\/div>\n\t\t\t\t<div class=\"elementor-element elementor-element-30f72a3 elementor-invisible elementor-widget elementor-widget-text-editor\" data-id=\"30f72a3\" data-element_type=\"widget\" data-e-type=\"widget\" data-settings=\"{&quot;_animation&quot;:&quot;fadeInUp&quot;,&quot;_animation_delay&quot;:200}\" data-widget_type=\"text-editor.default\">\n\t\t\t\t<div class=\"elementor-widget-container\">\n\t\t\t\t\t\t\t\t\t<p>A base que comp\u00f5e os planos prop\u00f5e a an\u00e1lise de elementos como a avalia\u00e7\u00e3o das secas e cheias, o levantamento de informa\u00e7\u00f5es sobre a estrutura da demanda h\u00eddrica e sobre as quest\u00f5es relacionadas ao saneamento ambiental, o entendimento de problemas ambientais, como o assoreamento dos reservat\u00f3rios, os desmatamentos nas \u00c1reas de Preserva\u00e7\u00e3o Permanente (APP), o crescimento desordenado de comunidades e n\u00facleos urbanos e as ocupa\u00e7\u00f5es irregulares. A constru\u00e7\u00e3o do plano une dois fundamentos: produ\u00e7\u00e3o de informa\u00e7\u00e3o t\u00e9cnica sobre as bacias, vinculada \u00e0 articula\u00e7\u00e3o pol\u00edtica junto aos Comit\u00eas de Bacia (CBH) de cada regi\u00e3o e sua participa\u00e7\u00e3o ativa nas tomadas de decis\u00f5es acerca dos planos. Desse modo, integram-se nos princ\u00edpios de descentraliza\u00e7\u00e3o e participa\u00e7\u00e3o previstos na legisla\u00e7\u00e3o de recursos h\u00eddricos.<\/p>\t\t\t\t\t\t\t\t<\/div>\n\t\t\t\t<\/div>\n\t\t\t\t\t<\/div>\n\t\t<\/div>\n\t\t\t\t\t<\/div>\n\t\t<\/section>\n\t\t\t\t<section class=\"elementor-section elementor-top-section elementor-element elementor-element-3a961db elementor-section-boxed elementor-section-height-default elementor-section-height-default wpr-particle-no wpr-jarallax-no wpr-parallax-no wpr-sticky-section-no wpr-equal-height-no\" data-id=\"3a961db\" data-element_type=\"section\" data-e-type=\"section\" data-settings=\"{&quot;background_background&quot;:&quot;classic&quot;}\">\n\t\t\t\t\t\t<div class=\"elementor-container elementor-column-gap-no\">\n\t\t\t\t\t<div class=\"elementor-column elementor-col-100 elementor-top-column elementor-element elementor-element-d2807d3\" data-id=\"d2807d3\" data-element_type=\"column\" data-e-type=\"column\">\n\t\t\t<div class=\"elementor-widget-wrap elementor-element-populated\">\n\t\t\t\t\t\t<section class=\"elementor-section elementor-inner-section elementor-element elementor-element-05a509d elementor-section-boxed elementor-section-height-default elementor-section-height-default wpr-particle-no wpr-jarallax-no wpr-parallax-no wpr-sticky-section-no wpr-equal-height-no elementor-invisible\" data-id=\"05a509d\" data-element_type=\"section\" data-e-type=\"section\" data-settings=\"{&quot;animation&quot;:&quot;zoomIn&quot;}\">\n\t\t\t\t\t\t<div class=\"elementor-container elementor-column-gap-no\">\n\t\t\t\t\t<div class=\"elementor-column elementor-col-100 elementor-inner-column elementor-element elementor-element-bcce62d\" data-id=\"bcce62d\" data-element_type=\"column\" data-e-type=\"column\">\n\t\t\t<div class=\"elementor-widget-wrap elementor-element-populated\">\n\t\t\t\t\t\t<div class=\"elementor-element elementor-element-f9663e8 elementor-widget elementor-widget-heading\" data-id=\"f9663e8\" data-element_type=\"widget\" data-e-type=\"widget\" data-widget_type=\"heading.default\">\n\t\t\t\t<div class=\"elementor-widget-container\">\n\t\t\t\t\t<h2 class=\"elementor-heading-title elementor-size-default\">Relat\u00f3rios<\/h2>\t\t\t\t<\/div>\n\t\t\t\t<\/div>\n\t\t\t\t<div class=\"elementor-element elementor-element-1bf3e2b elementor-widget elementor-widget-text-editor\" data-id=\"1bf3e2b\" data-element_type=\"widget\" data-e-type=\"widget\" data-widget_type=\"text-editor.default\">\n\t\t\t\t<div class=\"elementor-widget-container\">\n\t\t\t\t\t\t\t\t\t<div class=\"flex max-w-full flex-col flex-grow\"><div class=\"min-h-8 text-message flex w-full flex-col items-end gap-2 whitespace-normal break-words [.text-message+&amp;]:mt-5\" dir=\"auto\" data-message-author-role=\"assistant\" data-message-id=\"66c22101-d906-4749-85d5-98d701164ebd\" data-message-model-slug=\"gpt-4o\"><div class=\"flex w-full flex-col gap-1 empty:hidden first:pt-[3px]\"><div class=\"markdown prose w-full break-words dark:prose-invert dark\"><p>Confira aqui os relat\u00f3rios elaborados ao longo do projeto.<\/p><\/div><\/div><\/div><\/div><div class=\"mb-2 flex gap-3 empty:hidden -ml-2\"><div class=\"items-center justify-start rounded-xl p-1 flex\"><div class=\"flex items-center\"><div class=\"flex\">\u00a0<\/div><div class=\"flex items-center pb-0\">\u00a0<\/div><\/div><\/div><\/div>\t\t\t\t\t\t\t\t<\/div>\n\t\t\t\t<\/div>\n\t\t\t\t\t<\/div>\n\t\t<\/div>\n\t\t\t\t\t<\/div>\n\t\t<\/section>\n\t\t\t\t<div class=\"elementor-element elementor-element-020f45d elementor-widget elementor-widget-heading\" data-id=\"020f45d\" data-element_type=\"widget\" data-e-type=\"widget\" data-widget_type=\"heading.default\">\n\t\t\t\t<div class=\"elementor-widget-container\">\n\t\t\t\t\t<h2 class=\"elementor-heading-title elementor-size-default\">Plano de Recursos H\u00eddricos da Regi\u00e3o do Curu<br><\/h2>\t\t\t\t<\/div>\n\t\t\t\t<\/div>\n\t\t\t\t<section class=\"elementor-section elementor-inner-section elementor-element elementor-element-ea7fd81 elementor-section-full_width elementor-section-height-default elementor-section-height-default wpr-particle-no wpr-jarallax-no wpr-parallax-no wpr-sticky-section-no wpr-equal-height-no\" data-id=\"ea7fd81\" data-element_type=\"section\" data-e-type=\"section\">\n\t\t\t\t\t\t<div class=\"elementor-container elementor-column-gap-no\">\n\t\t\t\t\t<div class=\"elementor-column elementor-col-33 elementor-inner-column elementor-element elementor-element-d3f9444\" data-id=\"d3f9444\" data-element_type=\"column\" data-e-type=\"column\">\n\t\t\t<div class=\"elementor-widget-wrap elementor-element-populated\">\n\t\t\t\t\t\t<div class=\"elementor-element elementor-element-c6a6f3f eael-infobox-content-align--center eael-infobox-shape-square eael-infobox-hover-img-shape-square elementor-invisible elementor-widget elementor-widget-eael-info-box\" data-id=\"c6a6f3f\" data-element_type=\"widget\" data-e-type=\"widget\" data-settings=\"{&quot;_animation&quot;:&quot;zoomIn&quot;}\" data-widget_type=\"eael-info-box.default\">\n\t\t\t\t<div class=\"elementor-widget-container\">\n\t\t\t\t\t            <a href=\"https:\/\/drive.google.com\/file\/d\/1cNJBKGnPbEmpOmZvuF4EBGN1X3EeXRKj\/view\">\n\t            <div class=\"eael-infobox icon-on-top\">\n\t            <div class=\"infobox-icon\">\n\n                            <img decoding=\"async\" src=\"https:\/\/i0.wp.com\/cepas.ufc.br\/wp-content\/uploads\/2024\/11\/CAPA-20.png?fit=1414%2C2000&#038;ssl=1\" alt=\"\">\n            \n            \n            \n        <\/div>\n            <div class=\"infobox-content\">\n                    <div class=\"infobox-title-section\">\n                <h2 class=\"title\">Iniciando o Di\u00e1logo na Regi\u00e3o Hidrogr\u00e1fica do Curu<\/h2>            <\/div>\n                    <\/div>\n            <\/div>\n\n\t\t            <\/a>\n\t\t\t\t\t\t<\/div>\n\t\t\t\t<\/div>\n\t\t\t\t<div class=\"elementor-element elementor-element-87965f2 eael-infobox-content-align--center eael-infobox-shape-square eael-infobox-hover-img-shape-square elementor-invisible elementor-widget elementor-widget-eael-info-box\" data-id=\"87965f2\" data-element_type=\"widget\" data-e-type=\"widget\" data-settings=\"{&quot;_animation&quot;:&quot;zoomIn&quot;}\" data-widget_type=\"eael-info-box.default\">\n\t\t\t\t<div class=\"elementor-widget-container\">\n\t\t\t\t\t            <a href=\"https:\/\/drive.google.com\/file\/d\/1Q72XDe326nrgaRLLIKwIkJZf0o2E1oOR\/view\">\n\t            <div class=\"eael-infobox icon-on-top\">\n\t            <div class=\"infobox-icon\">\n\n                            <img decoding=\"async\" src=\"https:\/\/i0.wp.com\/cepas.ufc.br\/wp-content\/uploads\/2024\/11\/curu-1.png?fit=1656%2C2342&#038;ssl=1\" alt=\"\">\n            \n            \n            \n        <\/div>\n            <div class=\"infobox-content\">\n                    <div class=\"infobox-title-section\">\n                <h2 class=\"title\">Programas e A\u00e7\u00f5es da Regi\u00e3o Hidrogr\u00e1fica do Curu<\/h2>            <\/div>\n                    <\/div>\n            <\/div>\n\n\t\t            <\/a>\n\t\t\t\t\t\t<\/div>\n\t\t\t\t<\/div>\n\t\t\t\t\t<\/div>\n\t\t<\/div>\n\t\t\t\t<div class=\"elementor-column elementor-col-33 elementor-inner-column elementor-element elementor-element-62864e4\" data-id=\"62864e4\" data-element_type=\"column\" data-e-type=\"column\">\n\t\t\t<div class=\"elementor-widget-wrap elementor-element-populated\">\n\t\t\t\t\t\t<div class=\"elementor-element elementor-element-a7bd768 eael-infobox-content-align--center eael-infobox-shape-square eael-infobox-hover-img-shape-square elementor-invisible elementor-widget elementor-widget-eael-info-box\" data-id=\"a7bd768\" data-element_type=\"widget\" data-e-type=\"widget\" data-settings=\"{&quot;_animation&quot;:&quot;zoomIn&quot;}\" data-widget_type=\"eael-info-box.default\">\n\t\t\t\t<div class=\"elementor-widget-container\">\n\t\t\t\t\t            <a href=\"https:\/\/drive.google.com\/file\/d\/15R2vortFwWxbzr61TP0F_5HoqJJ779g_\/view\">\n\t            <div class=\"eael-infobox icon-on-top\">\n\t            <div class=\"infobox-icon\">\n\n                            <img decoding=\"async\" src=\"https:\/\/i0.wp.com\/cepas.ufc.br\/wp-content\/uploads\/2024\/11\/CAPA-22.png?fit=1414%2C2000&#038;ssl=1\" alt=\"\">\n            \n            \n            \n        <\/div>\n            <div class=\"infobox-content\">\n                    <div class=\"infobox-title-section\">\n                <h2 class=\"title\">Diagn\u00f3stico da Regi\u00e3o Hidrogr\u00e1fica do Curu<\/h2>            <\/div>\n                    <\/div>\n            <\/div>\n\n\t\t            <\/a>\n\t\t\t\t\t\t<\/div>\n\t\t\t\t<\/div>\n\t\t\t\t\t<\/div>\n\t\t<\/div>\n\t\t\t\t<div class=\"elementor-column elementor-col-33 elementor-inner-column elementor-element elementor-element-a7d819e\" data-id=\"a7d819e\" data-element_type=\"column\" data-e-type=\"column\">\n\t\t\t<div class=\"elementor-widget-wrap elementor-element-populated\">\n\t\t\t\t\t\t<div class=\"elementor-element elementor-element-e754bd6 eael-infobox-content-align--center eael-infobox-shape-square eael-infobox-hover-img-shape-square elementor-invisible elementor-widget elementor-widget-eael-info-box\" data-id=\"e754bd6\" data-element_type=\"widget\" data-e-type=\"widget\" data-settings=\"{&quot;_animation&quot;:&quot;zoomIn&quot;}\" data-widget_type=\"eael-info-box.default\">\n\t\t\t\t<div class=\"elementor-widget-container\">\n\t\t\t\t\t            <a href=\"https:\/\/drive.google.com\/file\/d\/1qWyLIi9yev8iQXM4OVijMtLzAoNz-rpZ\/view\">\n\t            <div class=\"eael-infobox icon-on-top\">\n\t            <div class=\"infobox-icon\">\n\n                            <img decoding=\"async\" src=\"https:\/\/i0.wp.com\/cepas.ufc.br\/wp-content\/uploads\/2024\/11\/CAPA-14.png?fit=1414%2C2000&#038;ssl=1\" alt=\"\">\n            \n            \n            \n        <\/div>\n            <div class=\"infobox-content\">\n                    <div class=\"infobox-title-section\">\n                <h2 class=\"title\">Progn\u00f3stico da Regi\u00e3o Hidrogr\u00e1fica do Curu<\/h2>            <\/div>\n                    <\/div>\n            <\/div>\n\n\t\t            <\/a>\n\t\t\t\t\t\t<\/div>\n\t\t\t\t<\/div>\n\t\t\t\t\t<\/div>\n\t\t<\/div>\n\t\t\t\t\t<\/div>\n\t\t<\/section>\n\t\t\t\t<div class=\"elementor-element elementor-element-ec791b4 elementor-widget elementor-widget-heading\" data-id=\"ec791b4\" data-element_type=\"widget\" data-e-type=\"widget\" data-widget_type=\"heading.default\">\n\t\t\t\t<div class=\"elementor-widget-container\">\n\t\t\t\t\t<h2 class=\"elementor-heading-title elementor-size-default\">Plano de Recursos H\u00eddricos da Regi\u00e3o do Corea\u00fa\n<\/h2>\t\t\t\t<\/div>\n\t\t\t\t<\/div>\n\t\t\t\t<section class=\"elementor-section elementor-inner-section elementor-element elementor-element-d7d3d1a elementor-section-full_width elementor-section-height-default elementor-section-height-default wpr-particle-no wpr-jarallax-no wpr-parallax-no wpr-sticky-section-no wpr-equal-height-no\" data-id=\"d7d3d1a\" data-element_type=\"section\" data-e-type=\"section\">\n\t\t\t\t\t\t<div class=\"elementor-container elementor-column-gap-no\">\n\t\t\t\t\t<div class=\"elementor-column elementor-col-33 elementor-inner-column elementor-element elementor-element-76bb405\" data-id=\"76bb405\" data-element_type=\"column\" data-e-type=\"column\">\n\t\t\t<div class=\"elementor-widget-wrap elementor-element-populated\">\n\t\t\t\t\t\t<div class=\"elementor-element elementor-element-2f0d911 eael-infobox-content-align--center eael-infobox-shape-square eael-infobox-hover-img-shape-square elementor-invisible elementor-widget elementor-widget-eael-info-box\" data-id=\"2f0d911\" data-element_type=\"widget\" data-e-type=\"widget\" data-settings=\"{&quot;_animation&quot;:&quot;zoomIn&quot;}\" data-widget_type=\"eael-info-box.default\">\n\t\t\t\t<div class=\"elementor-widget-container\">\n\t\t\t\t\t            <a href=\"https:\/\/drive.google.com\/file\/d\/1FxYDi1t6Wh9G69QMzsQWoDtfj4jJuEfb\/view\">\n\t            <div class=\"eael-infobox icon-on-top\">\n\t            <div class=\"infobox-icon\">\n\n                            <img decoding=\"async\" src=\"https:\/\/i0.wp.com\/cepas.ufc.br\/wp-content\/uploads\/2024\/11\/CAPA-21.png?fit=1414%2C2000&#038;ssl=1\" alt=\"\">\n            \n            \n            \n        <\/div>\n            <div class=\"infobox-content\">\n                    <div class=\"infobox-title-section\">\n                <h2 class=\"title\">Iniciando o Di\u00e1logo na Regi\u00e3o Hidrogr\u00e1fica do Corea\u00fa<\/h2>            <\/div>\n                    <\/div>\n            <\/div>\n\n\t\t            <\/a>\n\t\t\t\t\t\t<\/div>\n\t\t\t\t<\/div>\n\t\t\t\t<div class=\"elementor-element elementor-element-796f904 eael-infobox-content-align--center eael-infobox-shape-square eael-infobox-hover-img-shape-square elementor-invisible elementor-widget elementor-widget-eael-info-box\" data-id=\"796f904\" data-element_type=\"widget\" data-e-type=\"widget\" data-settings=\"{&quot;_animation&quot;:&quot;zoomIn&quot;}\" data-widget_type=\"eael-info-box.default\">\n\t\t\t\t<div class=\"elementor-widget-container\">\n\t\t\t\t\t            <a href=\"https:\/\/drive.google.com\/file\/d\/1yi7VoDFH4aRQk0Mg0dWZY606iMj5pyuE\/view?usp=drive_link\">\n\t            <div class=\"eael-infobox icon-on-top\">\n\t            <div class=\"infobox-icon\">\n\n                            <img decoding=\"async\" src=\"https:\/\/i0.wp.com\/cepas.ufc.br\/wp-content\/uploads\/2024\/11\/coreau-1.png?fit=1656%2C2342&#038;ssl=1\" alt=\"\">\n            \n            \n            \n        <\/div>\n            <div class=\"infobox-content\">\n                    <div class=\"infobox-title-section\">\n                <h2 class=\"title\">Programas e A\u00e7\u00f5es da Regi\u00e3o Hidrogr\u00e1fica do Corea\u00fa<\/h2>            <\/div>\n                    <\/div>\n            <\/div>\n\n\t\t            <\/a>\n\t\t\t\t\t\t<\/div>\n\t\t\t\t<\/div>\n\t\t\t\t\t<\/div>\n\t\t<\/div>\n\t\t\t\t<div class=\"elementor-column elementor-col-33 elementor-inner-column elementor-element elementor-element-e6ef396\" data-id=\"e6ef396\" data-element_type=\"column\" data-e-type=\"column\">\n\t\t\t<div class=\"elementor-widget-wrap elementor-element-populated\">\n\t\t\t\t\t\t<div class=\"elementor-element elementor-element-2d20096 eael-infobox-content-align--center eael-infobox-shape-square eael-infobox-hover-img-shape-square elementor-invisible elementor-widget elementor-widget-eael-info-box\" data-id=\"2d20096\" data-element_type=\"widget\" data-e-type=\"widget\" data-settings=\"{&quot;_animation&quot;:&quot;zoomIn&quot;}\" data-widget_type=\"eael-info-box.default\">\n\t\t\t\t<div class=\"elementor-widget-container\">\n\t\t\t\t\t            <a href=\"https:\/\/drive.google.com\/file\/d\/1vh4DlPPhoiaWIhGk4RDv2Q70_BUT6QaK\/view\">\n\t            <div class=\"eael-infobox icon-on-top\">\n\t            <div class=\"infobox-icon\">\n\n                            <img decoding=\"async\" src=\"https:\/\/i0.wp.com\/cepas.ufc.br\/wp-content\/uploads\/2024\/11\/CAPA-23.png?fit=1414%2C2000&#038;ssl=1\" alt=\"\">\n            \n            \n            \n        <\/div>\n            <div class=\"infobox-content\">\n                    <div class=\"infobox-title-section\">\n                <h2 class=\"title\">Diagn\u00f3stico da Regi\u00e3o Hidrogr\u00e1fica do Corea\u00fa<\/h2>            <\/div>\n                    <\/div>\n            <\/div>\n\n\t\t            <\/a>\n\t\t\t\t\t\t<\/div>\n\t\t\t\t<\/div>\n\t\t\t\t\t<\/div>\n\t\t<\/div>\n\t\t\t\t<div class=\"elementor-column elementor-col-33 elementor-inner-column elementor-element elementor-element-e960924\" data-id=\"e960924\" data-element_type=\"column\" data-e-type=\"column\">\n\t\t\t<div class=\"elementor-widget-wrap elementor-element-populated\">\n\t\t\t\t\t\t<div class=\"elementor-element elementor-element-32b6cde eael-infobox-content-align--center eael-infobox-shape-square eael-infobox-hover-img-shape-square elementor-invisible elementor-widget elementor-widget-eael-info-box\" data-id=\"32b6cde\" data-element_type=\"widget\" data-e-type=\"widget\" data-settings=\"{&quot;_animation&quot;:&quot;zoomIn&quot;}\" data-widget_type=\"eael-info-box.default\">\n\t\t\t\t<div class=\"elementor-widget-container\">\n\t\t\t\t\t            <a href=\"https:\/\/drive.google.com\/file\/d\/1uUUqwEXdiA8mNRt5LCM7VHg_3xTTycrf\/view\">\n\t            <div class=\"eael-infobox icon-on-top\">\n\t            <div class=\"infobox-icon\">\n\n                            <img decoding=\"async\" src=\"https:\/\/i0.wp.com\/cepas.ufc.br\/wp-content\/uploads\/2024\/11\/CAPA-30.png?fit=1414%2C2000&#038;ssl=1\" alt=\"\">\n            \n            \n            \n        <\/div>\n            <div class=\"infobox-content\">\n                    <div class=\"infobox-title-section\">\n                <h2 class=\"title\">Progn\u00f3stico da Regi\u00e3o Hidrogr\u00e1fica do Corea\u00fa<\/h2>            <\/div>\n                    <\/div>\n            <\/div>\n\n\t\t            <\/a>\n\t\t\t\t\t\t<\/div>\n\t\t\t\t<\/div>\n\t\t\t\t\t<\/div>\n\t\t<\/div>\n\t\t\t\t\t<\/div>\n\t\t<\/section>\n\t\t\t\t<div class=\"elementor-element elementor-element-8067347 elementor-widget elementor-widget-heading\" data-id=\"8067347\" data-element_type=\"widget\" data-e-type=\"widget\" data-widget_type=\"heading.default\">\n\t\t\t\t<div class=\"elementor-widget-container\">\n\t\t\t\t\t<h2 class=\"elementor-heading-title elementor-size-default\">Plano de Recursos H\u00eddricos da Regi\u00e3o dos Sert\u00f5es de Crate\u00fas\n<\/h2>\t\t\t\t<\/div>\n\t\t\t\t<\/div>\n\t\t\t\t<section class=\"elementor-section elementor-inner-section elementor-element elementor-element-17d8ca4 elementor-section-full_width elementor-section-height-default elementor-section-height-default wpr-particle-no wpr-jarallax-no wpr-parallax-no wpr-sticky-section-no wpr-equal-height-no\" data-id=\"17d8ca4\" data-element_type=\"section\" data-e-type=\"section\">\n\t\t\t\t\t\t<div class=\"elementor-container elementor-column-gap-no\">\n\t\t\t\t\t<div class=\"elementor-column elementor-col-33 elementor-inner-column elementor-element elementor-element-3438c48\" data-id=\"3438c48\" data-element_type=\"column\" data-e-type=\"column\">\n\t\t\t<div class=\"elementor-widget-wrap elementor-element-populated\">\n\t\t\t\t\t\t<div class=\"elementor-element elementor-element-b765d32 eael-infobox-content-align--center eael-infobox-shape-square eael-infobox-hover-img-shape-square elementor-invisible elementor-widget elementor-widget-eael-info-box\" data-id=\"b765d32\" data-element_type=\"widget\" data-e-type=\"widget\" data-settings=\"{&quot;_animation&quot;:&quot;zoomIn&quot;}\" data-widget_type=\"eael-info-box.default\">\n\t\t\t\t<div class=\"elementor-widget-container\">\n\t\t\t\t\t            <a href=\"https:\/\/drive.google.com\/file\/d\/1-vzJdAsWSpFEc8G_1dzou8zbusfIagf0\/view\">\n\t            <div class=\"eael-infobox icon-on-top\">\n\t            <div class=\"infobox-icon\">\n\n                            <img decoding=\"async\" src=\"https:\/\/i0.wp.com\/cepas.ufc.br\/wp-content\/uploads\/2024\/11\/CAPA-19.png?fit=1414%2C2000&#038;ssl=1\" alt=\"\">\n            \n            \n            \n        <\/div>\n            <div class=\"infobox-content\">\n                    <div class=\"infobox-title-section\">\n                <h2 class=\"title\">Iniciando o Di\u00e1logo na Regi\u00e3o Hidrogr\u00e1fica dos Sert\u00f5es de Crate\u00fas<\/h2>            <\/div>\n                    <\/div>\n            <\/div>\n\n\t\t            <\/a>\n\t\t\t\t\t\t<\/div>\n\t\t\t\t<\/div>\n\t\t\t\t<div class=\"elementor-element elementor-element-ab277e5 eael-infobox-content-align--center eael-infobox-shape-square eael-infobox-hover-img-shape-square elementor-invisible elementor-widget elementor-widget-eael-info-box\" data-id=\"ab277e5\" data-element_type=\"widget\" data-e-type=\"widget\" data-settings=\"{&quot;_animation&quot;:&quot;zoomIn&quot;}\" data-widget_type=\"eael-info-box.default\">\n\t\t\t\t<div class=\"elementor-widget-container\">\n\t\t\t\t\t            <a href=\"https:\/\/drive.google.com\/file\/d\/1X9Q--gztD6Rr3eOnLqK0tWo3j_yq-xgC\/view\">\n\t            <div class=\"eael-infobox icon-on-top\">\n\t            <div class=\"infobox-icon\">\n\n                            <img decoding=\"async\" src=\"https:\/\/i0.wp.com\/cepas.ufc.br\/wp-content\/uploads\/2024\/11\/CAPA-27.png?fit=1414%2C2000&#038;ssl=1\" alt=\"\">\n            \n            \n            \n        <\/div>\n            <div class=\"infobox-content\">\n                    <div class=\"infobox-title-section\">\n                <h2 class=\"title\">Programas e A\u00e7\u00f5es da Regi\u00e3o Hidrogr\u00e1fica dos Sert\u00f5es de Crate\u00fas<\/h2>            <\/div>\n                    <\/div>\n            <\/div>\n\n\t\t            <\/a>\n\t\t\t\t\t\t<\/div>\n\t\t\t\t<\/div>\n\t\t\t\t\t<\/div>\n\t\t<\/div>\n\t\t\t\t<div class=\"elementor-column elementor-col-33 elementor-inner-column elementor-element elementor-element-3fb3744\" data-id=\"3fb3744\" data-element_type=\"column\" data-e-type=\"column\">\n\t\t\t<div class=\"elementor-widget-wrap elementor-element-populated\">\n\t\t\t\t\t\t<div class=\"elementor-element elementor-element-0221452 eael-infobox-content-align--center eael-infobox-shape-square eael-infobox-hover-img-shape-square elementor-invisible elementor-widget elementor-widget-eael-info-box\" data-id=\"0221452\" data-element_type=\"widget\" data-e-type=\"widget\" data-settings=\"{&quot;_animation&quot;:&quot;zoomIn&quot;}\" data-widget_type=\"eael-info-box.default\">\n\t\t\t\t<div class=\"elementor-widget-container\">\n\t\t\t\t\t            <a href=\"https:\/\/drive.google.com\/file\/d\/12rDUqJdSDVB-yiAI0TjJuanFISzkYRn2\/view\">\n\t            <div class=\"eael-infobox icon-on-top\">\n\t            <div class=\"infobox-icon\">\n\n                            <img decoding=\"async\" src=\"https:\/\/i0.wp.com\/cepas.ufc.br\/wp-content\/uploads\/2024\/11\/CAPA-16.png?fit=1414%2C2000&#038;ssl=1\" alt=\"\">\n            \n            \n            \n        <\/div>\n            <div class=\"infobox-content\">\n                    <div class=\"infobox-title-section\">\n                <h2 class=\"title\">Diagn\u00f3stico da Regi\u00e3o Hidrogr\u00e1fica dos Sert\u00f5es de Crate\u00fas<\/h2>            <\/div>\n                    <\/div>\n            <\/div>\n\n\t\t            <\/a>\n\t\t\t\t\t\t<\/div>\n\t\t\t\t<\/div>\n\t\t\t\t\t<\/div>\n\t\t<\/div>\n\t\t\t\t<div class=\"elementor-column elementor-col-33 elementor-inner-column elementor-element elementor-element-f911bd8\" data-id=\"f911bd8\" data-element_type=\"column\" data-e-type=\"column\">\n\t\t\t<div class=\"elementor-widget-wrap elementor-element-populated\">\n\t\t\t\t\t\t<div class=\"elementor-element elementor-element-453d257 eael-infobox-content-align--center eael-infobox-shape-square eael-infobox-hover-img-shape-square elementor-invisible elementor-widget elementor-widget-eael-info-box\" data-id=\"453d257\" data-element_type=\"widget\" data-e-type=\"widget\" data-settings=\"{&quot;_animation&quot;:&quot;zoomIn&quot;}\" data-widget_type=\"eael-info-box.default\">\n\t\t\t\t<div class=\"elementor-widget-container\">\n\t\t\t\t\t            <a href=\"https:\/\/drive.google.com\/file\/d\/1FpwjqZZ3ot7NFFpliZ9cpt_jAq-54A7s\/view\">\n\t            <div class=\"eael-infobox icon-on-top\">\n\t            <div class=\"infobox-icon\">\n\n                            <img decoding=\"async\" src=\"https:\/\/i0.wp.com\/cepas.ufc.br\/wp-content\/uploads\/2024\/11\/CAPA-17.png?fit=1414%2C2000&#038;ssl=1\" alt=\"\">\n            \n            \n            \n        <\/div>\n            <div class=\"infobox-content\">\n                    <div class=\"infobox-title-section\">\n                <h2 class=\"title\">Progn\u00f3stico da Regi\u00e3o Hidrogr\u00e1fica dos Sert\u00f5es de Crate\u00fas<\/h2>            <\/div>\n                    <\/div>\n            <\/div>\n\n\t\t            <\/a>\n\t\t\t\t\t\t<\/div>\n\t\t\t\t<\/div>\n\t\t\t\t\t<\/div>\n\t\t<\/div>\n\t\t\t\t\t<\/div>\n\t\t<\/section>\n\t\t\t\t<div class=\"elementor-element elementor-element-823109b elementor-widget elementor-widget-heading\" data-id=\"823109b\" data-element_type=\"widget\" data-e-type=\"widget\" data-widget_type=\"heading.default\">\n\t\t\t\t<div class=\"elementor-widget-container\">\n\t\t\t\t\t<h2 class=\"elementor-heading-title elementor-size-default\">Plano de Recursos H\u00eddricos da Regi\u00e3o Hidrogr\u00e1fica da Serra da Ibiapaba\n<\/h2>\t\t\t\t<\/div>\n\t\t\t\t<\/div>\n\t\t\t\t<section class=\"elementor-section elementor-inner-section elementor-element elementor-element-9bc8f38 elementor-section-full_width elementor-section-height-default elementor-section-height-default wpr-particle-no wpr-jarallax-no wpr-parallax-no wpr-sticky-section-no wpr-equal-height-no\" data-id=\"9bc8f38\" data-element_type=\"section\" data-e-type=\"section\">\n\t\t\t\t\t\t<div class=\"elementor-container elementor-column-gap-no\">\n\t\t\t\t\t<div class=\"elementor-column elementor-col-33 elementor-inner-column elementor-element elementor-element-dd685ea\" data-id=\"dd685ea\" data-element_type=\"column\" data-e-type=\"column\">\n\t\t\t<div class=\"elementor-widget-wrap elementor-element-populated\">\n\t\t\t\t\t\t<div class=\"elementor-element elementor-element-ed784f5 eael-infobox-content-align--center eael-infobox-shape-square eael-infobox-hover-img-shape-square elementor-invisible elementor-widget elementor-widget-eael-info-box\" data-id=\"ed784f5\" data-element_type=\"widget\" data-e-type=\"widget\" data-settings=\"{&quot;_animation&quot;:&quot;zoomIn&quot;}\" data-widget_type=\"eael-info-box.default\">\n\t\t\t\t<div class=\"elementor-widget-container\">\n\t\t\t\t\t            <a href=\"https:\/\/drive.google.com\/file\/d\/1evy1Y7LP0wu-V16Cibxs05-O46RzuzLs\/view\">\n\t            <div class=\"eael-infobox icon-on-top\">\n\t            <div class=\"infobox-icon\">\n\n                            <img decoding=\"async\" src=\"https:\/\/i0.wp.com\/cepas.ufc.br\/wp-content\/uploads\/2024\/11\/INICIANDO-O-DIALOGO-IBIAPABA.png?fit=1414%2C2000&#038;ssl=1\" alt=\"\">\n            \n            \n            \n        <\/div>\n            <div class=\"infobox-content\">\n                    <div class=\"infobox-title-section\">\n                <h2 class=\"title\">Iniciando o Di\u00e1logo na Regi\u00e3o Hidrogr\u00e1fica da Serra da Ibiapaba<\/h2>            <\/div>\n                    <\/div>\n            <\/div>\n\n\t\t            <\/a>\n\t\t\t\t\t\t<\/div>\n\t\t\t\t<\/div>\n\t\t\t\t<div class=\"elementor-element elementor-element-442fc0e eael-infobox-content-align--center eael-infobox-shape-square eael-infobox-hover-img-shape-square elementor-invisible elementor-widget elementor-widget-eael-info-box\" data-id=\"442fc0e\" data-element_type=\"widget\" data-e-type=\"widget\" data-settings=\"{&quot;_animation&quot;:&quot;zoomIn&quot;}\" data-widget_type=\"eael-info-box.default\">\n\t\t\t\t<div class=\"elementor-widget-container\">\n\t\t\t\t\t            <a href=\"https:\/\/drive.google.com\/file\/d\/166W1Qx5vAvVmrS_i_n8WiWz_ccYtjg1x\/view\">\n\t            <div class=\"eael-infobox icon-on-top\">\n\t            <div class=\"infobox-icon\">\n\n                            <img decoding=\"async\" src=\"https:\/\/i0.wp.com\/cepas.ufc.br\/wp-content\/uploads\/2024\/11\/CAPA-26.png?fit=1414%2C2000&#038;ssl=1\" alt=\"\">\n            \n            \n            \n        <\/div>\n            <div class=\"infobox-content\">\n                    <div class=\"infobox-title-section\">\n                <h2 class=\"title\">Programas e A\u00e7\u00f5es da Regi\u00e3o Hidrogr\u00e1fica da Serra da Ibiapaba<\/h2>            <\/div>\n                    <\/div>\n            <\/div>\n\n\t\t            <\/a>\n\t\t\t\t\t\t<\/div>\n\t\t\t\t<\/div>\n\t\t\t\t\t<\/div>\n\t\t<\/div>\n\t\t\t\t<div class=\"elementor-column elementor-col-33 elementor-inner-column elementor-element elementor-element-98772a6\" data-id=\"98772a6\" data-element_type=\"column\" data-e-type=\"column\">\n\t\t\t<div class=\"elementor-widget-wrap elementor-element-populated\">\n\t\t\t\t\t\t<div class=\"elementor-element elementor-element-1036399 eael-infobox-content-align--center eael-infobox-shape-square eael-infobox-hover-img-shape-square elementor-invisible elementor-widget elementor-widget-eael-info-box\" data-id=\"1036399\" data-element_type=\"widget\" data-e-type=\"widget\" data-settings=\"{&quot;_animation&quot;:&quot;zoomIn&quot;}\" data-widget_type=\"eael-info-box.default\">\n\t\t\t\t<div class=\"elementor-widget-container\">\n\t\t\t\t\t            <a href=\"https:\/\/drive.google.com\/file\/d\/1Ruz47yRcODqa2yxeyyL2c9O6IAI7Sbl_\/view\">\n\t            <div class=\"eael-infobox icon-on-top\">\n\t            <div class=\"infobox-icon\">\n\n                            <img decoding=\"async\" src=\"https:\/\/i0.wp.com\/cepas.ufc.br\/wp-content\/uploads\/2024\/11\/ibiapaba-1.png?fit=1656%2C2342&#038;ssl=1\" alt=\"\">\n            \n            \n            \n        <\/div>\n            <div class=\"infobox-content\">\n                    <div class=\"infobox-title-section\">\n                <h2 class=\"title\">Diagn\u00f3stico da Regi\u00e3o Hidrogr\u00e1fica da Serra da Ibiapaba<\/h2>            <\/div>\n                    <\/div>\n            <\/div>\n\n\t\t            <\/a>\n\t\t\t\t\t\t<\/div>\n\t\t\t\t<\/div>\n\t\t\t\t\t<\/div>\n\t\t<\/div>\n\t\t\t\t<div class=\"elementor-column elementor-col-33 elementor-inner-column elementor-element elementor-element-06646b1\" data-id=\"06646b1\" data-element_type=\"column\" data-e-type=\"column\">\n\t\t\t<div class=\"elementor-widget-wrap elementor-element-populated\">\n\t\t\t\t\t\t<div class=\"elementor-element elementor-element-18b87e1 eael-infobox-content-align--center eael-infobox-shape-square eael-infobox-hover-img-shape-square elementor-invisible elementor-widget elementor-widget-eael-info-box\" data-id=\"18b87e1\" data-element_type=\"widget\" data-e-type=\"widget\" data-settings=\"{&quot;_animation&quot;:&quot;zoomIn&quot;}\" data-widget_type=\"eael-info-box.default\">\n\t\t\t\t<div class=\"elementor-widget-container\">\n\t\t\t\t\t            <a href=\"https:\/\/drive.google.com\/file\/d\/1iWCIoXR67BotX3c_FzuKCdZ-_Z5mq7H_\/view\">\n\t            <div class=\"eael-infobox icon-on-top\">\n\t            <div class=\"infobox-icon\">\n\n                            <img decoding=\"async\" src=\"https:\/\/i0.wp.com\/cepas.ufc.br\/wp-content\/uploads\/2024\/11\/CAPA-24.png?fit=1414%2C2000&#038;ssl=1\" alt=\"\">\n            \n            \n            \n        <\/div>\n            <div class=\"infobox-content\">\n                    <div class=\"infobox-title-section\">\n                <h2 class=\"title\">Progn\u00f3stico da Regi\u00e3o Hidrogr\u00e1fica da Serra da Ibiapaba<\/h2>            <\/div>\n                    <\/div>\n            <\/div>\n\n\t\t            <\/a>\n\t\t\t\t\t\t<\/div>\n\t\t\t\t<\/div>\n\t\t\t\t\t<\/div>\n\t\t<\/div>\n\t\t\t\t\t<\/div>\n\t\t<\/section>\n\t\t\t\t<div class=\"elementor-element elementor-element-288e6fd elementor-widget elementor-widget-heading\" data-id=\"288e6fd\" data-element_type=\"widget\" data-e-type=\"widget\" data-widget_type=\"heading.default\">\n\t\t\t\t<div class=\"elementor-widget-container\">\n\t\t\t\t\t<h2 class=\"elementor-heading-title elementor-size-default\">Plano de Recursos H\u00eddricos da Regi\u00e3o Hidrogr\u00e1fica do Acara\u00fa\n<\/h2>\t\t\t\t<\/div>\n\t\t\t\t<\/div>\n\t\t\t\t<section class=\"elementor-section elementor-inner-section elementor-element elementor-element-4dbd121 elementor-section-full_width elementor-section-height-default elementor-section-height-default wpr-particle-no wpr-jarallax-no wpr-parallax-no wpr-sticky-section-no wpr-equal-height-no\" data-id=\"4dbd121\" data-element_type=\"section\" data-e-type=\"section\">\n\t\t\t\t\t\t<div class=\"elementor-container elementor-column-gap-no\">\n\t\t\t\t\t<div class=\"elementor-column elementor-col-33 elementor-inner-column elementor-element elementor-element-25e45c9\" data-id=\"25e45c9\" data-element_type=\"column\" data-e-type=\"column\">\n\t\t\t<div class=\"elementor-widget-wrap elementor-element-populated\">\n\t\t\t\t\t\t<div class=\"elementor-element elementor-element-b9e3f7a eael-infobox-content-align--center eael-infobox-shape-square eael-infobox-hover-img-shape-square elementor-invisible elementor-widget elementor-widget-eael-info-box\" data-id=\"b9e3f7a\" data-element_type=\"widget\" data-e-type=\"widget\" data-settings=\"{&quot;_animation&quot;:&quot;zoomIn&quot;}\" data-widget_type=\"eael-info-box.default\">\n\t\t\t\t<div class=\"elementor-widget-container\">\n\t\t\t\t\t            <a href=\"https:\/\/drive.google.com\/file\/d\/1t1azJJXDXtyuI2M2beCBQbMcVJlj1VfM\/view\">\n\t            <div class=\"eael-infobox icon-on-top\">\n\t            <div class=\"infobox-icon\">\n\n                            <img decoding=\"async\" src=\"https:\/\/i0.wp.com\/cepas.ufc.br\/wp-content\/uploads\/2024\/11\/CAPA-18.png?fit=1414%2C2000&#038;ssl=1\" alt=\"\">\n            \n            \n            \n        <\/div>\n            <div class=\"infobox-content\">\n                    <div class=\"infobox-title-section\">\n                <h2 class=\"title\">Iniciando o Di\u00e1logo na Regi\u00e3o Hidrogr\u00e1fica do Acara\u00fa<\/h2>            <\/div>\n                    <\/div>\n            <\/div>\n\n\t\t            <\/a>\n\t\t\t\t\t\t<\/div>\n\t\t\t\t<\/div>\n\t\t\t\t\t<\/div>\n\t\t<\/div>\n\t\t\t\t<div class=\"elementor-column elementor-col-33 elementor-inner-column elementor-element elementor-element-25b66cb\" data-id=\"25b66cb\" data-element_type=\"column\" data-e-type=\"column\">\n\t\t\t<div class=\"elementor-widget-wrap elementor-element-populated\">\n\t\t\t\t\t\t<div class=\"elementor-element elementor-element-3a5a19b eael-infobox-content-align--center eael-infobox-shape-square eael-infobox-hover-img-shape-square elementor-invisible elementor-widget elementor-widget-eael-info-box\" data-id=\"3a5a19b\" data-element_type=\"widget\" data-e-type=\"widget\" data-settings=\"{&quot;_animation&quot;:&quot;zoomIn&quot;}\" data-widget_type=\"eael-info-box.default\">\n\t\t\t\t<div class=\"elementor-widget-container\">\n\t\t\t\t\t            <a href=\"https:\/\/drive.google.com\/file\/d\/1nrtKBvJJ7PFWSVWNHdAA2V4mHoEDkDHy\/view\">\n\t            <div class=\"eael-infobox icon-on-top\">\n\t            <div class=\"infobox-icon\">\n\n                            <img decoding=\"async\" src=\"https:\/\/i0.wp.com\/cepas.ufc.br\/wp-content\/uploads\/2024\/11\/CAPA-28.png?fit=1414%2C2000&#038;ssl=1\" alt=\"\">\n            \n            \n            \n        <\/div>\n            <div class=\"infobox-content\">\n                    <div class=\"infobox-title-section\">\n                <h2 class=\"title\">Diagn\u00f3stico da Regi\u00e3o Hidrogr\u00e1fica do Acara\u00fa<\/h2>            <\/div>\n                    <\/div>\n            <\/div>\n\n\t\t            <\/a>\n\t\t\t\t\t\t<\/div>\n\t\t\t\t<\/div>\n\t\t\t\t\t<\/div>\n\t\t<\/div>\n\t\t\t\t<div class=\"elementor-column elementor-col-33 elementor-inner-column elementor-element elementor-element-00fbe63\" data-id=\"00fbe63\" data-element_type=\"column\" data-e-type=\"column\">\n\t\t\t<div class=\"elementor-widget-wrap elementor-element-populated\">\n\t\t\t\t\t\t<div class=\"elementor-element elementor-element-c0bfbdf eael-infobox-content-align--center eael-infobox-shape-square eael-infobox-hover-img-shape-square elementor-invisible elementor-widget elementor-widget-eael-info-box\" data-id=\"c0bfbdf\" data-element_type=\"widget\" data-e-type=\"widget\" data-settings=\"{&quot;_animation&quot;:&quot;zoomIn&quot;}\" data-widget_type=\"eael-info-box.default\">\n\t\t\t\t<div class=\"elementor-widget-container\">\n\t\t\t\t\t            <a href=\"https:\/\/drive.google.com\/file\/d\/1ECKyu0U6PfHlU8j1PBtKG5h4CdJu96-e\/view\">\n\t            <div class=\"eael-infobox icon-on-top\">\n\t            <div class=\"infobox-icon\">\n\n                            <img decoding=\"async\" src=\"https:\/\/i0.wp.com\/cepas.ufc.br\/wp-content\/uploads\/2024\/11\/CAPA-15.png?fit=1414%2C2000&#038;ssl=1\" alt=\"\">\n            \n            \n            \n        <\/div>\n            <div class=\"infobox-content\">\n                    <div class=\"infobox-title-section\">\n                <h2 class=\"title\">Progn\u00f3stico da Regi\u00e3o Hidrogr\u00e1fica do Acara\u00fa<\/h2>            <\/div>\n                    <\/div>\n            <\/div>\n\n\t\t            <\/a>\n\t\t\t\t\t\t<\/div>\n\t\t\t\t<\/div>\n\t\t\t\t\t<\/div>\n\t\t<\/div>\n\t\t\t\t\t<\/div>\n\t\t<\/section>\n\t\t\t\t<div class=\"elementor-element elementor-element-69c6959 elementor-widget elementor-widget-heading\" data-id=\"69c6959\" data-element_type=\"widget\" data-e-type=\"widget\" data-widget_type=\"heading.default\">\n\t\t\t\t<div class=\"elementor-widget-container\">\n\t\t\t\t\t<h2 class=\"elementor-heading-title elementor-size-default\">Plano de Recursos H\u00eddricos da Regi\u00e3o Hidrogr\u00e1fica do Litoral\n<\/h2>\t\t\t\t<\/div>\n\t\t\t\t<\/div>\n\t\t\t\t<section class=\"elementor-section elementor-inner-section elementor-element elementor-element-173e683 elementor-section-full_width elementor-section-height-default elementor-section-height-default wpr-particle-no wpr-jarallax-no wpr-parallax-no wpr-sticky-section-no wpr-equal-height-no\" data-id=\"173e683\" data-element_type=\"section\" data-e-type=\"section\">\n\t\t\t\t\t\t<div class=\"elementor-container elementor-column-gap-no\">\n\t\t\t\t\t<div class=\"elementor-column elementor-col-33 elementor-inner-column elementor-element elementor-element-5b669aa\" data-id=\"5b669aa\" data-element_type=\"column\" data-e-type=\"column\">\n\t\t\t<div class=\"elementor-widget-wrap elementor-element-populated\">\n\t\t\t\t\t\t<div class=\"elementor-element elementor-element-9ee1efa eael-infobox-content-align--center eael-infobox-shape-square eael-infobox-hover-img-shape-square elementor-invisible elementor-widget elementor-widget-eael-info-box\" data-id=\"9ee1efa\" data-element_type=\"widget\" data-e-type=\"widget\" data-settings=\"{&quot;_animation&quot;:&quot;zoomIn&quot;}\" data-widget_type=\"eael-info-box.default\">\n\t\t\t\t<div class=\"elementor-widget-container\">\n\t\t\t\t\t            <a href=\"https:\/\/drive.google.com\/file\/d\/1OPcX1UMILc9BOCZfwt98YHqdtyQ6CHBN\/view\">\n\t            <div class=\"eael-infobox icon-on-top\">\n\t            <div class=\"infobox-icon\">\n\n                            <img decoding=\"async\" src=\"https:\/\/i0.wp.com\/cepas.ufc.br\/wp-content\/uploads\/2024\/11\/INICIANDO-O-DIALOGO-LITORAL.png?fit=1414%2C2000&#038;ssl=1\" alt=\"\">\n            \n            \n            \n        <\/div>\n            <div class=\"infobox-content\">\n                    <div class=\"infobox-title-section\">\n                <h2 class=\"title\">Iniciando o Di\u00e1logo na Regi\u00e3o Hidrogr\u00e1fica do Litoral<\/h2>            <\/div>\n                    <\/div>\n            <\/div>\n\n\t\t            <\/a>\n\t\t\t\t\t\t<\/div>\n\t\t\t\t<\/div>\n\t\t\t\t<div class=\"elementor-element elementor-element-d0a4342 eael-infobox-content-align--center eael-infobox-shape-square eael-infobox-hover-img-shape-square elementor-invisible elementor-widget elementor-widget-eael-info-box\" data-id=\"d0a4342\" data-element_type=\"widget\" data-e-type=\"widget\" data-settings=\"{&quot;_animation&quot;:&quot;zoomIn&quot;}\" data-widget_type=\"eael-info-box.default\">\n\t\t\t\t<div class=\"elementor-widget-container\">\n\t\t\t\t\t            <a href=\"https:\/\/drive.google.com\/file\/d\/1JxSrW00L2mXQcMY6lE-qW-_1Ps4-YJPI\/view\">\n\t            <div class=\"eael-infobox icon-on-top\">\n\t            <div class=\"infobox-icon\">\n\n                            <img decoding=\"async\" src=\"https:\/\/i0.wp.com\/cepas.ufc.br\/wp-content\/uploads\/2024\/11\/litoral-1.png?fit=1656%2C2342&#038;ssl=1\" alt=\"\">\n            \n            \n            \n        <\/div>\n            <div class=\"infobox-content\">\n                    <div class=\"infobox-title-section\">\n                <h2 class=\"title\">Programas e A\u00e7\u00f5es da Regi\u00e3o Hidrogr\u00e1fica do Litoral<\/h2>            <\/div>\n                    <\/div>\n            <\/div>\n\n\t\t            <\/a>\n\t\t\t\t\t\t<\/div>\n\t\t\t\t<\/div>\n\t\t\t\t\t<\/div>\n\t\t<\/div>\n\t\t\t\t<div class=\"elementor-column elementor-col-33 elementor-inner-column elementor-element elementor-element-1f1bc4a\" data-id=\"1f1bc4a\" data-element_type=\"column\" data-e-type=\"column\">\n\t\t\t<div class=\"elementor-widget-wrap elementor-element-populated\">\n\t\t\t\t\t\t<div class=\"elementor-element elementor-element-ced2e00 eael-infobox-content-align--center eael-infobox-shape-square eael-infobox-hover-img-shape-square elementor-invisible elementor-widget elementor-widget-eael-info-box\" data-id=\"ced2e00\" data-element_type=\"widget\" data-e-type=\"widget\" data-settings=\"{&quot;_animation&quot;:&quot;zoomIn&quot;}\" data-widget_type=\"eael-info-box.default\">\n\t\t\t\t<div class=\"elementor-widget-container\">\n\t\t\t\t\t            <a href=\"https:\/\/drive.google.com\/file\/d\/1XpvfT_evC6TevtcL59h7gpc1q9PnrqxY\/view\">\n\t            <div class=\"eael-infobox icon-on-top\">\n\t            <div class=\"infobox-icon\">\n\n                            <img decoding=\"async\" src=\"https:\/\/i0.wp.com\/cepas.ufc.br\/wp-content\/uploads\/2024\/11\/CAPA-25.png?fit=1414%2C2000&#038;ssl=1\" alt=\"\">\n            \n            \n            \n        <\/div>\n            <div class=\"infobox-content\">\n                    <div class=\"infobox-title-section\">\n                <h2 class=\"title\">Diagn\u00f3stico da Regi\u00e3o Hidrogr\u00e1fica do Litoral<\/h2>            <\/div>\n                    <\/div>\n            <\/div>\n\n\t\t            <\/a>\n\t\t\t\t\t\t<\/div>\n\t\t\t\t<\/div>\n\t\t\t\t\t<\/div>\n\t\t<\/div>\n\t\t\t\t<div class=\"elementor-column elementor-col-33 elementor-inner-column elementor-element elementor-element-b06402c\" data-id=\"b06402c\" data-element_type=\"column\" data-e-type=\"column\">\n\t\t\t<div class=\"elementor-widget-wrap elementor-element-populated\">\n\t\t\t\t\t\t<div class=\"elementor-element elementor-element-a40c09b eael-infobox-content-align--center eael-infobox-shape-square eael-infobox-hover-img-shape-square elementor-invisible elementor-widget elementor-widget-eael-info-box\" data-id=\"a40c09b\" data-element_type=\"widget\" data-e-type=\"widget\" data-settings=\"{&quot;_animation&quot;:&quot;zoomIn&quot;}\" data-widget_type=\"eael-info-box.default\">\n\t\t\t\t<div class=\"elementor-widget-container\">\n\t\t\t\t\t            <a href=\"https:\/\/drive.google.com\/file\/d\/1TKGa9TADJlxG57q7Uyv_8bSI_hTrFNNf\/view\">\n\t            <div class=\"eael-infobox icon-on-top\">\n\t            <div class=\"infobox-icon\">\n\n                            <img decoding=\"async\" src=\"https:\/\/i0.wp.com\/cepas.ufc.br\/wp-content\/uploads\/2024\/11\/CAPA-29.png?fit=1414%2C2000&#038;ssl=1\" alt=\"\">\n            \n            \n            \n        <\/div>\n            <div class=\"infobox-content\">\n                    <div class=\"infobox-title-section\">\n                <h2 class=\"title\">Progn\u00f3stico da Regi\u00e3o Hidrogr\u00e1fica do Litoral<\/h2>            <\/div>\n                    <\/div>\n            <\/div>\n\n\t\t            <\/a>\n\t\t\t\t\t\t<\/div>\n\t\t\t\t<\/div>\n\t\t\t\t\t<\/div>\n\t\t<\/div>\n\t\t\t\t\t<\/div>\n\t\t<\/section>\n\t\t\t\t<div class=\"elementor-element elementor-element-17ba935 elementor-widget elementor-widget-heading\" data-id=\"17ba935\" data-element_type=\"widget\" data-e-type=\"widget\" data-widget_type=\"heading.default\">\n\t\t\t\t<div class=\"elementor-widget-container\">\n\t\t\t\t\t<h2 class=\"elementor-heading-title elementor-size-default\">Plano de Recursos H\u00eddricos da Regi\u00e3o Hidrogr\u00e1fica do Rio Salgado\n<\/h2>\t\t\t\t<\/div>\n\t\t\t\t<\/div>\n\t\t\t\t<section class=\"elementor-section elementor-inner-section elementor-element elementor-element-950d08e elementor-section-full_width elementor-section-height-default elementor-section-height-default wpr-particle-no wpr-jarallax-no wpr-parallax-no wpr-sticky-section-no wpr-equal-height-no\" data-id=\"950d08e\" data-element_type=\"section\" data-e-type=\"section\">\n\t\t\t\t\t\t<div class=\"elementor-container elementor-column-gap-no\">\n\t\t\t\t\t<div class=\"elementor-column elementor-col-33 elementor-inner-column elementor-element elementor-element-8a7ebae\" data-id=\"8a7ebae\" data-element_type=\"column\" data-e-type=\"column\">\n\t\t\t<div class=\"elementor-widget-wrap elementor-element-populated\">\n\t\t\t\t\t\t<div class=\"elementor-element elementor-element-40140ab eael-infobox-content-align--center eael-infobox-shape-square eael-infobox-hover-img-shape-square elementor-invisible elementor-widget elementor-widget-eael-info-box\" data-id=\"40140ab\" data-element_type=\"widget\" data-e-type=\"widget\" data-settings=\"{&quot;_animation&quot;:&quot;zoomIn&quot;}\" data-widget_type=\"eael-info-box.default\">\n\t\t\t\t<div class=\"elementor-widget-container\">\n\t\t\t\t\t            <a href=\"https:\/\/drive.google.com\/file\/d\/1vOp1kDZQMSekuObA55JZtB3xZhOZAeqe\/view\">\n\t            <div class=\"eael-infobox icon-on-top\">\n\t            <div class=\"infobox-icon\">\n\n                            <img decoding=\"async\" src=\"https:\/\/i0.wp.com\/cepas.ufc.br\/wp-content\/uploads\/2024\/11\/CAPA-31.png?fit=1414%2C2000&#038;ssl=1\" alt=\"\">\n            \n            \n            \n        <\/div>\n            <div class=\"infobox-content\">\n                    <div class=\"infobox-title-section\">\n                <h2 class=\"title\">Iniciando o Di\u00e1logo na Regi\u00e3o Hidrogr\u00e1fica do Rio Salgado<\/h2>            <\/div>\n                    <\/div>\n            <\/div>\n\n\t\t            <\/a>\n\t\t\t\t\t\t<\/div>\n\t\t\t\t<\/div>\n\t\t\t\t<div class=\"elementor-element elementor-element-393879e eael-infobox-content-align--center eael-infobox-shape-square eael-infobox-hover-img-shape-square elementor-invisible elementor-widget elementor-widget-eael-info-box\" data-id=\"393879e\" data-element_type=\"widget\" data-e-type=\"widget\" data-settings=\"{&quot;_animation&quot;:&quot;zoomIn&quot;}\" data-widget_type=\"eael-info-box.default\">\n\t\t\t\t<div class=\"elementor-widget-container\">\n\t\t\t\t\t            <a href=\"https:\/\/drive.google.com\/file\/d\/1NVrf1hd9ik93abtoiET89rqkgvZK91J-\/view\">\n\t            <div class=\"eael-infobox icon-on-top\">\n\t            <div class=\"infobox-icon\">\n\n                            <img decoding=\"async\" src=\"https:\/\/i0.wp.com\/cepas.ufc.br\/wp-content\/uploads\/2024\/11\/plano-salgado-1.png?fit=1656%2C2342&#038;ssl=1\" alt=\"\">\n            \n            \n            \n        <\/div>\n            <div class=\"infobox-content\">\n                    <div class=\"infobox-title-section\">\n                <h2 class=\"title\">Programas e A\u00e7\u00f5es da Regi\u00e3o Hidrogr\u00e1fica do Rio Salgado<\/h2>            <\/div>\n                    <\/div>\n            <\/div>\n\n\t\t            <\/a>\n\t\t\t\t\t\t<\/div>\n\t\t\t\t<\/div>\n\t\t\t\t\t<\/div>\n\t\t<\/div>\n\t\t\t\t<div class=\"elementor-column elementor-col-33 elementor-inner-column elementor-element elementor-element-1805e61\" data-id=\"1805e61\" data-element_type=\"column\" data-e-type=\"column\">\n\t\t\t<div class=\"elementor-widget-wrap elementor-element-populated\">\n\t\t\t\t\t\t<div class=\"elementor-element elementor-element-4dc5e50 eael-infobox-content-align--center eael-infobox-shape-square eael-infobox-hover-img-shape-square elementor-invisible elementor-widget elementor-widget-eael-info-box\" data-id=\"4dc5e50\" data-element_type=\"widget\" data-e-type=\"widget\" data-settings=\"{&quot;_animation&quot;:&quot;zoomIn&quot;}\" data-widget_type=\"eael-info-box.default\">\n\t\t\t\t<div class=\"elementor-widget-container\">\n\t\t\t\t\t            <a href=\"https:\/\/drive.google.com\/file\/d\/12O9GJvvypkAOELOCQcf1kmWaehda1Ohy\/view\">\n\t            <div class=\"eael-infobox icon-on-top\">\n\t            <div class=\"infobox-icon\">\n\n                            <img decoding=\"async\" src=\"https:\/\/i0.wp.com\/cepas.ufc.br\/wp-content\/uploads\/2024\/11\/CAPA-2-1.png?fit=1414%2C2000&#038;ssl=1\" alt=\"\">\n            \n            \n            \n        <\/div>\n            <div class=\"infobox-content\">\n                    <div class=\"infobox-title-section\">\n                <h2 class=\"title\">Diagn\u00f3stico da Regi\u00e3o Hidrogr\u00e1fica do Rio Salgado<\/h2>            <\/div>\n                    <\/div>\n            <\/div>\n\n\t\t            <\/a>\n\t\t\t\t\t\t<\/div>\n\t\t\t\t<\/div>\n\t\t\t\t\t<\/div>\n\t\t<\/div>\n\t\t\t\t<div class=\"elementor-column elementor-col-33 elementor-inner-column elementor-element elementor-element-4458742\" data-id=\"4458742\" data-element_type=\"column\" data-e-type=\"column\">\n\t\t\t<div class=\"elementor-widget-wrap elementor-element-populated\">\n\t\t\t\t\t\t<div class=\"elementor-element elementor-element-401e789 eael-infobox-content-align--center eael-infobox-shape-square eael-infobox-hover-img-shape-square elementor-invisible elementor-widget elementor-widget-eael-info-box\" data-id=\"401e789\" data-element_type=\"widget\" data-e-type=\"widget\" data-settings=\"{&quot;_animation&quot;:&quot;zoomIn&quot;}\" data-widget_type=\"eael-info-box.default\">\n\t\t\t\t<div class=\"elementor-widget-container\">\n\t\t\t\t\t            <a href=\"https:\/\/drive.google.com\/file\/d\/1xS6jnaatNsPmA2eaOuBkSisbCLh_yfLI\/view\">\n\t            <div class=\"eael-infobox icon-on-top\">\n\t            <div class=\"infobox-icon\">\n\n                            <img decoding=\"async\" src=\"https:\/\/i0.wp.com\/cepas.ufc.br\/wp-content\/uploads\/2025\/02\/prognostico-salgado-1.png?fit=1654%2C2339&#038;ssl=1\" alt=\"\">\n            \n            \n            \n        <\/div>\n            <div class=\"infobox-content\">\n                    <div class=\"infobox-title-section\">\n                <h2 class=\"title\">Progn\u00f3stico da Regi\u00e3o Hidrogr\u00e1fica do Rio Salgado<\/h2>            <\/div>\n                    <\/div>\n            <\/div>\n\n\t\t            <\/a>\n\t\t\t\t\t\t<\/div>\n\t\t\t\t<\/div>\n\t\t\t\t\t<\/div>\n\t\t<\/div>\n\t\t\t\t\t<\/div>\n\t\t<\/section>\n\t\t\t\t<div class=\"elementor-element elementor-element-4f46e4f elementor-widget elementor-widget-heading\" data-id=\"4f46e4f\" data-element_type=\"widget\" data-e-type=\"widget\" data-widget_type=\"heading.default\">\n\t\t\t\t<div class=\"elementor-widget-container\">\n\t\t\t\t\t<h2 class=\"elementor-heading-title elementor-size-default\">Plano de Recursos H\u00eddricos da Regi\u00e3o Hidrogr\u00e1fica do Alto Jaguaribe\n<\/h2>\t\t\t\t<\/div>\n\t\t\t\t<\/div>\n\t\t\t\t<section class=\"elementor-section elementor-inner-section elementor-element elementor-element-30c37ee elementor-section-full_width elementor-section-height-default elementor-section-height-default wpr-particle-no wpr-jarallax-no wpr-parallax-no wpr-sticky-section-no wpr-equal-height-no\" data-id=\"30c37ee\" data-element_type=\"section\" data-e-type=\"section\">\n\t\t\t\t\t\t<div class=\"elementor-container elementor-column-gap-no\">\n\t\t\t\t\t<div class=\"elementor-column elementor-col-33 elementor-inner-column elementor-element elementor-element-9a482ca\" data-id=\"9a482ca\" data-element_type=\"column\" data-e-type=\"column\">\n\t\t\t<div class=\"elementor-widget-wrap elementor-element-populated\">\n\t\t\t\t\t\t<div class=\"elementor-element elementor-element-d6e9acf eael-infobox-content-align--center eael-infobox-shape-square eael-infobox-hover-img-shape-square elementor-invisible elementor-widget elementor-widget-eael-info-box\" data-id=\"d6e9acf\" data-element_type=\"widget\" data-e-type=\"widget\" data-settings=\"{&quot;_animation&quot;:&quot;zoomIn&quot;}\" data-widget_type=\"eael-info-box.default\">\n\t\t\t\t<div class=\"elementor-widget-container\">\n\t\t\t\t\t            <a href=\"https:\/\/drive.google.com\/file\/d\/1F3H29LHP_Xgv5yCBxpK9VfZ_7A8qid-K\/view\">\n\t            <div class=\"eael-infobox icon-on-top\">\n\t            <div class=\"infobox-icon\">\n\n                            <img decoding=\"async\" src=\"https:\/\/i0.wp.com\/cepas.ufc.br\/wp-content\/uploads\/2024\/11\/CAPA-33.png?fit=1414%2C2000&#038;ssl=1\" alt=\"\">\n            \n            \n            \n        <\/div>\n            <div class=\"infobox-content\">\n                    <div class=\"infobox-title-section\">\n                <h2 class=\"title\">Iniciando o Di\u00e1logo na Regi\u00e3o Hidrogr\u00e1fica do Alto Jaguaribe<\/h2>            <\/div>\n                    <\/div>\n            <\/div>\n\n\t\t            <\/a>\n\t\t\t\t\t\t<\/div>\n\t\t\t\t<\/div>\n\t\t\t\t<div class=\"elementor-element elementor-element-67dace5 eael-infobox-content-align--center eael-infobox-shape-square eael-infobox-hover-img-shape-square elementor-invisible elementor-widget elementor-widget-eael-info-box\" data-id=\"67dace5\" data-element_type=\"widget\" data-e-type=\"widget\" data-settings=\"{&quot;_animation&quot;:&quot;zoomIn&quot;}\" data-widget_type=\"eael-info-box.default\">\n\t\t\t\t<div class=\"elementor-widget-container\">\n\t\t\t\t\t            <a href=\"https:\/\/drive.google.com\/file\/d\/1oH76ZnHZyw0w5AmpB2qRSxnkOBV8UylT\/view\">\n\t            <div class=\"eael-infobox icon-on-top\">\n\t            <div class=\"infobox-icon\">\n\n                            <img decoding=\"async\" src=\"https:\/\/i0.wp.com\/cepas.ufc.br\/wp-content\/uploads\/2024\/11\/programas-alto-jaguaribe-1.png?fit=1656%2C2342&#038;ssl=1\" alt=\"\">\n            \n            \n            \n        <\/div>\n            <div class=\"infobox-content\">\n                    <div class=\"infobox-title-section\">\n                <h2 class=\"title\">Programas e A\u00e7\u00f5es da Regi\u00e3o Hidrogr\u00e1fica do Alto Jaguaribe<\/h2>            <\/div>\n                    <\/div>\n            <\/div>\n\n\t\t            <\/a>\n\t\t\t\t\t\t<\/div>\n\t\t\t\t<\/div>\n\t\t\t\t\t<\/div>\n\t\t<\/div>\n\t\t\t\t<div class=\"elementor-column elementor-col-33 elementor-inner-column elementor-element elementor-element-54a72bc\" data-id=\"54a72bc\" data-element_type=\"column\" data-e-type=\"column\">\n\t\t\t<div class=\"elementor-widget-wrap elementor-element-populated\">\n\t\t\t\t\t\t<div class=\"elementor-element elementor-element-97abad4 eael-infobox-content-align--center eael-infobox-shape-square eael-infobox-hover-img-shape-square elementor-invisible elementor-widget elementor-widget-eael-info-box\" data-id=\"97abad4\" data-element_type=\"widget\" data-e-type=\"widget\" data-settings=\"{&quot;_animation&quot;:&quot;zoomIn&quot;}\" data-widget_type=\"eael-info-box.default\">\n\t\t\t\t<div class=\"elementor-widget-container\">\n\t\t\t\t\t            <a href=\"https:\/\/drive.google.com\/file\/d\/1lpkIdChVK0jUHAziKubj73TB4StDEVPg\/view\">\n\t            <div class=\"eael-infobox icon-on-top\">\n\t            <div class=\"infobox-icon\">\n\n                            <img decoding=\"async\" src=\"https:\/\/i0.wp.com\/cepas.ufc.br\/wp-content\/uploads\/2024\/11\/CAPA-32.png?fit=1414%2C2000&#038;ssl=1\" alt=\"\">\n            \n            \n            \n        <\/div>\n            <div class=\"infobox-content\">\n                    <div class=\"infobox-title-section\">\n                <h2 class=\"title\">Diagn\u00f3stico na Regi\u00e3o Hidrogr\u00e1fica do Alto Jaguaribe<\/h2>            <\/div>\n                    <\/div>\n            <\/div>\n\n\t\t            <\/a>\n\t\t\t\t\t\t<\/div>\n\t\t\t\t<\/div>\n\t\t\t\t\t<\/div>\n\t\t<\/div>\n\t\t\t\t<div class=\"elementor-column elementor-col-33 elementor-inner-column elementor-element elementor-element-e9cd5a5\" data-id=\"e9cd5a5\" data-element_type=\"column\" data-e-type=\"column\">\n\t\t\t<div class=\"elementor-widget-wrap elementor-element-populated\">\n\t\t\t\t\t\t<div class=\"elementor-element elementor-element-732f8a1 eael-infobox-content-align--center eael-infobox-shape-square eael-infobox-hover-img-shape-square elementor-invisible elementor-widget elementor-widget-eael-info-box\" data-id=\"732f8a1\" data-element_type=\"widget\" data-e-type=\"widget\" data-settings=\"{&quot;_animation&quot;:&quot;zoomIn&quot;}\" data-widget_type=\"eael-info-box.default\">\n\t\t\t\t<div class=\"elementor-widget-container\">\n\t\t\t\t\t            <a href=\"https:\/\/drive.google.com\/file\/d\/1tYNQ11TLIZfud0XwQpPFXSA9ALUjQNgQ\/view\">\n\t            <div class=\"eael-infobox icon-on-top\">\n\t            <div class=\"infobox-icon\">\n\n                            <img decoding=\"async\" src=\"https:\/\/i0.wp.com\/cepas.ufc.br\/wp-content\/uploads\/2024\/11\/alto-jaguaribe-progno-1.png?fit=1656%2C2342&#038;ssl=1\" alt=\"\">\n            \n            \n            \n        <\/div>\n            <div class=\"infobox-content\">\n                    <div class=\"infobox-title-section\">\n                <h2 class=\"title\">Progn\u00f3stico da Regi\u00e3o Hidrogr\u00e1fica do Alto Jaguaribe<\/h2>            <\/div>\n                    <\/div>\n            <\/div>\n\n\t\t            <\/a>\n\t\t\t\t\t\t<\/div>\n\t\t\t\t<\/div>\n\t\t\t\t\t<\/div>\n\t\t<\/div>\n\t\t\t\t\t<\/div>\n\t\t<\/section>\n\t\t\t\t<div class=\"elementor-element elementor-element-5cf34e3 elementor-widget elementor-widget-heading\" data-id=\"5cf34e3\" data-element_type=\"widget\" data-e-type=\"widget\" data-widget_type=\"heading.default\">\n\t\t\t\t<div class=\"elementor-widget-container\">\n\t\t\t\t\t<h2 class=\"elementor-heading-title elementor-size-default\">Plano de Recursos H\u00eddricos da Regi\u00e3o Hidrogr\u00e1fica do Rio Banabui\u00fa\n<\/h2>\t\t\t\t<\/div>\n\t\t\t\t<\/div>\n\t\t\t\t<section class=\"elementor-section elementor-inner-section elementor-element elementor-element-02c1308 elementor-section-full_width elementor-section-height-default elementor-section-height-default wpr-particle-no wpr-jarallax-no wpr-parallax-no wpr-sticky-section-no wpr-equal-height-no\" data-id=\"02c1308\" data-element_type=\"section\" data-e-type=\"section\">\n\t\t\t\t\t\t<div class=\"elementor-container elementor-column-gap-no\">\n\t\t\t\t\t<div class=\"elementor-column elementor-col-33 elementor-inner-column elementor-element elementor-element-1cf52aa\" data-id=\"1cf52aa\" data-element_type=\"column\" data-e-type=\"column\">\n\t\t\t<div class=\"elementor-widget-wrap elementor-element-populated\">\n\t\t\t\t\t\t<div class=\"elementor-element elementor-element-5b12028 eael-infobox-content-align--center eael-infobox-shape-square eael-infobox-hover-img-shape-square elementor-invisible elementor-widget elementor-widget-eael-info-box\" data-id=\"5b12028\" data-element_type=\"widget\" data-e-type=\"widget\" data-settings=\"{&quot;_animation&quot;:&quot;zoomIn&quot;}\" data-widget_type=\"eael-info-box.default\">\n\t\t\t\t<div class=\"elementor-widget-container\">\n\t\t\t\t\t            <a href=\"https:\/\/drive.google.com\/file\/d\/1v-waogL7KmCdvWElFXzLQe0GCGCORmI1\/view\">\n\t            <div class=\"eael-infobox icon-on-top\">\n\t            <div class=\"infobox-icon\">\n\n                            <img decoding=\"async\" src=\"https:\/\/i0.wp.com\/cepas.ufc.br\/wp-content\/uploads\/2024\/11\/CAPA-1-1.png?fit=1414%2C2000&#038;ssl=1\" alt=\"\">\n            \n            \n            \n        <\/div>\n            <div class=\"infobox-content\">\n                    <div class=\"infobox-title-section\">\n                <h2 class=\"title\">Iniciando o Di\u00e1logo na Regi\u00e3o Hidrogr\u00e1fica do Rio Banabui\u00fa<\/h2>            <\/div>\n                    <\/div>\n            <\/div>\n\n\t\t            <\/a>\n\t\t\t\t\t\t<\/div>\n\t\t\t\t<\/div>\n\t\t\t\t<div class=\"elementor-element elementor-element-944549a eael-infobox-content-align--center eael-infobox-shape-square eael-infobox-hover-img-shape-square elementor-invisible elementor-widget elementor-widget-eael-info-box\" data-id=\"944549a\" data-element_type=\"widget\" data-e-type=\"widget\" data-settings=\"{&quot;_animation&quot;:&quot;zoomIn&quot;}\" data-widget_type=\"eael-info-box.default\">\n\t\t\t\t<div class=\"elementor-widget-container\">\n\t\t\t\t\t            <a href=\"https:\/\/drive.google.com\/file\/d\/1InP6sVYRtRje172ZfTWUeOr9gDxGGVem\/view\">\n\t            <div class=\"eael-infobox icon-on-top\">\n\t            <div class=\"infobox-icon\">\n\n                            <img data-recalc-dims=\"1\" decoding=\"async\" src=\"https:\/\/i0.wp.com\/cepas.ufc.br\/wp-content\/uploads\/2024\/11\/CAPA-2.png?w=800&#038;ssl=1\" alt=\"\">\n            \n            \n            \n        <\/div>\n            <div class=\"infobox-content\">\n                    <div class=\"infobox-title-section\">\n                <h2 class=\"title\">Programas e A\u00e7\u00f5es da Regi\u00e3o Hidrogr\u00e1fica do Rio Banabui\u00fa<\/h2>            <\/div>\n                    <\/div>\n            <\/div>\n\n\t\t            <\/a>\n\t\t\t\t\t\t<\/div>\n\t\t\t\t<\/div>\n\t\t\t\t\t<\/div>\n\t\t<\/div>\n\t\t\t\t<div class=\"elementor-column elementor-col-33 elementor-inner-column elementor-element elementor-element-99eff8a\" data-id=\"99eff8a\" data-element_type=\"column\" data-e-type=\"column\">\n\t\t\t<div class=\"elementor-widget-wrap elementor-element-populated\">\n\t\t\t\t\t\t<div class=\"elementor-element elementor-element-6f6f60c eael-infobox-content-align--center eael-infobox-shape-square eael-infobox-hover-img-shape-square elementor-invisible elementor-widget elementor-widget-eael-info-box\" data-id=\"6f6f60c\" data-element_type=\"widget\" data-e-type=\"widget\" data-settings=\"{&quot;_animation&quot;:&quot;zoomIn&quot;}\" data-widget_type=\"eael-info-box.default\">\n\t\t\t\t<div class=\"elementor-widget-container\">\n\t\t\t\t\t            <a href=\"https:\/\/drive.google.com\/file\/d\/1J48HVBa3WtzHp6M7jLJYzCmm51-TPoml\/view\">\n\t            <div class=\"eael-infobox icon-on-top\">\n\t            <div class=\"infobox-icon\">\n\n                            <img decoding=\"async\" src=\"https:\/\/i0.wp.com\/cepas.ufc.br\/wp-content\/uploads\/2024\/11\/CAPA-34.png?fit=1414%2C2000&#038;ssl=1\" alt=\"\">\n            \n            \n            \n        <\/div>\n            <div class=\"infobox-content\">\n                    <div class=\"infobox-title-section\">\n                <h2 class=\"title\">Diagn\u00f3stico da Regi\u00e3o Hidrogr\u00e1fica do Rio Banabui\u00fa<\/h2>            <\/div>\n                    <\/div>\n            <\/div>\n\n\t\t            <\/a>\n\t\t\t\t\t\t<\/div>\n\t\t\t\t<\/div>\n\t\t\t\t\t<\/div>\n\t\t<\/div>\n\t\t\t\t<div class=\"elementor-column elementor-col-33 elementor-inner-column elementor-element elementor-element-9048c0c\" data-id=\"9048c0c\" data-element_type=\"column\" data-e-type=\"column\">\n\t\t\t<div class=\"elementor-widget-wrap elementor-element-populated\">\n\t\t\t\t\t\t<div class=\"elementor-element elementor-element-b1e25c9 eael-infobox-content-align--center eael-infobox-shape-square eael-infobox-hover-img-shape-square elementor-invisible elementor-widget elementor-widget-eael-info-box\" data-id=\"b1e25c9\" data-element_type=\"widget\" data-e-type=\"widget\" data-settings=\"{&quot;_animation&quot;:&quot;zoomIn&quot;}\" data-widget_type=\"eael-info-box.default\">\n\t\t\t\t<div class=\"elementor-widget-container\">\n\t\t\t\t\t            <a href=\"https:\/\/drive.google.com\/file\/d\/155ObGTqe-ZYvAUH7vdG9ekWoi3aocJ1q\/view\">\n\t            <div class=\"eael-infobox icon-on-top\">\n\t            <div class=\"infobox-icon\">\n\n                            <img decoding=\"async\" src=\"https:\/\/i0.wp.com\/cepas.ufc.br\/wp-content\/uploads\/2024\/11\/progstico-banabuiu-1.png?fit=1656%2C2342&#038;ssl=1\" alt=\"\">\n            \n            \n            \n        <\/div>\n            <div class=\"infobox-content\">\n                    <div class=\"infobox-title-section\">\n                <h2 class=\"title\">Progn\u00f3stico da Regi\u00e3o Hidrogr\u00e1fica do Rio Banabui\u00fa<\/h2>            <\/div>\n                    <\/div>\n            <\/div>\n\n\t\t            <\/a>\n\t\t\t\t\t\t<\/div>\n\t\t\t\t<\/div>\n\t\t\t\t\t<\/div>\n\t\t<\/div>\n\t\t\t\t\t<\/div>\n\t\t<\/section>\n\t\t\t\t<div class=\"elementor-element elementor-element-855540b elementor-widget elementor-widget-heading\" data-id=\"855540b\" data-element_type=\"widget\" data-e-type=\"widget\" data-widget_type=\"heading.default\">\n\t\t\t\t<div class=\"elementor-widget-container\">\n\t\t\t\t\t<h2 class=\"elementor-heading-title elementor-size-default\"><h2 class=\"elementor-heading-title elementor-size-default elementor-inline-editing pen\" data-elementor-setting-key=\"title\" data-pen-placeholder=\"Digite aqui...\" style=\"font-family: var( --e-global-typography-primary-font-family ), Sans-serif;font-weight: var( --e-global-typography-primary-font-weight )\">Plano de Recursos H\u00eddricos da Regi\u00e3o Hidrogr\u00e1fica do Baixo Jaguaribe\n<\/h2><\/h2>\t\t\t\t<\/div>\n\t\t\t\t<\/div>\n\t\t\t\t<section class=\"elementor-section elementor-inner-section elementor-element elementor-element-91314eb elementor-section-full_width elementor-section-height-default elementor-section-height-default wpr-particle-no wpr-jarallax-no wpr-parallax-no wpr-sticky-section-no wpr-equal-height-no\" data-id=\"91314eb\" data-element_type=\"section\" data-e-type=\"section\">\n\t\t\t\t\t\t<div class=\"elementor-container elementor-column-gap-no\">\n\t\t\t\t\t<div class=\"elementor-column elementor-col-33 elementor-inner-column elementor-element elementor-element-b66f254\" data-id=\"b66f254\" data-element_type=\"column\" data-e-type=\"column\">\n\t\t\t<div class=\"elementor-widget-wrap elementor-element-populated\">\n\t\t\t\t\t\t<div class=\"elementor-element elementor-element-1af54c7 eael-infobox-content-align--center eael-infobox-shape-square eael-infobox-hover-img-shape-square elementor-invisible elementor-widget elementor-widget-eael-info-box\" data-id=\"1af54c7\" data-element_type=\"widget\" data-e-type=\"widget\" data-settings=\"{&quot;_animation&quot;:&quot;zoomIn&quot;}\" data-widget_type=\"eael-info-box.default\">\n\t\t\t\t<div class=\"elementor-widget-container\">\n\t\t\t\t\t            <a href=\"https:\/\/drive.google.com\/file\/d\/1cOny3qgQt2ygxdcdoqQr5x0djE5egWNE\/view\">\n\t            <div class=\"eael-infobox icon-on-top\">\n\t            <div class=\"infobox-icon\">\n\n                            <img decoding=\"async\" src=\"https:\/\/i0.wp.com\/cepas.ufc.br\/wp-content\/uploads\/2024\/11\/CAPA-13.png?fit=1414%2C2000&#038;ssl=1\" alt=\"\">\n            \n            \n            \n        <\/div>\n            <div class=\"infobox-content\">\n                    <div class=\"infobox-title-section\">\n                <h2 class=\"title\">Iniciando o Di\u00e1logo na Regi\u00e3o Hidrogr\u00e1fica do Baixo Jaguaribe<\/h2>            <\/div>\n                    <\/div>\n            <\/div>\n\n\t\t            <\/a>\n\t\t\t\t\t\t<\/div>\n\t\t\t\t<\/div>\n\t\t\t\t<div class=\"elementor-element elementor-element-04c17b5 eael-infobox-content-align--center eael-infobox-shape-square eael-infobox-hover-img-shape-square elementor-invisible elementor-widget elementor-widget-eael-info-box\" data-id=\"04c17b5\" data-element_type=\"widget\" data-e-type=\"widget\" data-settings=\"{&quot;_animation&quot;:&quot;zoomIn&quot;}\" data-widget_type=\"eael-info-box.default\">\n\t\t\t\t<div class=\"elementor-widget-container\">\n\t\t\t\t\t            <a href=\"https:\/\/drive.google.com\/file\/d\/1YdStefmt438z9Cke_JhJqx0rjGmUjrE0\/view\">\n\t            <div class=\"eael-infobox icon-on-top\">\n\t            <div class=\"infobox-icon\">\n\n                            <img decoding=\"async\" src=\"https:\/\/i0.wp.com\/cepas.ufc.br\/wp-content\/uploads\/2024\/11\/CAPA.png?fit=1414%2C2000&#038;ssl=1\" alt=\"\">\n            \n            \n            \n        <\/div>\n            <div class=\"infobox-content\">\n                    <div class=\"infobox-title-section\">\n                <h2 class=\"title\">Programas e A\u00e7\u00f5es da Regi\u00e3o Hidrogr\u00e1fica do Baixo Jaguaribe<\/h2>            <\/div>\n                    <\/div>\n            <\/div>\n\n\t\t            <\/a>\n\t\t\t\t\t\t<\/div>\n\t\t\t\t<\/div>\n\t\t\t\t\t<\/div>\n\t\t<\/div>\n\t\t\t\t<div class=\"elementor-column elementor-col-33 elementor-inner-column elementor-element elementor-element-bc226b4\" data-id=\"bc226b4\" data-element_type=\"column\" data-e-type=\"column\">\n\t\t\t<div class=\"elementor-widget-wrap elementor-element-populated\">\n\t\t\t\t\t\t<div class=\"elementor-element elementor-element-c6f584f eael-infobox-content-align--center eael-infobox-shape-square eael-infobox-hover-img-shape-square elementor-invisible elementor-widget elementor-widget-eael-info-box\" data-id=\"c6f584f\" data-element_type=\"widget\" data-e-type=\"widget\" data-settings=\"{&quot;_animation&quot;:&quot;zoomIn&quot;}\" data-widget_type=\"eael-info-box.default\">\n\t\t\t\t<div class=\"elementor-widget-container\">\n\t\t\t\t\t            <a href=\"https:\/\/drive.google.com\/file\/d\/1u-_Lq3lI8A4GN_qBo-VCohRksQE1jmtz\/view\">\n\t            <div class=\"eael-infobox icon-on-top\">\n\t            <div class=\"infobox-icon\">\n\n                            <img decoding=\"async\" src=\"https:\/\/i0.wp.com\/cepas.ufc.br\/wp-content\/uploads\/2024\/11\/CAPA-12.png?fit=1414%2C2000&#038;ssl=1\" alt=\"\">\n            \n            \n            \n        <\/div>\n            <div class=\"infobox-content\">\n                    <div class=\"infobox-title-section\">\n                <h2 class=\"title\">Diagn\u00f3stico da Regi\u00e3o Hidrogr\u00e1fica do Baixo Jaguaribe<\/h2>            <\/div>\n                    <\/div>\n            <\/div>\n\n\t\t            <\/a>\n\t\t\t\t\t\t<\/div>\n\t\t\t\t<\/div>\n\t\t\t\t\t<\/div>\n\t\t<\/div>\n\t\t\t\t<div class=\"elementor-column elementor-col-33 elementor-inner-column elementor-element elementor-element-efe7c12\" data-id=\"efe7c12\" data-element_type=\"column\" data-e-type=\"column\">\n\t\t\t<div class=\"elementor-widget-wrap elementor-element-populated\">\n\t\t\t\t\t\t<div class=\"elementor-element elementor-element-a572ab1 eael-infobox-content-align--center eael-infobox-shape-square eael-infobox-hover-img-shape-square elementor-invisible elementor-widget elementor-widget-eael-info-box\" data-id=\"a572ab1\" data-element_type=\"widget\" data-e-type=\"widget\" data-settings=\"{&quot;_animation&quot;:&quot;zoomIn&quot;}\" data-widget_type=\"eael-info-box.default\">\n\t\t\t\t<div class=\"elementor-widget-container\">\n\t\t\t\t\t            <a href=\"https:\/\/drive.google.com\/file\/d\/1VyD1kSSR3s0Ia4ljmXWV7ktZmdf4R_z-\/view\">\n\t            <div class=\"eael-infobox icon-on-top\">\n\t            <div class=\"infobox-icon\">\n\n                            <img decoding=\"async\" src=\"https:\/\/i0.wp.com\/cepas.ufc.br\/wp-content\/uploads\/2024\/11\/CAPA-11.png?fit=1414%2C2000&#038;ssl=1\" alt=\"\">\n            \n            \n            \n        <\/div>\n            <div class=\"infobox-content\">\n                    <div class=\"infobox-title-section\">\n                <h2 class=\"title\">Progn\u00f3stico da Regi\u00e3o Hidrogr\u00e1fica do Baixo Jarguaribe<\/h2>            <\/div>\n                    <\/div>\n            <\/div>\n\n\t\t            <\/a>\n\t\t\t\t\t\t<\/div>\n\t\t\t\t<\/div>\n\t\t\t\t\t<\/div>\n\t\t<\/div>\n\t\t\t\t\t<\/div>\n\t\t<\/section>\n\t\t\t\t<div class=\"elementor-element elementor-element-7499dca elementor-widget elementor-widget-heading\" data-id=\"7499dca\" data-element_type=\"widget\" data-e-type=\"widget\" data-widget_type=\"heading.default\">\n\t\t\t\t<div class=\"elementor-widget-container\">\n\t\t\t\t\t<h2 class=\"elementor-heading-title elementor-size-default\">Plano de Recursos H\u00eddricos da Regi\u00e3o Hidrogr\u00e1fica do M\u00e9dio Jaguaribe\n<\/h2>\t\t\t\t<\/div>\n\t\t\t\t<\/div>\n\t\t\t\t<section class=\"elementor-section elementor-inner-section elementor-element elementor-element-beca26e elementor-section-full_width elementor-section-height-default elementor-section-height-default wpr-particle-no wpr-jarallax-no wpr-parallax-no wpr-sticky-section-no wpr-equal-height-no\" data-id=\"beca26e\" data-element_type=\"section\" data-e-type=\"section\">\n\t\t\t\t\t\t<div class=\"elementor-container elementor-column-gap-no\">\n\t\t\t\t\t<div class=\"elementor-column elementor-col-33 elementor-inner-column elementor-element elementor-element-c21a19a\" data-id=\"c21a19a\" data-element_type=\"column\" data-e-type=\"column\">\n\t\t\t<div class=\"elementor-widget-wrap elementor-element-populated\">\n\t\t\t\t\t\t<div class=\"elementor-element elementor-element-1509e2d eael-infobox-content-align--center eael-infobox-shape-square eael-infobox-hover-img-shape-square elementor-invisible elementor-widget elementor-widget-eael-info-box\" data-id=\"1509e2d\" data-element_type=\"widget\" data-e-type=\"widget\" data-settings=\"{&quot;_animation&quot;:&quot;zoomIn&quot;}\" data-widget_type=\"eael-info-box.default\">\n\t\t\t\t<div class=\"elementor-widget-container\">\n\t\t\t\t\t            <a href=\"https:\/\/drive.google.com\/file\/d\/1kFBFO9kmbQ3P1zj4tOh2Z4lYmW5CstrC\/view\">\n\t            <div class=\"eael-infobox icon-on-top\">\n\t            <div class=\"infobox-icon\">\n\n                            <img data-recalc-dims=\"1\" decoding=\"async\" src=\"https:\/\/i0.wp.com\/cepas.ufc.br\/wp-content\/uploads\/2024\/11\/CAPA-4.png?w=800&#038;ssl=1\" alt=\"\">\n            \n            \n            \n        <\/div>\n            <div class=\"infobox-content\">\n                    <div class=\"infobox-title-section\">\n                <h2 class=\"title\">Iniciando o Di\u00e1logo na Regi\u00e3o Hidrogr\u00e1fica do M\u00e9dio Jaguaribe<\/h2>            <\/div>\n                    <\/div>\n            <\/div>\n\n\t\t            <\/a>\n\t\t\t\t\t\t<\/div>\n\t\t\t\t<\/div>\n\t\t\t\t<div class=\"elementor-element elementor-element-12c6138 eael-infobox-content-align--center eael-infobox-shape-square eael-infobox-hover-img-shape-square elementor-invisible elementor-widget elementor-widget-eael-info-box\" data-id=\"12c6138\" data-element_type=\"widget\" data-e-type=\"widget\" data-settings=\"{&quot;_animation&quot;:&quot;zoomIn&quot;}\" data-widget_type=\"eael-info-box.default\">\n\t\t\t\t<div class=\"elementor-widget-container\">\n\t\t\t\t\t            <a href=\"https:\/\/drive.google.com\/file\/d\/1VvXj3l9I8P-9wSzhpCOnBW5zOnDMqSfd\/view\">\n\t            <div class=\"eael-infobox icon-on-top\">\n\t            <div class=\"infobox-icon\">\n\n                            <img decoding=\"async\" src=\"https:\/\/i0.wp.com\/cepas.ufc.br\/wp-content\/uploads\/2024\/11\/CAPA-5.png?fit=1414%2C2000&#038;ssl=1\" alt=\"\">\n            \n            \n            \n        <\/div>\n            <div class=\"infobox-content\">\n                    <div class=\"infobox-title-section\">\n                <h2 class=\"title\">Programas e A\u00e7\u00f5es da Regi\u00e3o Hidrogr\u00e1fica do M\u00e9dio Jaguaribe<\/h2>            <\/div>\n                    <\/div>\n            <\/div>\n\n\t\t            <\/a>\n\t\t\t\t\t\t<\/div>\n\t\t\t\t<\/div>\n\t\t\t\t\t<\/div>\n\t\t<\/div>\n\t\t\t\t<div class=\"elementor-column elementor-col-33 elementor-inner-column elementor-element elementor-element-51827a2\" data-id=\"51827a2\" data-element_type=\"column\" data-e-type=\"column\">\n\t\t\t<div class=\"elementor-widget-wrap elementor-element-populated\">\n\t\t\t\t\t\t<div class=\"elementor-element elementor-element-5d56669 eael-infobox-content-align--center eael-infobox-shape-square eael-infobox-hover-img-shape-square elementor-invisible elementor-widget elementor-widget-eael-info-box\" data-id=\"5d56669\" data-element_type=\"widget\" data-e-type=\"widget\" data-settings=\"{&quot;_animation&quot;:&quot;zoomIn&quot;}\" data-widget_type=\"eael-info-box.default\">\n\t\t\t\t<div class=\"elementor-widget-container\">\n\t\t\t\t\t            <a href=\"https:\/\/drive.google.com\/file\/d\/1fZQCTCNS6byIOUYIfu07yriV6MXNt56X\/view\">\n\t            <div class=\"eael-infobox icon-on-top\">\n\t            <div class=\"infobox-icon\">\n\n                            <img decoding=\"async\" src=\"https:\/\/i0.wp.com\/cepas.ufc.br\/wp-content\/uploads\/2024\/11\/CAPA-6.png?fit=1414%2C2000&#038;ssl=1\" alt=\"\">\n            \n            \n            \n        <\/div>\n            <div class=\"infobox-content\">\n                    <div class=\"infobox-title-section\">\n                <h2 class=\"title\">Diagn\u00f3stico da Regi\u00e3o Hidrogr\u00e1fica do M\u00e9dio Jaguaribe<\/h2>            <\/div>\n                    <\/div>\n            <\/div>\n\n\t\t            <\/a>\n\t\t\t\t\t\t<\/div>\n\t\t\t\t<\/div>\n\t\t\t\t\t<\/div>\n\t\t<\/div>\n\t\t\t\t<div class=\"elementor-column elementor-col-33 elementor-inner-column elementor-element elementor-element-18a1282\" data-id=\"18a1282\" data-element_type=\"column\" data-e-type=\"column\">\n\t\t\t<div class=\"elementor-widget-wrap elementor-element-populated\">\n\t\t\t\t\t\t<div class=\"elementor-element elementor-element-6f391c5 eael-infobox-content-align--center eael-infobox-shape-square eael-infobox-hover-img-shape-square elementor-invisible elementor-widget elementor-widget-eael-info-box\" data-id=\"6f391c5\" data-element_type=\"widget\" data-e-type=\"widget\" data-settings=\"{&quot;_animation&quot;:&quot;zoomIn&quot;}\" data-widget_type=\"eael-info-box.default\">\n\t\t\t\t<div class=\"elementor-widget-container\">\n\t\t\t\t\t            <a href=\"https:\/\/drive.google.com\/file\/d\/12j4PcCzqxJNHS3m_bAw6iEOnrc1ww2r2\/view\">\n\t            <div class=\"eael-infobox icon-on-top\">\n\t            <div class=\"infobox-icon\">\n\n                            <img data-recalc-dims=\"1\" decoding=\"async\" src=\"https:\/\/i0.wp.com\/cepas.ufc.br\/wp-content\/uploads\/2024\/11\/CAPA-3.png?w=800&#038;ssl=1\" alt=\"\">\n            \n            \n            \n        <\/div>\n            <div class=\"infobox-content\">\n                    <div class=\"infobox-title-section\">\n                <h2 class=\"title\">Progn\u00f3stico da Regi\u00e3o Hidrogr\u00e1fica do M\u00e9dio Jaguaribe<\/h2>            <\/div>\n                    <\/div>\n            <\/div>\n\n\t\t            <\/a>\n\t\t\t\t\t\t<\/div>\n\t\t\t\t<\/div>\n\t\t\t\t\t<\/div>\n\t\t<\/div>\n\t\t\t\t\t<\/div>\n\t\t<\/section>\n\t\t\t\t<div class=\"elementor-element elementor-element-6e08889 elementor-widget elementor-widget-heading\" data-id=\"6e08889\" data-element_type=\"widget\" data-e-type=\"widget\" data-widget_type=\"heading.default\">\n\t\t\t\t<div class=\"elementor-widget-container\">\n\t\t\t\t\t<h2 class=\"elementor-heading-title elementor-size-default\">Plano de Recursos H\u00eddricos da Regi\u00e3o Hidrogr\u00e1fica das Bacias Metropolitanas\n<\/h2>\t\t\t\t<\/div>\n\t\t\t\t<\/div>\n\t\t\t\t<section class=\"elementor-section elementor-inner-section elementor-element elementor-element-7e0e2b9 elementor-section-full_width elementor-section-height-default elementor-section-height-default wpr-particle-no wpr-jarallax-no wpr-parallax-no wpr-sticky-section-no wpr-equal-height-no\" data-id=\"7e0e2b9\" data-element_type=\"section\" data-e-type=\"section\">\n\t\t\t\t\t\t<div class=\"elementor-container elementor-column-gap-no\">\n\t\t\t\t\t<div class=\"elementor-column elementor-col-33 elementor-inner-column elementor-element elementor-element-9e4318c\" data-id=\"9e4318c\" data-element_type=\"column\" data-e-type=\"column\">\n\t\t\t<div class=\"elementor-widget-wrap elementor-element-populated\">\n\t\t\t\t\t\t<div class=\"elementor-element elementor-element-9f07a8f eael-infobox-content-align--center eael-infobox-shape-square eael-infobox-hover-img-shape-square elementor-invisible elementor-widget elementor-widget-eael-info-box\" data-id=\"9f07a8f\" data-element_type=\"widget\" data-e-type=\"widget\" data-settings=\"{&quot;_animation&quot;:&quot;zoomIn&quot;}\" data-widget_type=\"eael-info-box.default\">\n\t\t\t\t<div class=\"elementor-widget-container\">\n\t\t\t\t\t            <a href=\"https:\/\/drive.google.com\/file\/d\/10jmi3ikErEF_4_K-N09zoQoWQmfHslg8\/view\">\n\t            <div class=\"eael-infobox icon-on-top\">\n\t            <div class=\"infobox-icon\">\n\n                            <img decoding=\"async\" src=\"https:\/\/i0.wp.com\/cepas.ufc.br\/wp-content\/uploads\/2024\/11\/CAPA-8.png?fit=1414%2C2000&#038;ssl=1\" alt=\"\">\n            \n            \n            \n        <\/div>\n            <div class=\"infobox-content\">\n                    <div class=\"infobox-title-section\">\n                <h2 class=\"title\">Iniciando o Di\u00e1logo na Regi\u00e3o Hidrogr\u00e1fica das Bacias Metropolitanas<\/h2>            <\/div>\n                    <\/div>\n            <\/div>\n\n\t\t            <\/a>\n\t\t\t\t\t\t<\/div>\n\t\t\t\t<\/div>\n\t\t\t\t<div class=\"elementor-element elementor-element-677268c eael-infobox-content-align--center eael-infobox-shape-square eael-infobox-hover-img-shape-square elementor-invisible elementor-widget elementor-widget-eael-info-box\" data-id=\"677268c\" data-element_type=\"widget\" data-e-type=\"widget\" data-settings=\"{&quot;_animation&quot;:&quot;zoomIn&quot;}\" data-widget_type=\"eael-info-box.default\">\n\t\t\t\t<div class=\"elementor-widget-container\">\n\t\t\t\t\t            <a href=\"https:\/\/drive.google.com\/file\/d\/1KdRdWIsxJcBerxTGB_oq1NsMUQ3LAyTB\/view\">\n\t            <div class=\"eael-infobox icon-on-top\">\n\t            <div class=\"infobox-icon\">\n\n                            <img data-recalc-dims=\"1\" decoding=\"async\" src=\"https:\/\/i0.wp.com\/cepas.ufc.br\/wp-content\/uploads\/2024\/11\/CAPA-1.png?w=800&#038;ssl=1\" alt=\"\">\n            \n            \n            \n        <\/div>\n            <div class=\"infobox-content\">\n                    <div class=\"infobox-title-section\">\n                <h2 class=\"title\">Programas e A\u00e7\u00f5es da Regi\u00e3o Hidrogr\u00e1fica das Bacias Metropolitanas<\/h2>            <\/div>\n                    <\/div>\n            <\/div>\n\n\t\t            <\/a>\n\t\t\t\t\t\t<\/div>\n\t\t\t\t<\/div>\n\t\t\t\t\t<\/div>\n\t\t<\/div>\n\t\t\t\t<div class=\"elementor-column elementor-col-33 elementor-inner-column elementor-element elementor-element-aa9fc6a\" data-id=\"aa9fc6a\" data-element_type=\"column\" data-e-type=\"column\">\n\t\t\t<div class=\"elementor-widget-wrap elementor-element-populated\">\n\t\t\t\t\t\t<div class=\"elementor-element elementor-element-20013fd eael-infobox-content-align--center eael-infobox-shape-square eael-infobox-hover-img-shape-square elementor-invisible elementor-widget elementor-widget-eael-info-box\" data-id=\"20013fd\" data-element_type=\"widget\" data-e-type=\"widget\" data-settings=\"{&quot;_animation&quot;:&quot;zoomIn&quot;}\" data-widget_type=\"eael-info-box.default\">\n\t\t\t\t<div class=\"elementor-widget-container\">\n\t\t\t\t\t            <a href=\"https:\/\/drive.google.com\/file\/d\/1B4V-7tEXdt75b7Rr_JVFPLM71Rq42ifK\/view\">\n\t            <div class=\"eael-infobox icon-on-top\">\n\t            <div class=\"infobox-icon\">\n\n                            <img decoding=\"async\" src=\"https:\/\/i0.wp.com\/cepas.ufc.br\/wp-content\/uploads\/2024\/11\/CAPA-9.png?fit=1414%2C2000&#038;ssl=1\" alt=\"\">\n            \n            \n            \n        <\/div>\n            <div class=\"infobox-content\">\n                    <div class=\"infobox-title-section\">\n                <h2 class=\"title\">Diagn\u00f3stico da Regi\u00e3o Hidrogr\u00e1fica das Bacias Metropolitanas<\/h2>            <\/div>\n                    <\/div>\n            <\/div>\n\n\t\t            <\/a>\n\t\t\t\t\t\t<\/div>\n\t\t\t\t<\/div>\n\t\t\t\t\t<\/div>\n\t\t<\/div>\n\t\t\t\t<div class=\"elementor-column elementor-col-33 elementor-inner-column elementor-element elementor-element-ace5184\" data-id=\"ace5184\" data-element_type=\"column\" data-e-type=\"column\">\n\t\t\t<div class=\"elementor-widget-wrap elementor-element-populated\">\n\t\t\t\t\t\t<div class=\"elementor-element elementor-element-a61be25 eael-infobox-content-align--center eael-infobox-shape-square eael-infobox-hover-img-shape-square elementor-invisible elementor-widget elementor-widget-eael-info-box\" data-id=\"a61be25\" data-element_type=\"widget\" data-e-type=\"widget\" data-settings=\"{&quot;_animation&quot;:&quot;zoomIn&quot;}\" data-widget_type=\"eael-info-box.default\">\n\t\t\t\t<div class=\"elementor-widget-container\">\n\t\t\t\t\t            <a href=\"https:\/\/drive.google.com\/file\/d\/1Qbm60KOrHW3k3GI-LT-H2dKazzSKLjd0\/view\">\n\t            <div class=\"eael-infobox icon-on-top\">\n\t            <div class=\"infobox-icon\">\n\n                            <img decoding=\"async\" src=\"https:\/\/i0.wp.com\/cepas.ufc.br\/wp-content\/uploads\/2024\/11\/CAPA-7.png?fit=1414%2C2000&#038;ssl=1\" alt=\"\">\n            \n            \n            \n        <\/div>\n            <div class=\"infobox-content\">\n                    <div class=\"infobox-title-section\">\n                <h2 class=\"title\">Progn\u00f3stico da Regi\u00e3o Hidrogr\u00e1fica das Bacias Metropolitanas<\/h2>            <\/div>\n                    <\/div>\n            <\/div>\n\n\t\t            <\/a>\n\t\t\t\t\t\t<\/div>\n\t\t\t\t<\/div>\n\t\t\t\t\t<\/div>\n\t\t<\/div>\n\t\t\t\t\t<\/div>\n\t\t<\/section>\n\t\t\t\t\t<\/div>\n\t\t<\/div>\n\t\t\t\t\t<\/div>\n\t\t<\/section>\n\t\t\t\t<section class=\"elementor-section elementor-top-section elementor-element elementor-element-8c07ad1 elementor-section-boxed elementor-section-height-default elementor-section-height-default wpr-particle-no wpr-jarallax-no wpr-parallax-no wpr-sticky-section-no wpr-equal-height-no\" data-id=\"8c07ad1\" data-element_type=\"section\" data-e-type=\"section\" data-settings=\"{&quot;background_background&quot;:&quot;classic&quot;}\">\n\t\t\t\t\t\t\t<div class=\"elementor-background-overlay\"><\/div>\n\t\t\t\t\t\t\t<div class=\"elementor-container elementor-column-gap-no\">\n\t\t\t\t\t<div class=\"elementor-column elementor-col-100 elementor-top-column elementor-element elementor-element-8567f86\" data-id=\"8567f86\" data-element_type=\"column\" data-e-type=\"column\">\n\t\t\t<div class=\"elementor-widget-wrap elementor-element-populated\">\n\t\t\t\t\t\t<section class=\"elementor-section elementor-inner-section elementor-element elementor-element-e8c033c elementor-section-boxed elementor-section-height-default elementor-section-height-default wpr-particle-no wpr-jarallax-no wpr-parallax-no wpr-sticky-section-no wpr-equal-height-no elementor-invisible\" data-id=\"e8c033c\" data-element_type=\"section\" data-e-type=\"section\" data-settings=\"{&quot;animation&quot;:&quot;zoomIn&quot;}\">\n\t\t\t\t\t\t<div class=\"elementor-container elementor-column-gap-no\">\n\t\t\t\t\t<div class=\"elementor-column elementor-col-100 elementor-inner-column elementor-element elementor-element-7093fc3\" data-id=\"7093fc3\" data-element_type=\"column\" data-e-type=\"column\">\n\t\t\t<div class=\"elementor-widget-wrap elementor-element-populated\">\n\t\t\t\t\t\t<div class=\"elementor-element elementor-element-8eb92c2 elementor-invisible elementor-widget elementor-widget-heading\" data-id=\"8eb92c2\" data-element_type=\"widget\" data-e-type=\"widget\" data-settings=\"{&quot;_animation&quot;:&quot;fadeInRight&quot;}\" data-widget_type=\"heading.default\">\n\t\t\t\t<div class=\"elementor-widget-container\">\n\t\t\t\t\t<h2 class=\"elementor-heading-title elementor-size-default\">Equipe<\/h2>\t\t\t\t<\/div>\n\t\t\t\t<\/div>\n\t\t\t\t\t<\/div>\n\t\t<\/div>\n\t\t\t\t\t<\/div>\n\t\t<\/section>\n\t\t\t\t<div class=\"elementor-element elementor-element-ce05ac6 elementor-widget elementor-widget-heading\" data-id=\"ce05ac6\" data-element_type=\"widget\" data-e-type=\"widget\" data-widget_type=\"heading.default\">\n\t\t\t\t<div class=\"elementor-widget-container\">\n\t\t\t\t\t<h2 class=\"elementor-heading-title elementor-size-default\">Coordena\u00e7\u00e3o Geral\n<\/h2>\t\t\t\t<\/div>\n\t\t\t\t<\/div>\n\t\t\t\t<section class=\"elementor-section elementor-inner-section elementor-element elementor-element-cdd1311 elementor-section-boxed elementor-section-height-default elementor-section-height-default wpr-particle-no wpr-jarallax-no wpr-parallax-no wpr-sticky-section-no wpr-equal-height-no\" data-id=\"cdd1311\" data-element_type=\"section\" data-e-type=\"section\">\n\t\t\t\t\t\t<div class=\"elementor-container elementor-column-gap-no\">\n\t\t\t\t\t<div class=\"elementor-column elementor-col-50 elementor-inner-column elementor-element elementor-element-098c401\" data-id=\"098c401\" data-element_type=\"column\" data-e-type=\"column\">\n\t\t\t<div class=\"elementor-widget-wrap elementor-element-populated\">\n\t\t\t\t\t\t<div class=\"elementor-element elementor-element-c2929e0 eael-team-align-centered elementor-invisible elementor-widget elementor-widget-eael-team-member\" data-id=\"c2929e0\" data-element_type=\"widget\" data-e-type=\"widget\" data-settings=\"{&quot;_animation&quot;:&quot;fadeInRight&quot;}\" data-widget_type=\"eael-team-member.default\">\n\t\t\t\t<div class=\"elementor-widget-container\">\n\t\t\t\t\t\n\n\t<div id=\"eael-team-member-c2929e0\" class=\"eael-team-item eael-team-members-simple \">\n\t\t<div class=\"eael-team-item-inner\">\n\t\t\t<div class=\"eael-team-image\">\n\t\t\t\t<figure>\n\t\t\t\t\t\t\t\t\t\t<img decoding=\"async\" src=\"https:\/\/i0.wp.com\/cepas.ufc.br\/wp-content\/uploads\/2024\/10\/Image_Placeholder-about.jpeg?fit=683%2C600&#038;ssl=1\" alt=\"\">\n\t\t\t\t\t\t\t\t\t<\/figure>\n\t\t\t\t\n\t\t\t\t\n\t\t\t<\/div>\n\n\t\t\t<div class=\"eael-team-content\">\n\t\t\t\t<h2 class=\"eael-team-member-name\">Elano Lamartine Le\u00e3o Joca<\/h2><h3 class=\"eael-team-member-position\"><\/h3>\n\t\t\t\t\t\t\t\t\t\t\t\t\t\t<p class=\"eael-team-text\"><\/p>\n\t\t\t\t\t\t\t<\/div>\n\t\t<\/div>\n\t<\/div>\n\t\t\t\t\t<\/div>\n\t\t\t\t<\/div>\n\t\t\t\t\t<\/div>\n\t\t<\/div>\n\t\t\t\t<div class=\"elementor-column elementor-col-50 elementor-inner-column elementor-element elementor-element-b35857b\" data-id=\"b35857b\" data-element_type=\"column\" data-e-type=\"column\">\n\t\t\t<div class=\"elementor-widget-wrap elementor-element-populated\">\n\t\t\t\t\t\t<div class=\"elementor-element elementor-element-0cc45c1 eael-team-align-centered elementor-invisible elementor-widget elementor-widget-eael-team-member\" data-id=\"0cc45c1\" data-element_type=\"widget\" data-e-type=\"widget\" data-settings=\"{&quot;_animation&quot;:&quot;fadeInRight&quot;}\" data-widget_type=\"eael-team-member.default\">\n\t\t\t\t<div class=\"elementor-widget-container\">\n\t\t\t\t\t\n\n\t<div id=\"eael-team-member-0cc45c1\" class=\"eael-team-item eael-team-members-simple \">\n\t\t<div class=\"eael-team-item-inner\">\n\t\t\t<div class=\"eael-team-image\">\n\t\t\t\t<figure>\n\t\t\t\t\t\t\t\t\t\t<img decoding=\"async\" src=\"https:\/\/i0.wp.com\/cepas.ufc.br\/wp-content\/uploads\/2024\/10\/Image_Placeholder-about.jpeg?fit=683%2C600&#038;ssl=1\" alt=\"\">\n\t\t\t\t\t\t\t\t\t<\/figure>\n\t\t\t\t\n\t\t\t\t\n\t\t\t<\/div>\n\n\t\t\t<div class=\"eael-team-content\">\n\t\t\t\t<h2 class=\"eael-team-member-name\">Francisco de Assis de Souza Filho<\/h2><h3 class=\"eael-team-member-position\"><\/h3>\n\t\t\t\t\t\t\t\t\t\t\t\t\t\t<p class=\"eael-team-text\"><\/p>\n\t\t\t\t\t\t\t<\/div>\n\t\t<\/div>\n\t<\/div>\n\t\t\t\t\t<\/div>\n\t\t\t\t<\/div>\n\t\t\t\t\t<\/div>\n\t\t<\/div>\n\t\t\t\t\t<\/div>\n\t\t<\/section>\n\t\t\t\t<div class=\"elementor-element elementor-element-ee5e904 elementor-widget elementor-widget-heading\" data-id=\"ee5e904\" data-element_type=\"widget\" data-e-type=\"widget\" data-widget_type=\"heading.default\">\n\t\t\t\t<div class=\"elementor-widget-container\">\n\t\t\t\t\t<h2 class=\"elementor-heading-title elementor-size-default\">Coordena\u00e7\u00e3o T\u00e9cnica\n<\/h2>\t\t\t\t<\/div>\n\t\t\t\t<\/div>\n\t\t\t\t<section class=\"elementor-section elementor-inner-section elementor-element elementor-element-141eaa7 elementor-section-boxed elementor-section-height-default elementor-section-height-default wpr-particle-no wpr-jarallax-no wpr-parallax-no wpr-sticky-section-no wpr-equal-height-no\" data-id=\"141eaa7\" data-element_type=\"section\" data-e-type=\"section\">\n\t\t\t\t\t\t<div class=\"elementor-container elementor-column-gap-no\">\n\t\t\t\t\t<div class=\"elementor-column elementor-col-50 elementor-inner-column elementor-element elementor-element-d1c34c5\" data-id=\"d1c34c5\" data-element_type=\"column\" data-e-type=\"column\">\n\t\t\t<div class=\"elementor-widget-wrap elementor-element-populated\">\n\t\t\t\t\t\t<div class=\"elementor-element elementor-element-6d8dab5 eael-team-align-centered elementor-invisible elementor-widget elementor-widget-eael-team-member\" data-id=\"6d8dab5\" data-element_type=\"widget\" data-e-type=\"widget\" data-settings=\"{&quot;_animation&quot;:&quot;fadeInRight&quot;}\" data-widget_type=\"eael-team-member.default\">\n\t\t\t\t<div class=\"elementor-widget-container\">\n\t\t\t\t\t\n\n\t<div id=\"eael-team-member-6d8dab5\" class=\"eael-team-item eael-team-members-simple \">\n\t\t<div class=\"eael-team-item-inner\">\n\t\t\t<div class=\"eael-team-image\">\n\t\t\t\t<figure>\n\t\t\t\t\t\t\t\t\t\t<img decoding=\"async\" src=\"https:\/\/i0.wp.com\/cepas.ufc.br\/wp-content\/uploads\/2024\/10\/Image_Placeholder-about.jpeg?fit=683%2C600&#038;ssl=1\" alt=\"\">\n\t\t\t\t\t\t\t\t\t<\/figure>\n\t\t\t\t\n\t\t\t\t\n\t\t\t<\/div>\n\n\t\t\t<div class=\"eael-team-content\">\n\t\t\t\t<h2 class=\"eael-team-member-name\">Carla Beatriz Costa de Ara\u00fajo<\/h2><h3 class=\"eael-team-member-position\">FUNCAP-UFC<\/h3>\n\t\t\t\t\t\t\t\t\t\t\t\t\t\t<p class=\"eael-team-text\"><\/p>\n\t\t\t\t\t\t\t<\/div>\n\t\t<\/div>\n\t<\/div>\n\t\t\t\t\t<\/div>\n\t\t\t\t<\/div>\n\t\t\t\t<div class=\"elementor-element elementor-element-9564e65 eael-team-align-centered elementor-invisible elementor-widget elementor-widget-eael-team-member\" data-id=\"9564e65\" data-element_type=\"widget\" data-e-type=\"widget\" data-settings=\"{&quot;_animation&quot;:&quot;fadeInRight&quot;}\" data-widget_type=\"eael-team-member.default\">\n\t\t\t\t<div class=\"elementor-widget-container\">\n\t\t\t\t\t\n\n\t<div id=\"eael-team-member-9564e65\" class=\"eael-team-item eael-team-members-simple \">\n\t\t<div class=\"eael-team-item-inner\">\n\t\t\t<div class=\"eael-team-image\">\n\t\t\t\t<figure>\n\t\t\t\t\t\t\t\t\t\t<img decoding=\"async\" src=\"https:\/\/i0.wp.com\/cepas.ufc.br\/wp-content\/uploads\/2024\/10\/Image_Placeholder-about.jpeg?fit=683%2C600&#038;ssl=1\" alt=\"\">\n\t\t\t\t\t\t\t\t\t<\/figure>\n\t\t\t\t\n\t\t\t\t\n\t\t\t<\/div>\n\n\t\t\t<div class=\"eael-team-content\">\n\t\t\t\t<h2 class=\"eael-team-member-name\">Sandra Helena Silva de Aquino<\/h2><h3 class=\"eael-team-member-position\">FUNCAP-UFC<\/h3>\n\t\t\t\t\t\t\t\t\t\t\t\t\t\t<p class=\"eael-team-text\"><\/p>\n\t\t\t\t\t\t\t<\/div>\n\t\t<\/div>\n\t<\/div>\n\t\t\t\t\t<\/div>\n\t\t\t\t<\/div>\n\t\t\t\t<div class=\"elementor-element elementor-element-4255987 eael-team-align-centered elementor-invisible elementor-widget elementor-widget-eael-team-member\" data-id=\"4255987\" data-element_type=\"widget\" data-e-type=\"widget\" data-settings=\"{&quot;_animation&quot;:&quot;fadeInRight&quot;}\" data-widget_type=\"eael-team-member.default\">\n\t\t\t\t<div class=\"elementor-widget-container\">\n\t\t\t\t\t\n\n\t<div id=\"eael-team-member-4255987\" class=\"eael-team-item eael-team-members-simple \">\n\t\t<div class=\"eael-team-item-inner\">\n\t\t\t<div class=\"eael-team-image\">\n\t\t\t\t<figure>\n\t\t\t\t\t\t\t\t\t\t<img decoding=\"async\" src=\"https:\/\/i0.wp.com\/cepas.ufc.br\/wp-content\/uploads\/2024\/10\/Image_Placeholder-about.jpeg?fit=683%2C600&#038;ssl=1\" alt=\"\">\n\t\t\t\t\t\t\t\t\t<\/figure>\n\t\t\t\t\n\t\t\t\t\n\t\t\t<\/div>\n\n\t\t\t<div class=\"eael-team-content\">\n\t\t\t\t<h2 class=\"eael-team-member-name\">Ubirajara Patr\u00edcio Alvares da Silva<\/h2><h3 class=\"eael-team-member-position\">COGERH<\/h3>\n\t\t\t\t\t\t\t\t\t\t\t\t\t\t<p class=\"eael-team-text\"><\/p>\n\t\t\t\t\t\t\t<\/div>\n\t\t<\/div>\n\t<\/div>\n\t\t\t\t\t<\/div>\n\t\t\t\t<\/div>\n\t\t\t\t\t<\/div>\n\t\t<\/div>\n\t\t\t\t<div class=\"elementor-column elementor-col-50 elementor-inner-column elementor-element elementor-element-3046899\" data-id=\"3046899\" data-element_type=\"column\" data-e-type=\"column\" data-settings=\"{&quot;background_background&quot;:&quot;classic&quot;}\">\n\t\t\t<div class=\"elementor-widget-wrap elementor-element-populated\">\n\t\t\t\t\t\t<div class=\"elementor-element elementor-element-867e5c4 eael-team-align-centered elementor-invisible elementor-widget elementor-widget-eael-team-member\" data-id=\"867e5c4\" data-element_type=\"widget\" data-e-type=\"widget\" data-settings=\"{&quot;_animation&quot;:&quot;fadeInRight&quot;}\" data-widget_type=\"eael-team-member.default\">\n\t\t\t\t<div class=\"elementor-widget-container\">\n\t\t\t\t\t\n\n\t<div id=\"eael-team-member-867e5c4\" class=\"eael-team-item eael-team-members-simple \">\n\t\t<div class=\"eael-team-item-inner\">\n\t\t\t<div class=\"eael-team-image\">\n\t\t\t\t<figure>\n\t\t\t\t\t\t\t\t\t\t<img decoding=\"async\" src=\"https:\/\/i0.wp.com\/cepas.ufc.br\/wp-content\/uploads\/2024\/10\/Image_Placeholder-about.jpeg?fit=683%2C600&#038;ssl=1\" alt=\"\">\n\t\t\t\t\t\t\t\t\t<\/figure>\n\t\t\t\t\n\t\t\t\t\n\t\t\t<\/div>\n\n\t\t\t<div class=\"eael-team-content\">\n\t\t\t\t<h2 class=\"eael-team-member-name\">Samiria Maria Oliveira da Silva<\/h2><h3 class=\"eael-team-member-position\">FUNCAP-UFC<\/h3>\n\t\t\t\t\t\t\t\t\t\t\t\t\t\t<p class=\"eael-team-text\"><\/p>\n\t\t\t\t\t\t\t<\/div>\n\t\t<\/div>\n\t<\/div>\n\t\t\t\t\t<\/div>\n\t\t\t\t<\/div>\n\t\t\t\t<div class=\"elementor-element elementor-element-6b88113 eael-team-align-centered elementor-invisible elementor-widget elementor-widget-eael-team-member\" data-id=\"6b88113\" data-element_type=\"widget\" data-e-type=\"widget\" data-settings=\"{&quot;_animation&quot;:&quot;fadeInRight&quot;}\" data-widget_type=\"eael-team-member.default\">\n\t\t\t\t<div class=\"elementor-widget-container\">\n\t\t\t\t\t\n\n\t<div id=\"eael-team-member-6b88113\" class=\"eael-team-item eael-team-members-simple \">\n\t\t<div class=\"eael-team-item-inner\">\n\t\t\t<div class=\"eael-team-image\">\n\t\t\t\t<figure>\n\t\t\t\t\t\t\t\t\t\t<img decoding=\"async\" src=\"https:\/\/i0.wp.com\/cepas.ufc.br\/wp-content\/uploads\/2024\/10\/Image_Placeholder-about.jpeg?fit=683%2C600&#038;ssl=1\" alt=\"\">\n\t\t\t\t\t\t\t\t\t<\/figure>\n\t\t\t\t\n\t\t\t\t\n\t\t\t<\/div>\n\n\t\t\t<div class=\"eael-team-content\">\n\t\t\t\t<h2 class=\"eael-team-member-name\">Ticiana Marinho de Carvalho Studart<\/h2><h3 class=\"eael-team-member-position\">FUNCAP-UFC<\/h3>\n\t\t\t\t\t\t\t\t\t\t\t\t\t\t<p class=\"eael-team-text\"><\/p>\n\t\t\t\t\t\t\t<\/div>\n\t\t<\/div>\n\t<\/div>\n\t\t\t\t\t<\/div>\n\t\t\t\t<\/div>\n\t\t\t\t\t<\/div>\n\t\t<\/div>\n\t\t\t\t\t<\/div>\n\t\t<\/section>\n\t\t\t\t<div class=\"elementor-element elementor-element-adcda63 elementor-widget elementor-widget-heading\" data-id=\"adcda63\" data-element_type=\"widget\" data-e-type=\"widget\" data-widget_type=\"heading.default\">\n\t\t\t\t<div class=\"elementor-widget-container\">\n\t\t\t\t\t<h2 class=\"elementor-heading-title elementor-size-default\">FUNCAP-UFC\n<\/h2>\t\t\t\t<\/div>\n\t\t\t\t<\/div>\n\t\t\t\t<section class=\"elementor-section elementor-inner-section elementor-element elementor-element-1155b27 elementor-section-boxed elementor-section-height-default elementor-section-height-default wpr-particle-no wpr-jarallax-no wpr-parallax-no wpr-sticky-section-no wpr-equal-height-no\" data-id=\"1155b27\" data-element_type=\"section\" data-e-type=\"section\">\n\t\t\t\t\t\t<div class=\"elementor-container elementor-column-gap-no\">\n\t\t\t\t\t<div class=\"elementor-column elementor-col-50 elementor-inner-column elementor-element elementor-element-41d84bf\" data-id=\"41d84bf\" data-element_type=\"column\" data-e-type=\"column\">\n\t\t\t<div class=\"elementor-widget-wrap elementor-element-populated\">\n\t\t\t\t\t\t<div class=\"elementor-element elementor-element-3ae232d eael-team-align-centered elementor-invisible elementor-widget elementor-widget-eael-team-member\" data-id=\"3ae232d\" data-element_type=\"widget\" data-e-type=\"widget\" data-settings=\"{&quot;_animation&quot;:&quot;fadeInRight&quot;}\" data-widget_type=\"eael-team-member.default\">\n\t\t\t\t<div class=\"elementor-widget-container\">\n\t\t\t\t\t\n\n\t<div id=\"eael-team-member-3ae232d\" class=\"eael-team-item eael-team-members-simple \">\n\t\t<div class=\"eael-team-item-inner\">\n\t\t\t<div class=\"eael-team-image\">\n\t\t\t\t<figure>\n\t\t\t\t\t\t\t\t\t\t<img decoding=\"async\" src=\"https:\/\/i0.wp.com\/cepas.ufc.br\/wp-content\/uploads\/2024\/10\/Image_Placeholder-about.jpeg?fit=683%2C600&#038;ssl=1\" alt=\"\">\n\t\t\t\t\t\t\t\t\t<\/figure>\n\t\t\t\t\n\t\t\t\t\n\t\t\t<\/div>\n\n\t\t\t<div class=\"eael-team-content\">\n\t\t\t\t<h2 class=\"eael-team-member-name\">\u00c1lyson Brayner Sousa Est\u00e1cio<\/h2><h3 class=\"eael-team-member-position\"><\/h3>\n\t\t\t\t\t\t\t\t\t\t\t\t\t\t<p class=\"eael-team-text\"><\/p>\n\t\t\t\t\t\t\t<\/div>\n\t\t<\/div>\n\t<\/div>\n\t\t\t\t\t<\/div>\n\t\t\t\t<\/div>\n\t\t\t\t<div class=\"elementor-element elementor-element-1aa5cf9 eael-team-align-centered elementor-invisible elementor-widget elementor-widget-eael-team-member\" data-id=\"1aa5cf9\" data-element_type=\"widget\" data-e-type=\"widget\" data-settings=\"{&quot;_animation&quot;:&quot;fadeInRight&quot;}\" data-widget_type=\"eael-team-member.default\">\n\t\t\t\t<div class=\"elementor-widget-container\">\n\t\t\t\t\t\n\n\t<div id=\"eael-team-member-1aa5cf9\" class=\"eael-team-item eael-team-members-simple \">\n\t\t<div class=\"eael-team-item-inner\">\n\t\t\t<div class=\"eael-team-image\">\n\t\t\t\t<figure>\n\t\t\t\t\t\t\t\t\t\t<img decoding=\"async\" src=\"https:\/\/i0.wp.com\/cepas.ufc.br\/wp-content\/uploads\/2024\/10\/Image_Placeholder-about.jpeg?fit=683%2C600&#038;ssl=1\" alt=\"\">\n\t\t\t\t\t\t\t\t\t<\/figure>\n\t\t\t\t\n\t\t\t\t\n\t\t\t<\/div>\n\n\t\t\t<div class=\"eael-team-content\">\n\t\t\t\t<h2 class=\"eael-team-member-name\">Andrea Pereira Cysne<\/h2><h3 class=\"eael-team-member-position\"><\/h3>\n\t\t\t\t\t\t\t\t\t\t\t\t\t\t<p class=\"eael-team-text\"><\/p>\n\t\t\t\t\t\t\t<\/div>\n\t\t<\/div>\n\t<\/div>\n\t\t\t\t\t<\/div>\n\t\t\t\t<\/div>\n\t\t\t\t<div class=\"elementor-element elementor-element-00580a9 eael-team-align-centered elementor-invisible elementor-widget elementor-widget-eael-team-member\" data-id=\"00580a9\" data-element_type=\"widget\" data-e-type=\"widget\" data-settings=\"{&quot;_animation&quot;:&quot;fadeInRight&quot;}\" data-widget_type=\"eael-team-member.default\">\n\t\t\t\t<div class=\"elementor-widget-container\">\n\t\t\t\t\t\n\n\t<div id=\"eael-team-member-00580a9\" class=\"eael-team-item eael-team-members-simple \">\n\t\t<div class=\"eael-team-item-inner\">\n\t\t\t<div class=\"eael-team-image\">\n\t\t\t\t<figure>\n\t\t\t\t\t\t\t\t\t\t<img decoding=\"async\" src=\"https:\/\/i0.wp.com\/cepas.ufc.br\/wp-content\/uploads\/2024\/10\/Image_Placeholder-about.jpeg?fit=683%2C600&#038;ssl=1\" alt=\"\">\n\t\t\t\t\t\t\t\t\t<\/figure>\n\t\t\t\t\n\t\t\t\t\n\t\t\t<\/div>\n\n\t\t\t<div class=\"eael-team-content\">\n\t\t\t\t<h2 class=\"eael-team-member-name\">Camile Miranda Dino<\/h2><h3 class=\"eael-team-member-position\"><\/h3>\n\t\t\t\t\t\t\t\t\t\t\t\t\t\t<p class=\"eael-team-text\"><\/p>\n\t\t\t\t\t\t\t<\/div>\n\t\t<\/div>\n\t<\/div>\n\t\t\t\t\t<\/div>\n\t\t\t\t<\/div>\n\t\t\t\t<div class=\"elementor-element elementor-element-dc85d5a eael-team-align-centered elementor-invisible elementor-widget elementor-widget-eael-team-member\" data-id=\"dc85d5a\" data-element_type=\"widget\" data-e-type=\"widget\" data-settings=\"{&quot;_animation&quot;:&quot;fadeInRight&quot;}\" data-widget_type=\"eael-team-member.default\">\n\t\t\t\t<div class=\"elementor-widget-container\">\n\t\t\t\t\t\n\n\t<div id=\"eael-team-member-dc85d5a\" class=\"eael-team-item eael-team-members-simple \">\n\t\t<div class=\"eael-team-item-inner\">\n\t\t\t<div class=\"eael-team-image\">\n\t\t\t\t<figure>\n\t\t\t\t\t\t\t\t\t\t<img decoding=\"async\" src=\"https:\/\/i0.wp.com\/cepas.ufc.br\/wp-content\/uploads\/2024\/10\/Image_Placeholder-about.jpeg?fit=683%2C600&#038;ssl=1\" alt=\"\">\n\t\t\t\t\t\t\t\t\t<\/figure>\n\t\t\t\t\n\t\t\t\t\n\t\t\t<\/div>\n\n\t\t\t<div class=\"eael-team-content\">\n\t\t\t\t<h2 class=\"eael-team-member-name\">Fl\u00e1vio Rodrigues do Nascimento<\/h2><h3 class=\"eael-team-member-position\"><\/h3>\n\t\t\t\t\t\t\t\t\t\t\t\t\t\t<p class=\"eael-team-text\"><\/p>\n\t\t\t\t\t\t\t<\/div>\n\t\t<\/div>\n\t<\/div>\n\t\t\t\t\t<\/div>\n\t\t\t\t<\/div>\n\t\t\t\t<div class=\"elementor-element elementor-element-eba730e eael-team-align-centered elementor-invisible elementor-widget elementor-widget-eael-team-member\" data-id=\"eba730e\" data-element_type=\"widget\" data-e-type=\"widget\" data-settings=\"{&quot;_animation&quot;:&quot;fadeInRight&quot;}\" data-widget_type=\"eael-team-member.default\">\n\t\t\t\t<div class=\"elementor-widget-container\">\n\t\t\t\t\t\n\n\t<div id=\"eael-team-member-eba730e\" class=\"eael-team-item eael-team-members-simple \">\n\t\t<div class=\"eael-team-item-inner\">\n\t\t\t<div class=\"eael-team-image\">\n\t\t\t\t<figure>\n\t\t\t\t\t\t\t\t\t\t<img decoding=\"async\" src=\"https:\/\/i0.wp.com\/cepas.ufc.br\/wp-content\/uploads\/2024\/10\/Image_Placeholder-about.jpeg?fit=683%2C600&#038;ssl=1\" alt=\"\">\n\t\t\t\t\t\t\t\t\t<\/figure>\n\t\t\t\t\n\t\t\t\t\n\t\t\t<\/div>\n\n\t\t\t<div class=\"eael-team-content\">\n\t\t\t\t<h2 class=\"eael-team-member-name\">Renata Mendes Luna<\/h2><h3 class=\"eael-team-member-position\"><\/h3>\n\t\t\t\t\t\t\t\t\t\t\t\t\t\t<p class=\"eael-team-text\"><\/p>\n\t\t\t\t\t\t\t<\/div>\n\t\t<\/div>\n\t<\/div>\n\t\t\t\t\t<\/div>\n\t\t\t\t<\/div>\n\t\t\t\t<div class=\"elementor-element elementor-element-f0a02db eael-team-align-centered elementor-invisible elementor-widget elementor-widget-eael-team-member\" data-id=\"f0a02db\" data-element_type=\"widget\" data-e-type=\"widget\" data-settings=\"{&quot;_animation&quot;:&quot;fadeInRight&quot;}\" data-widget_type=\"eael-team-member.default\">\n\t\t\t\t<div class=\"elementor-widget-container\">\n\t\t\t\t\t\n\n\t<div id=\"eael-team-member-f0a02db\" class=\"eael-team-item eael-team-members-simple \">\n\t\t<div class=\"eael-team-item-inner\">\n\t\t\t<div class=\"eael-team-image\">\n\t\t\t\t<figure>\n\t\t\t\t\t\t\t\t\t\t<img decoding=\"async\" src=\"https:\/\/i0.wp.com\/cepas.ufc.br\/wp-content\/uploads\/2024\/10\/Image_Placeholder-about.jpeg?fit=683%2C600&#038;ssl=1\" alt=\"\">\n\t\t\t\t\t\t\t\t\t<\/figure>\n\t\t\t\t\n\t\t\t\t\n\t\t\t<\/div>\n\n\t\t\t<div class=\"eael-team-content\">\n\t\t\t\t<h2 class=\"eael-team-member-name\">Victor Costa Porto<\/h2><h3 class=\"eael-team-member-position\"><\/h3>\n\t\t\t\t\t\t\t\t\t\t\t\t\t\t<p class=\"eael-team-text\"><\/p>\n\t\t\t\t\t\t\t<\/div>\n\t\t<\/div>\n\t<\/div>\n\t\t\t\t\t<\/div>\n\t\t\t\t<\/div>\n\t\t\t\t\t<\/div>\n\t\t<\/div>\n\t\t\t\t<div class=\"elementor-column elementor-col-50 elementor-inner-column elementor-element elementor-element-b204428\" data-id=\"b204428\" data-element_type=\"column\" data-e-type=\"column\" data-settings=\"{&quot;background_background&quot;:&quot;classic&quot;}\">\n\t\t\t<div class=\"elementor-widget-wrap elementor-element-populated\">\n\t\t\t\t\t\t<div class=\"elementor-element elementor-element-6769dc3 eael-team-align-centered elementor-invisible elementor-widget elementor-widget-eael-team-member\" data-id=\"6769dc3\" data-element_type=\"widget\" data-e-type=\"widget\" data-settings=\"{&quot;_animation&quot;:&quot;fadeInRight&quot;}\" data-widget_type=\"eael-team-member.default\">\n\t\t\t\t<div class=\"elementor-widget-container\">\n\t\t\t\t\t\n\n\t<div id=\"eael-team-member-6769dc3\" class=\"eael-team-item eael-team-members-simple \">\n\t\t<div class=\"eael-team-item-inner\">\n\t\t\t<div class=\"eael-team-image\">\n\t\t\t\t<figure>\n\t\t\t\t\t\t\t\t\t\t<img decoding=\"async\" src=\"https:\/\/i0.wp.com\/cepas.ufc.br\/wp-content\/uploads\/2024\/10\/Image_Placeholder-about.jpeg?fit=683%2C600&#038;ssl=1\" alt=\"\">\n\t\t\t\t\t\t\t\t\t<\/figure>\n\t\t\t\t\n\t\t\t\t\n\t\t\t<\/div>\n\n\t\t\t<div class=\"eael-team-content\">\n\t\t\t\t<h2 class=\"eael-team-member-name\">Celme Torres Ferreira da Costa<\/h2><h3 class=\"eael-team-member-position\"><\/h3>\n\t\t\t\t\t\t\t\t\t\t\t\t\t\t<p class=\"eael-team-text\"><\/p>\n\t\t\t\t\t\t\t<\/div>\n\t\t<\/div>\n\t<\/div>\n\t\t\t\t\t<\/div>\n\t\t\t\t<\/div>\n\t\t\t\t<div class=\"elementor-element elementor-element-7d126bb eael-team-align-centered elementor-invisible elementor-widget elementor-widget-eael-team-member\" data-id=\"7d126bb\" data-element_type=\"widget\" data-e-type=\"widget\" data-settings=\"{&quot;_animation&quot;:&quot;fadeInRight&quot;}\" data-widget_type=\"eael-team-member.default\">\n\t\t\t\t<div class=\"elementor-widget-container\">\n\t\t\t\t\t\n\n\t<div id=\"eael-team-member-7d126bb\" class=\"eael-team-item eael-team-members-simple \">\n\t\t<div class=\"eael-team-item-inner\">\n\t\t\t<div class=\"eael-team-image\">\n\t\t\t\t<figure>\n\t\t\t\t\t\t\t\t\t\t<img decoding=\"async\" src=\"https:\/\/i0.wp.com\/cepas.ufc.br\/wp-content\/uploads\/2024\/10\/Image_Placeholder-about.jpeg?fit=683%2C600&#038;ssl=1\" alt=\"\">\n\t\t\t\t\t\t\t\t\t<\/figure>\n\t\t\t\t\n\t\t\t\t\n\t\t\t<\/div>\n\n\t\t\t<div class=\"eael-team-content\">\n\t\t\t\t<h2 class=\"eael-team-member-name\">Amanda Rodrigues Costa<\/h2><h3 class=\"eael-team-member-position\"><\/h3>\n\t\t\t\t\t\t\t\t\t\t\t\t\t\t<p class=\"eael-team-text\"><\/p>\n\t\t\t\t\t\t\t<\/div>\n\t\t<\/div>\n\t<\/div>\n\t\t\t\t\t<\/div>\n\t\t\t\t<\/div>\n\t\t\t\t<div class=\"elementor-element elementor-element-42c2cec eael-team-align-centered elementor-invisible elementor-widget elementor-widget-eael-team-member\" data-id=\"42c2cec\" data-element_type=\"widget\" data-e-type=\"widget\" data-settings=\"{&quot;_animation&quot;:&quot;fadeInRight&quot;}\" data-widget_type=\"eael-team-member.default\">\n\t\t\t\t<div class=\"elementor-widget-container\">\n\t\t\t\t\t\n\n\t<div id=\"eael-team-member-42c2cec\" class=\"eael-team-item eael-team-members-simple \">\n\t\t<div class=\"eael-team-item-inner\">\n\t\t\t<div class=\"eael-team-image\">\n\t\t\t\t<figure>\n\t\t\t\t\t\t\t\t\t\t<img decoding=\"async\" src=\"https:\/\/i0.wp.com\/cepas.ufc.br\/wp-content\/uploads\/2024\/10\/Image_Placeholder-about.jpeg?fit=683%2C600&#038;ssl=1\" alt=\"\">\n\t\t\t\t\t\t\t\t\t<\/figure>\n\t\t\t\t\n\t\t\t\t\n\t\t\t<\/div>\n\n\t\t\t<div class=\"eael-team-content\">\n\t\t\t\t<h2 class=\"eael-team-member-name\">Lucas Falc\u00e3o Muniz<\/h2><h3 class=\"eael-team-member-position\"><\/h3>\n\t\t\t\t\t\t\t\t\t\t\t\t\t\t<p class=\"eael-team-text\"><\/p>\n\t\t\t\t\t\t\t<\/div>\n\t\t<\/div>\n\t<\/div>\n\t\t\t\t\t<\/div>\n\t\t\t\t<\/div>\n\t\t\t\t<div class=\"elementor-element elementor-element-336e394 eael-team-align-centered elementor-invisible elementor-widget elementor-widget-eael-team-member\" data-id=\"336e394\" data-element_type=\"widget\" data-e-type=\"widget\" data-settings=\"{&quot;_animation&quot;:&quot;fadeInRight&quot;}\" data-widget_type=\"eael-team-member.default\">\n\t\t\t\t<div class=\"elementor-widget-container\">\n\t\t\t\t\t\n\n\t<div id=\"eael-team-member-336e394\" class=\"eael-team-item eael-team-members-simple \">\n\t\t<div class=\"eael-team-item-inner\">\n\t\t\t<div class=\"eael-team-image\">\n\t\t\t\t<figure>\n\t\t\t\t\t\t\t\t\t\t<img decoding=\"async\" src=\"https:\/\/i0.wp.com\/cepas.ufc.br\/wp-content\/uploads\/2024\/10\/Image_Placeholder-about.jpeg?fit=683%2C600&#038;ssl=1\" alt=\"\">\n\t\t\t\t\t\t\t\t\t<\/figure>\n\t\t\t\t\n\t\t\t\t\n\t\t\t<\/div>\n\n\t\t\t<div class=\"eael-team-content\">\n\t\t\t\t<h2 class=\"eael-team-member-name\">Gamarra Kelson Souza de Oliveira<\/h2><h3 class=\"eael-team-member-position\"><\/h3>\n\t\t\t\t\t\t\t\t\t\t\t\t\t\t<p class=\"eael-team-text\"><\/p>\n\t\t\t\t\t\t\t<\/div>\n\t\t<\/div>\n\t<\/div>\n\t\t\t\t\t<\/div>\n\t\t\t\t<\/div>\n\t\t\t\t<div class=\"elementor-element elementor-element-5d6aadc eael-team-align-centered elementor-invisible elementor-widget elementor-widget-eael-team-member\" data-id=\"5d6aadc\" data-element_type=\"widget\" data-e-type=\"widget\" data-settings=\"{&quot;_animation&quot;:&quot;fadeInRight&quot;}\" data-widget_type=\"eael-team-member.default\">\n\t\t\t\t<div class=\"elementor-widget-container\">\n\t\t\t\t\t\n\n\t<div id=\"eael-team-member-5d6aadc\" class=\"eael-team-item eael-team-members-simple \">\n\t\t<div class=\"eael-team-item-inner\">\n\t\t\t<div class=\"eael-team-image\">\n\t\t\t\t<figure>\n\t\t\t\t\t\t\t\t\t\t<img decoding=\"async\" src=\"https:\/\/i0.wp.com\/cepas.ufc.br\/wp-content\/uploads\/2024\/10\/Image_Placeholder-about.jpeg?fit=683%2C600&#038;ssl=1\" alt=\"\">\n\t\t\t\t\t\t\t\t\t<\/figure>\n\t\t\t\t\n\t\t\t\t\n\t\t\t<\/div>\n\n\t\t\t<div class=\"eael-team-content\">\n\t\t\t\t<h2 class=\"eael-team-member-name\">Thales Vieira Rocha<\/h2><h3 class=\"eael-team-member-position\"><\/h3>\n\t\t\t\t\t\t\t\t\t\t\t\t\t\t<p class=\"eael-team-text\"><\/p>\n\t\t\t\t\t\t\t<\/div>\n\t\t<\/div>\n\t<\/div>\n\t\t\t\t\t<\/div>\n\t\t\t\t<\/div>\n\t\t\t\t<div class=\"elementor-element elementor-element-c6b0f3b eael-team-align-centered elementor-invisible elementor-widget elementor-widget-eael-team-member\" data-id=\"c6b0f3b\" data-element_type=\"widget\" data-e-type=\"widget\" data-settings=\"{&quot;_animation&quot;:&quot;fadeInRight&quot;}\" data-widget_type=\"eael-team-member.default\">\n\t\t\t\t<div class=\"elementor-widget-container\">\n\t\t\t\t\t\n\n\t<div id=\"eael-team-member-c6b0f3b\" class=\"eael-team-item eael-team-members-simple \">\n\t\t<div class=\"eael-team-item-inner\">\n\t\t\t<div class=\"eael-team-image\">\n\t\t\t\t<figure>\n\t\t\t\t\t\t\t\t\t\t<img decoding=\"async\" src=\"https:\/\/i0.wp.com\/cepas.ufc.br\/wp-content\/uploads\/2024\/10\/Image_Placeholder-about.jpeg?fit=683%2C600&#038;ssl=1\" alt=\"\">\n\t\t\t\t\t\t\t\t\t<\/figure>\n\t\t\t\t\n\t\t\t\t\n\t\t\t<\/div>\n\n\t\t\t<div class=\"eael-team-content\">\n\t\t\t\t<h2 class=\"eael-team-member-name\">Virz\u00e2ngela Paula Sandy Mendes<\/h2><h3 class=\"eael-team-member-position\"><\/h3>\n\t\t\t\t\t\t\t\t\t\t\t\t\t\t<p class=\"eael-team-text\"><\/p>\n\t\t\t\t\t\t\t<\/div>\n\t\t<\/div>\n\t<\/div>\n\t\t\t\t\t<\/div>\n\t\t\t\t<\/div>\n\t\t\t\t\t<\/div>\n\t\t<\/div>\n\t\t\t\t\t<\/div>\n\t\t<\/section>\n\t\t\t\t<div class=\"elementor-element elementor-element-dd2b601 elementor-widget elementor-widget-heading\" data-id=\"dd2b601\" data-element_type=\"widget\" data-e-type=\"widget\" data-widget_type=\"heading.default\">\n\t\t\t\t<div class=\"elementor-widget-container\">\n\t\t\t\t\t<h2 class=\"elementor-heading-title elementor-size-default\">COGERH\n<\/h2>\t\t\t\t<\/div>\n\t\t\t\t<\/div>\n\t\t\t\t<section class=\"elementor-section elementor-inner-section elementor-element elementor-element-d34a7ad elementor-section-boxed elementor-section-height-default elementor-section-height-default wpr-particle-no wpr-jarallax-no wpr-parallax-no wpr-sticky-section-no wpr-equal-height-no\" data-id=\"d34a7ad\" data-element_type=\"section\" data-e-type=\"section\">\n\t\t\t\t\t\t<div class=\"elementor-container elementor-column-gap-no\">\n\t\t\t\t\t<div class=\"elementor-column elementor-col-50 elementor-inner-column elementor-element elementor-element-6b95acc\" data-id=\"6b95acc\" data-element_type=\"column\" data-e-type=\"column\">\n\t\t\t<div class=\"elementor-widget-wrap elementor-element-populated\">\n\t\t\t\t\t\t<div class=\"elementor-element elementor-element-ae7c4e2 eael-team-align-centered elementor-invisible elementor-widget elementor-widget-eael-team-member\" data-id=\"ae7c4e2\" data-element_type=\"widget\" data-e-type=\"widget\" data-settings=\"{&quot;_animation&quot;:&quot;fadeInRight&quot;}\" data-widget_type=\"eael-team-member.default\">\n\t\t\t\t<div class=\"elementor-widget-container\">\n\t\t\t\t\t\n\n\t<div id=\"eael-team-member-ae7c4e2\" class=\"eael-team-item eael-team-members-simple \">\n\t\t<div class=\"eael-team-item-inner\">\n\t\t\t<div class=\"eael-team-image\">\n\t\t\t\t<figure>\n\t\t\t\t\t\t\t\t\t\t<img decoding=\"async\" src=\"https:\/\/i0.wp.com\/cepas.ufc.br\/wp-content\/uploads\/2024\/10\/Image_Placeholder-about.jpeg?fit=683%2C600&#038;ssl=1\" alt=\"\">\n\t\t\t\t\t\t\t\t\t<\/figure>\n\t\t\t\t\n\t\t\t\t\n\t\t\t<\/div>\n\n\t\t\t<div class=\"eael-team-content\">\n\t\t\t\t<h2 class=\"eael-team-member-name\">Ana Christine de Ara\u00fajo Campos<\/h2><h3 class=\"eael-team-member-position\"><\/h3>\n\t\t\t\t\t\t\t\t\t\t\t\t\t\t<p class=\"eael-team-text\"><\/p>\n\t\t\t\t\t\t\t<\/div>\n\t\t<\/div>\n\t<\/div>\n\t\t\t\t\t<\/div>\n\t\t\t\t<\/div>\n\t\t\t\t<div class=\"elementor-element elementor-element-a3a2f2c eael-team-align-centered elementor-invisible elementor-widget elementor-widget-eael-team-member\" data-id=\"a3a2f2c\" data-element_type=\"widget\" data-e-type=\"widget\" data-settings=\"{&quot;_animation&quot;:&quot;fadeInRight&quot;}\" data-widget_type=\"eael-team-member.default\">\n\t\t\t\t<div class=\"elementor-widget-container\">\n\t\t\t\t\t\n\n\t<div id=\"eael-team-member-a3a2f2c\" class=\"eael-team-item eael-team-members-simple \">\n\t\t<div class=\"eael-team-item-inner\">\n\t\t\t<div class=\"eael-team-image\">\n\t\t\t\t<figure>\n\t\t\t\t\t\t\t\t\t\t<img decoding=\"async\" src=\"https:\/\/i0.wp.com\/cepas.ufc.br\/wp-content\/uploads\/2024\/10\/Image_Placeholder-about.jpeg?fit=683%2C600&#038;ssl=1\" alt=\"\">\n\t\t\t\t\t\t\t\t\t<\/figure>\n\t\t\t\t\n\t\t\t\t\n\t\t\t<\/div>\n\n\t\t\t<div class=\"eael-team-content\">\n\t\t\t\t<h2 class=\"eael-team-member-name\">Clara de Assis Jer\u00f4nimo Sales<\/h2><h3 class=\"eael-team-member-position\"><\/h3>\n\t\t\t\t\t\t\t\t\t\t\t\t\t\t<p class=\"eael-team-text\"><\/p>\n\t\t\t\t\t\t\t<\/div>\n\t\t<\/div>\n\t<\/div>\n\t\t\t\t\t<\/div>\n\t\t\t\t<\/div>\n\t\t\t\t<div class=\"elementor-element elementor-element-a4c19b5 eael-team-align-centered elementor-invisible elementor-widget elementor-widget-eael-team-member\" data-id=\"a4c19b5\" data-element_type=\"widget\" data-e-type=\"widget\" data-settings=\"{&quot;_animation&quot;:&quot;fadeInRight&quot;}\" data-widget_type=\"eael-team-member.default\">\n\t\t\t\t<div class=\"elementor-widget-container\">\n\t\t\t\t\t\n\n\t<div id=\"eael-team-member-a4c19b5\" class=\"eael-team-item eael-team-members-simple \">\n\t\t<div class=\"eael-team-item-inner\">\n\t\t\t<div class=\"eael-team-image\">\n\t\t\t\t<figure>\n\t\t\t\t\t\t\t\t\t\t<img decoding=\"async\" src=\"https:\/\/i0.wp.com\/cepas.ufc.br\/wp-content\/uploads\/2024\/10\/Image_Placeholder-about.jpeg?fit=683%2C600&#038;ssl=1\" alt=\"\">\n\t\t\t\t\t\t\t\t\t<\/figure>\n\t\t\t\t\n\t\t\t\t\n\t\t\t<\/div>\n\n\t\t\t<div class=\"eael-team-content\">\n\t\t\t\t<h2 class=\"eael-team-member-name\">Davi Martins Pereira<\/h2><h3 class=\"eael-team-member-position\"><\/h3>\n\t\t\t\t\t\t\t\t\t\t\t\t\t\t<p class=\"eael-team-text\"><\/p>\n\t\t\t\t\t\t\t<\/div>\n\t\t<\/div>\n\t<\/div>\n\t\t\t\t\t<\/div>\n\t\t\t\t<\/div>\n\t\t\t\t<div class=\"elementor-element elementor-element-b470cb6 eael-team-align-centered elementor-invisible elementor-widget elementor-widget-eael-team-member\" data-id=\"b470cb6\" data-element_type=\"widget\" data-e-type=\"widget\" data-settings=\"{&quot;_animation&quot;:&quot;fadeInRight&quot;}\" data-widget_type=\"eael-team-member.default\">\n\t\t\t\t<div class=\"elementor-widget-container\">\n\t\t\t\t\t\n\n\t<div id=\"eael-team-member-b470cb6\" class=\"eael-team-item eael-team-members-simple \">\n\t\t<div class=\"eael-team-item-inner\">\n\t\t\t<div class=\"eael-team-image\">\n\t\t\t\t<figure>\n\t\t\t\t\t\t\t\t\t\t<img decoding=\"async\" src=\"https:\/\/i0.wp.com\/cepas.ufc.br\/wp-content\/uploads\/2024\/10\/Image_Placeholder-about.jpeg?fit=683%2C600&#038;ssl=1\" alt=\"\">\n\t\t\t\t\t\t\t\t\t<\/figure>\n\t\t\t\t\n\t\t\t\t\n\t\t\t<\/div>\n\n\t\t\t<div class=\"eael-team-content\">\n\t\t\t\t<h2 class=\"eael-team-member-name\">Henrique Silvestre Mendes<\/h2><h3 class=\"eael-team-member-position\"><\/h3>\n\t\t\t\t\t\t\t\t\t\t\t\t\t\t<p class=\"eael-team-text\"><\/p>\n\t\t\t\t\t\t\t<\/div>\n\t\t<\/div>\n\t<\/div>\n\t\t\t\t\t<\/div>\n\t\t\t\t<\/div>\n\t\t\t\t<div class=\"elementor-element elementor-element-b90dd15 eael-team-align-centered elementor-invisible elementor-widget elementor-widget-eael-team-member\" data-id=\"b90dd15\" data-element_type=\"widget\" data-e-type=\"widget\" data-settings=\"{&quot;_animation&quot;:&quot;fadeInRight&quot;}\" data-widget_type=\"eael-team-member.default\">\n\t\t\t\t<div class=\"elementor-widget-container\">\n\t\t\t\t\t\n\n\t<div id=\"eael-team-member-b90dd15\" class=\"eael-team-item eael-team-members-simple \">\n\t\t<div class=\"eael-team-item-inner\">\n\t\t\t<div class=\"eael-team-image\">\n\t\t\t\t<figure>\n\t\t\t\t\t\t\t\t\t\t<img decoding=\"async\" src=\"https:\/\/i0.wp.com\/cepas.ufc.br\/wp-content\/uploads\/2024\/10\/Image_Placeholder-about.jpeg?fit=683%2C600&#038;ssl=1\" alt=\"\">\n\t\t\t\t\t\t\t\t\t<\/figure>\n\t\t\t\t\n\t\t\t\t\n\t\t\t<\/div>\n\n\t\t\t<div class=\"eael-team-content\">\n\t\t\t\t<h2 class=\"eael-team-member-name\">Mateus Perdig\u00e3o de Oliveira<\/h2><h3 class=\"eael-team-member-position\"><\/h3>\n\t\t\t\t\t\t\t\t\t\t\t\t\t\t<p class=\"eael-team-text\"><\/p>\n\t\t\t\t\t\t\t<\/div>\n\t\t<\/div>\n\t<\/div>\n\t\t\t\t\t<\/div>\n\t\t\t\t<\/div>\n\t\t\t\t<div class=\"elementor-element elementor-element-c180a79 eael-team-align-centered elementor-invisible elementor-widget elementor-widget-eael-team-member\" data-id=\"c180a79\" data-element_type=\"widget\" data-e-type=\"widget\" data-settings=\"{&quot;_animation&quot;:&quot;fadeInRight&quot;}\" data-widget_type=\"eael-team-member.default\">\n\t\t\t\t<div class=\"elementor-widget-container\">\n\t\t\t\t\t\n\n\t<div id=\"eael-team-member-c180a79\" class=\"eael-team-item eael-team-members-simple \">\n\t\t<div class=\"eael-team-item-inner\">\n\t\t\t<div class=\"eael-team-image\">\n\t\t\t\t<figure>\n\t\t\t\t\t\t\t\t\t\t<img decoding=\"async\" src=\"https:\/\/i0.wp.com\/cepas.ufc.br\/wp-content\/uploads\/2024\/10\/Image_Placeholder-about.jpeg?fit=683%2C600&#038;ssl=1\" alt=\"\">\n\t\t\t\t\t\t\t\t\t<\/figure>\n\t\t\t\t\n\t\t\t\t\n\t\t\t<\/div>\n\n\t\t\t<div class=\"eael-team-content\">\n\t\t\t\t<h2 class=\"eael-team-member-name\">Zulene Almada Teixeira<\/h2><h3 class=\"eael-team-member-position\"><\/h3>\n\t\t\t\t\t\t\t\t\t\t\t\t\t\t<p class=\"eael-team-text\"><\/p>\n\t\t\t\t\t\t\t<\/div>\n\t\t<\/div>\n\t<\/div>\n\t\t\t\t\t<\/div>\n\t\t\t\t<\/div>\n\t\t\t\t\t<\/div>\n\t\t<\/div>\n\t\t\t\t<div class=\"elementor-column elementor-col-50 elementor-inner-column elementor-element elementor-element-a0dc614\" data-id=\"a0dc614\" data-element_type=\"column\" data-e-type=\"column\" data-settings=\"{&quot;background_background&quot;:&quot;classic&quot;}\">\n\t\t\t<div class=\"elementor-widget-wrap elementor-element-populated\">\n\t\t\t\t\t\t<div class=\"elementor-element elementor-element-42219e4 eael-team-align-centered elementor-invisible elementor-widget elementor-widget-eael-team-member\" data-id=\"42219e4\" data-element_type=\"widget\" data-e-type=\"widget\" data-settings=\"{&quot;_animation&quot;:&quot;fadeInRight&quot;}\" data-widget_type=\"eael-team-member.default\">\n\t\t\t\t<div class=\"elementor-widget-container\">\n\t\t\t\t\t\n\n\t<div id=\"eael-team-member-42219e4\" class=\"eael-team-item eael-team-members-simple \">\n\t\t<div class=\"eael-team-item-inner\">\n\t\t\t<div class=\"eael-team-image\">\n\t\t\t\t<figure>\n\t\t\t\t\t\t\t\t\t\t<img decoding=\"async\" src=\"https:\/\/i0.wp.com\/cepas.ufc.br\/wp-content\/uploads\/2024\/10\/Image_Placeholder-about.jpeg?fit=683%2C600&#038;ssl=1\" alt=\"\">\n\t\t\t\t\t\t\t\t\t<\/figure>\n\t\t\t\t\n\t\t\t\t\n\t\t\t<\/div>\n\n\t\t\t<div class=\"eael-team-content\">\n\t\t\t\t<h2 class=\"eael-team-member-name\">Claire Anne Viana de Sousa<\/h2><h3 class=\"eael-team-member-position\"><\/h3>\n\t\t\t\t\t\t\t\t\t\t\t\t\t\t<p class=\"eael-team-text\"><\/p>\n\t\t\t\t\t\t\t<\/div>\n\t\t<\/div>\n\t<\/div>\n\t\t\t\t\t<\/div>\n\t\t\t\t<\/div>\n\t\t\t\t<div class=\"elementor-element elementor-element-a625ee8 eael-team-align-centered elementor-invisible elementor-widget elementor-widget-eael-team-member\" data-id=\"a625ee8\" data-element_type=\"widget\" data-e-type=\"widget\" data-settings=\"{&quot;_animation&quot;:&quot;fadeInRight&quot;}\" data-widget_type=\"eael-team-member.default\">\n\t\t\t\t<div class=\"elementor-widget-container\">\n\t\t\t\t\t\n\n\t<div id=\"eael-team-member-a625ee8\" class=\"eael-team-item eael-team-members-simple \">\n\t\t<div class=\"eael-team-item-inner\">\n\t\t\t<div class=\"eael-team-image\">\n\t\t\t\t<figure>\n\t\t\t\t\t\t\t\t\t\t<img decoding=\"async\" src=\"https:\/\/i0.wp.com\/cepas.ufc.br\/wp-content\/uploads\/2024\/10\/Image_Placeholder-about.jpeg?fit=683%2C600&#038;ssl=1\" alt=\"\">\n\t\t\t\t\t\t\t\t\t<\/figure>\n\t\t\t\t\n\t\t\t\t\n\t\t\t<\/div>\n\n\t\t\t<div class=\"eael-team-content\">\n\t\t\t\t<h2 class=\"eael-team-member-name\">Itamara Mary Leite de Menezes Taveira<\/h2><h3 class=\"eael-team-member-position\"><\/h3>\n\t\t\t\t\t\t\t\t\t\t\t\t\t\t<p class=\"eael-team-text\"><\/p>\n\t\t\t\t\t\t\t<\/div>\n\t\t<\/div>\n\t<\/div>\n\t\t\t\t\t<\/div>\n\t\t\t\t<\/div>\n\t\t\t\t<div class=\"elementor-element elementor-element-ef692a1 eael-team-align-centered elementor-invisible elementor-widget elementor-widget-eael-team-member\" data-id=\"ef692a1\" data-element_type=\"widget\" data-e-type=\"widget\" data-settings=\"{&quot;_animation&quot;:&quot;fadeInRight&quot;}\" data-widget_type=\"eael-team-member.default\">\n\t\t\t\t<div class=\"elementor-widget-container\">\n\t\t\t\t\t\n\n\t<div id=\"eael-team-member-ef692a1\" class=\"eael-team-item eael-team-members-simple \">\n\t\t<div class=\"eael-team-item-inner\">\n\t\t\t<div class=\"eael-team-image\">\n\t\t\t\t<figure>\n\t\t\t\t\t\t\t\t\t\t<img decoding=\"async\" src=\"https:\/\/i0.wp.com\/cepas.ufc.br\/wp-content\/uploads\/2024\/10\/Image_Placeholder-about.jpeg?fit=683%2C600&#038;ssl=1\" alt=\"\">\n\t\t\t\t\t\t\t\t\t<\/figure>\n\t\t\t\t\n\t\t\t\t\n\t\t\t<\/div>\n\n\t\t\t<div class=\"eael-team-content\">\n\t\t\t\t<h2 class=\"eael-team-member-name\">Edecarlos Rulim de Souza<\/h2><h3 class=\"eael-team-member-position\"><\/h3>\n\t\t\t\t\t\t\t\t\t\t\t\t\t\t<p class=\"eael-team-text\"><\/p>\n\t\t\t\t\t\t\t<\/div>\n\t\t<\/div>\n\t<\/div>\n\t\t\t\t\t<\/div>\n\t\t\t\t<\/div>\n\t\t\t\t<div class=\"elementor-element elementor-element-b9070de eael-team-align-centered elementor-invisible elementor-widget elementor-widget-eael-team-member\" data-id=\"b9070de\" data-element_type=\"widget\" data-e-type=\"widget\" data-settings=\"{&quot;_animation&quot;:&quot;fadeInRight&quot;}\" data-widget_type=\"eael-team-member.default\">\n\t\t\t\t<div class=\"elementor-widget-container\">\n\t\t\t\t\t\n\n\t<div id=\"eael-team-member-b9070de\" class=\"eael-team-item eael-team-members-simple \">\n\t\t<div class=\"eael-team-item-inner\">\n\t\t\t<div class=\"eael-team-image\">\n\t\t\t\t<figure>\n\t\t\t\t\t\t\t\t\t\t<img decoding=\"async\" src=\"https:\/\/i0.wp.com\/cepas.ufc.br\/wp-content\/uploads\/2024\/10\/Image_Placeholder-about.jpeg?fit=683%2C600&#038;ssl=1\" alt=\"\">\n\t\t\t\t\t\t\t\t\t<\/figure>\n\t\t\t\t\n\t\t\t\t\n\t\t\t<\/div>\n\n\t\t\t<div class=\"eael-team-content\">\n\t\t\t\t<h2 class=\"eael-team-member-name\">Renata Vinhas Cruz<\/h2><h3 class=\"eael-team-member-position\"><\/h3>\n\t\t\t\t\t\t\t\t\t\t\t\t\t\t<p class=\"eael-team-text\"><\/p>\n\t\t\t\t\t\t\t<\/div>\n\t\t<\/div>\n\t<\/div>\n\t\t\t\t\t<\/div>\n\t\t\t\t<\/div>\n\t\t\t\t<div class=\"elementor-element elementor-element-978d938 eael-team-align-centered elementor-invisible elementor-widget elementor-widget-eael-team-member\" data-id=\"978d938\" data-element_type=\"widget\" data-e-type=\"widget\" data-settings=\"{&quot;_animation&quot;:&quot;fadeInRight&quot;}\" data-widget_type=\"eael-team-member.default\">\n\t\t\t\t<div class=\"elementor-widget-container\">\n\t\t\t\t\t\n\n\t<div id=\"eael-team-member-978d938\" class=\"eael-team-item eael-team-members-simple \">\n\t\t<div class=\"eael-team-item-inner\">\n\t\t\t<div class=\"eael-team-image\">\n\t\t\t\t<figure>\n\t\t\t\t\t\t\t\t\t\t<img decoding=\"async\" src=\"https:\/\/i0.wp.com\/cepas.ufc.br\/wp-content\/uploads\/2024\/10\/Image_Placeholder-about.jpeg?fit=683%2C600&#038;ssl=1\" alt=\"\">\n\t\t\t\t\t\t\t\t\t<\/figure>\n\t\t\t\t\n\t\t\t\t\n\t\t\t<\/div>\n\n\t\t\t<div class=\"eael-team-content\">\n\t\t\t\t<h2 class=\"eael-team-member-name\">Micaella da Silva Teixeira Rodrigues<\/h2><h3 class=\"eael-team-member-position\"><\/h3>\n\t\t\t\t\t\t\t\t\t\t\t\t\t\t<p class=\"eael-team-text\"><\/p>\n\t\t\t\t\t\t\t<\/div>\n\t\t<\/div>\n\t<\/div>\n\t\t\t\t\t<\/div>\n\t\t\t\t<\/div>\n\t\t\t\t\t<\/div>\n\t\t<\/div>\n\t\t\t\t\t<\/div>\n\t\t<\/section>\n\t\t\t\t\t<\/div>\n\t\t<\/div>\n\t\t\t\t\t<\/div>\n\t\t<\/section>\n\t\t\t\t<\/div>\n\t\t","protected":false},"excerpt":{"rendered":"<p>Planos de Recursos H\u00eddricos das Regi\u00f5es Hidrogr\u00e1ficas\u00a0do\u00a0Cear\u00e1 O Programa Cientista Chefe \u2013 Recursos H\u00eddricos, idealizado pela FUNCAP (Funda\u00e7\u00e3o Cearense de Desenvolvimento Cient\u00edfico e Tecnol\u00f3gico), prev\u00ea a elabora\u00e7\u00e3o e atualiza\u00e7\u00e3o dos Planos de Recursos H\u00eddricos das 12 regi\u00f5es hidrogr\u00e1ficas do Estado do Cear\u00e1. Os planos t\u00eam por finalidade orientar a implementa\u00e7\u00e3o da Pol\u00edtica Estadual de Recursos H\u00eddricos nos aspectos quantitativos e qualitativos dos usos das \u00e1guas. Os planos correspondem a um dos instrumentos de gest\u00e3o previstos nas legisla\u00e7\u00f5es nacional e estadual de recursos h\u00eddricos. Eles cont\u00eam caracter\u00edsticas f\u00edsicas, socioecon\u00f4micas e ambientais das bacias hidrogr\u00e1ficas e definem as a\u00e7\u00f5es acerca dos recursos h\u00eddricos, como gest\u00e3o, projetos, programas e investimentos. S\u00e3o elaborados, ou atualizados, visando uma a\u00e7\u00e3o a m\u00e9dio e longo prazos e s\u00e3o compat\u00edveis com o planejamento da regi\u00e3o, ao auxiliar na implementa\u00e7\u00e3o de programas e projetos. As a\u00e7\u00f5es e estrat\u00e9gias s\u00e3o propostas a fim de proporcionar a melhoria da seguran\u00e7a h\u00eddrica e a diminui\u00e7\u00e3o da ocorr\u00eancia de conflitos pelo uso dos recursos h\u00eddricos. A base que comp\u00f5e os planos prop\u00f5e a an\u00e1lise de elementos como a avalia\u00e7\u00e3o das secas e cheias, o levantamento de informa\u00e7\u00f5es sobre a estrutura da demanda h\u00eddrica e sobre as quest\u00f5es relacionadas ao saneamento ambiental, o entendimento de problemas ambientais, como o assoreamento dos reservat\u00f3rios, os desmatamentos nas \u00c1reas de Preserva\u00e7\u00e3o Permanente (APP), o crescimento desordenado de comunidades e n\u00facleos urbanos e as ocupa\u00e7\u00f5es irregulares. A constru\u00e7\u00e3o do plano une dois fundamentos: produ\u00e7\u00e3o de informa\u00e7\u00e3o t\u00e9cnica sobre as bacias, vinculada \u00e0 articula\u00e7\u00e3o pol\u00edtica junto aos Comit\u00eas de Bacia (CBH) de cada regi\u00e3o e sua participa\u00e7\u00e3o ativa nas tomadas de decis\u00f5es acerca dos planos. Desse modo, integram-se nos princ\u00edpios de descentraliza\u00e7\u00e3o e participa\u00e7\u00e3o previstos na legisla\u00e7\u00e3o de recursos h\u00eddricos. Relat\u00f3rios Confira aqui os relat\u00f3rios elaborados ao longo do projeto. \u00a0\u00a0 Plano de Recursos H\u00eddricos da Regi\u00e3o do Curu Iniciando o Di\u00e1logo na Regi\u00e3o Hidrogr\u00e1fica do Curu Programas e A\u00e7\u00f5es da Regi\u00e3o Hidrogr\u00e1fica do Curu Diagn\u00f3stico da Regi\u00e3o Hidrogr\u00e1fica do Curu Progn\u00f3stico da Regi\u00e3o Hidrogr\u00e1fica do Curu Plano de Recursos H\u00eddricos da Regi\u00e3o do Corea\u00fa Iniciando o Di\u00e1logo na Regi\u00e3o Hidrogr\u00e1fica do Corea\u00fa Programas e A\u00e7\u00f5es da Regi\u00e3o Hidrogr\u00e1fica do Corea\u00fa Diagn\u00f3stico da Regi\u00e3o Hidrogr\u00e1fica do Corea\u00fa Progn\u00f3stico da Regi\u00e3o Hidrogr\u00e1fica do Corea\u00fa Plano de Recursos H\u00eddricos da Regi\u00e3o dos Sert\u00f5es de Crate\u00fas Iniciando o Di\u00e1logo na Regi\u00e3o Hidrogr\u00e1fica dos Sert\u00f5es de Crate\u00fas Programas e A\u00e7\u00f5es da Regi\u00e3o Hidrogr\u00e1fica dos Sert\u00f5es de Crate\u00fas Diagn\u00f3stico da Regi\u00e3o Hidrogr\u00e1fica dos Sert\u00f5es de Crate\u00fas Progn\u00f3stico da Regi\u00e3o Hidrogr\u00e1fica dos Sert\u00f5es de Crate\u00fas Plano de Recursos H\u00eddricos da Regi\u00e3o Hidrogr\u00e1fica da Serra da Ibiapaba Iniciando o Di\u00e1logo na Regi\u00e3o Hidrogr\u00e1fica da Serra da Ibiapaba Programas e A\u00e7\u00f5es da Regi\u00e3o Hidrogr\u00e1fica da Serra da Ibiapaba Diagn\u00f3stico da Regi\u00e3o Hidrogr\u00e1fica da Serra da Ibiapaba Progn\u00f3stico da Regi\u00e3o Hidrogr\u00e1fica da Serra da Ibiapaba Plano de Recursos H\u00eddricos da Regi\u00e3o Hidrogr\u00e1fica do Acara\u00fa Iniciando o Di\u00e1logo na Regi\u00e3o Hidrogr\u00e1fica do Acara\u00fa Diagn\u00f3stico da Regi\u00e3o Hidrogr\u00e1fica do Acara\u00fa Progn\u00f3stico da Regi\u00e3o Hidrogr\u00e1fica do Acara\u00fa Plano de Recursos H\u00eddricos da Regi\u00e3o Hidrogr\u00e1fica do Litoral Iniciando o Di\u00e1logo na Regi\u00e3o Hidrogr\u00e1fica do Litoral Programas e A\u00e7\u00f5es da Regi\u00e3o Hidrogr\u00e1fica do Litoral Diagn\u00f3stico da Regi\u00e3o Hidrogr\u00e1fica do Litoral Progn\u00f3stico da Regi\u00e3o Hidrogr\u00e1fica do Litoral Plano de Recursos H\u00eddricos da Regi\u00e3o Hidrogr\u00e1fica do Rio Salgado Iniciando o Di\u00e1logo na Regi\u00e3o Hidrogr\u00e1fica do Rio Salgado Programas e A\u00e7\u00f5es da Regi\u00e3o Hidrogr\u00e1fica do Rio Salgado Diagn\u00f3stico da Regi\u00e3o Hidrogr\u00e1fica do Rio Salgado Progn\u00f3stico da Regi\u00e3o Hidrogr\u00e1fica do Rio Salgado Plano de Recursos H\u00eddricos da Regi\u00e3o Hidrogr\u00e1fica do Alto Jaguaribe Iniciando o Di\u00e1logo na Regi\u00e3o Hidrogr\u00e1fica do Alto Jaguaribe Programas e A\u00e7\u00f5es da Regi\u00e3o Hidrogr\u00e1fica do Alto Jaguaribe Diagn\u00f3stico na Regi\u00e3o Hidrogr\u00e1fica do Alto Jaguaribe Progn\u00f3stico da Regi\u00e3o Hidrogr\u00e1fica do Alto Jaguaribe Plano de Recursos H\u00eddricos da Regi\u00e3o Hidrogr\u00e1fica do Rio Banabui\u00fa Iniciando o Di\u00e1logo na Regi\u00e3o Hidrogr\u00e1fica do Rio Banabui\u00fa Programas e A\u00e7\u00f5es da Regi\u00e3o Hidrogr\u00e1fica do Rio Banabui\u00fa Diagn\u00f3stico da Regi\u00e3o Hidrogr\u00e1fica do Rio Banabui\u00fa Progn\u00f3stico da Regi\u00e3o Hidrogr\u00e1fica do Rio Banabui\u00fa Plano de Recursos H\u00eddricos da Regi\u00e3o Hidrogr\u00e1fica do Baixo Jaguaribe Iniciando o Di\u00e1logo na Regi\u00e3o Hidrogr\u00e1fica do Baixo Jaguaribe Programas e A\u00e7\u00f5es da Regi\u00e3o Hidrogr\u00e1fica do Baixo Jaguaribe Diagn\u00f3stico da Regi\u00e3o Hidrogr\u00e1fica do Baixo Jaguaribe Progn\u00f3stico da Regi\u00e3o Hidrogr\u00e1fica do Baixo Jarguaribe Plano de Recursos H\u00eddricos da Regi\u00e3o Hidrogr\u00e1fica do M\u00e9dio Jaguaribe Iniciando o Di\u00e1logo na Regi\u00e3o Hidrogr\u00e1fica do M\u00e9dio Jaguaribe Programas e A\u00e7\u00f5es da Regi\u00e3o Hidrogr\u00e1fica do M\u00e9dio Jaguaribe Diagn\u00f3stico da Regi\u00e3o Hidrogr\u00e1fica do M\u00e9dio Jaguaribe Progn\u00f3stico da Regi\u00e3o Hidrogr\u00e1fica do M\u00e9dio Jaguaribe Plano de Recursos H\u00eddricos da Regi\u00e3o Hidrogr\u00e1fica das Bacias Metropolitanas Iniciando o Di\u00e1logo na Regi\u00e3o Hidrogr\u00e1fica das Bacias Metropolitanas Programas e A\u00e7\u00f5es da Regi\u00e3o Hidrogr\u00e1fica das Bacias Metropolitanas Diagn\u00f3stico da Regi\u00e3o Hidrogr\u00e1fica das Bacias Metropolitanas Progn\u00f3stico da Regi\u00e3o Hidrogr\u00e1fica das Bacias Metropolitanas Equipe Coordena\u00e7\u00e3o Geral Elano Lamartine Le\u00e3o Joca Francisco de Assis de Souza Filho Coordena\u00e7\u00e3o T\u00e9cnica Carla Beatriz Costa de Ara\u00fajo FUNCAP-UFC Sandra Helena Silva de Aquino FUNCAP-UFC Ubirajara Patr\u00edcio Alvares da Silva COGERH Samiria Maria Oliveira da Silva FUNCAP-UFC Ticiana Marinho de Carvalho Studart FUNCAP-UFC FUNCAP-UFC \u00c1lyson Brayner Sousa Est\u00e1cio Andrea Pereira Cysne Camile Miranda Dino Fl\u00e1vio Rodrigues do Nascimento Renata Mendes Luna Victor Costa Porto Celme Torres Ferreira da Costa Amanda Rodrigues Costa Lucas Falc\u00e3o Muniz Gamarra Kelson Souza de Oliveira Thales Vieira Rocha Virz\u00e2ngela Paula Sandy Mendes COGERH Ana Christine de Ara\u00fajo Campos Clara de Assis Jer\u00f4nimo Sales Davi Martins Pereira Henrique Silvestre Mendes Mateus Perdig\u00e3o de Oliveira Zulene Almada Teixeira Claire Anne Viana de Sousa Itamara Mary Leite de Menezes Taveira Edecarlos Rulim de Souza Renata Vinhas Cruz Micaella da Silva Teixeira Rodrigues<\/p>\n","protected":false},"author":1,"featured_media":0,"parent":0,"menu_order":0,"comment_status":"closed","ping_status":"closed","template":"","meta":{"nf_dc_page":"","footnotes":""},"class_list":["post-689","page","type-page","status-publish","hentry"],"jetpack_sharing_enabled":true,"_links":{"self":[{"href":"https:\/\/cepas.ufc.br\/pt_br\/wp-json\/wp\/v2\/pages\/689","targetHints":{"allow":["GET"]}}],"collection":[{"href":"https:\/\/cepas.ufc.br\/pt_br\/wp-json\/wp\/v2\/pages"}],"about":[{"href":"https:\/\/cepas.ufc.br\/pt_br\/wp-json\/wp\/v2\/types\/page"}],"author":[{"embeddable":true,"href":"https:\/\/cepas.ufc.br\/pt_br\/wp-json\/wp\/v2\/users\/1"}],"replies":[{"embeddable":true,"href":"https:\/\/cepas.ufc.br\/pt_br\/wp-json\/wp\/v2\/comments?post=689"}],"version-history":[{"count":5,"href":"https:\/\/cepas.ufc.br\/pt_br\/wp-json\/wp\/v2\/pages\/689\/revisions"}],"predecessor-version":[{"id":1536,"href":"https:\/\/cepas.ufc.br\/pt_br\/wp-json\/wp\/v2\/pages\/689\/revisions\/1536"}],"wp:attachment":[{"href":"https:\/\/cepas.ufc.br\/pt_br\/wp-json\/wp\/v2\/media?parent=689"}],"curies":[{"name":"wp","href":"https:\/\/api.w.org\/{rel}","templated":true}]}}